{"id":14376,"date":"2021-09-27T19:00:36","date_gmt":"2021-09-27T22:00:36","guid":{"rendered":"https:\/\/www.munimacul.cl\/portalnv\/?page_id=14376"},"modified":"2025-11-28T14:08:45","modified_gmt":"2025-11-28T17:08:45","slug":"cosoc-2025","status":"publish","type":"page","link":"https:\/\/www.munimacul.cl\/portalnv\/index.php\/cosoc-2025\/","title":{"rendered":"COSOC 2025"},"content":{"rendered":"\t\t<div data-elementor-type=\"wp-page\" data-elementor-id=\"14376\" class=\"elementor elementor-14376\" data-elementor-post-type=\"page\">\n\t\t\t\t\t\t<section class=\"has_eae_slider elementor-section elementor-top-section elementor-element elementor-element-d7c61c1 elementor-section-full_width elementor-section-height-default elementor-section-height-default\" data-eae-slider=\"20305\" data-id=\"d7c61c1\" data-element_type=\"section\" data-e-type=\"section\">\n\t\t\t\t\t\t<div class=\"elementor-container elementor-column-gap-default\">\n\t\t\t\t\t<div class=\"has_eae_slider elementor-column elementor-col-100 elementor-top-column elementor-element elementor-element-647f840\" data-eae-slider=\"25786\" data-id=\"647f840\" data-element_type=\"column\" data-e-type=\"column\">\n\t\t\t<div class=\"elementor-widget-wrap elementor-element-populated\">\n\t\t\t\t\t\t<div class=\"elementor-element elementor-element-a11c3f8 elementor-widget elementor-widget-image\" data-id=\"a11c3f8\" data-element_type=\"widget\" data-e-type=\"widget\" data-widget_type=\"image.default\">\n\t\t\t\t<div class=\"elementor-widget-container\">\n\t\t\t\t\t\t\t\t\t\t\t\t\t\t\t<img loading=\"lazy\" decoding=\"async\" width=\"1600\" height=\"212\" src=\"https:\/\/www.munimacul.cl\/portalnv\/wp-content\/uploads\/2025\/10\/BANNER-COSOC.jpg\" class=\"attachment-full size-full wp-image-44506\" alt=\"\" srcset=\"https:\/\/www.munimacul.cl\/portalnv\/wp-content\/uploads\/2025\/10\/BANNER-COSOC.jpg 1600w, https:\/\/www.munimacul.cl\/portalnv\/wp-content\/uploads\/2025\/10\/BANNER-COSOC-300x40.jpg 300w, https:\/\/www.munimacul.cl\/portalnv\/wp-content\/uploads\/2025\/10\/BANNER-COSOC-1024x136.jpg 1024w, https:\/\/www.munimacul.cl\/portalnv\/wp-content\/uploads\/2025\/10\/BANNER-COSOC-768x102.jpg 768w, https:\/\/www.munimacul.cl\/portalnv\/wp-content\/uploads\/2025\/10\/BANNER-COSOC-1536x204.jpg 1536w\" sizes=\"auto, (max-width: 1600px) 100vw, 1600px\" \/>\t\t\t\t\t\t\t\t\t\t\t\t\t\t\t<\/div>\n\t\t\t\t<\/div>\n\t\t\t\t\t<\/div>\n\t\t<\/div>\n\t\t\t\t\t<\/div>\n\t\t<\/section>\n\t\t\t\t<section class=\"has_eae_slider elementor-section elementor-top-section elementor-element elementor-element-d444a69 elementor-section-full_width elementor-section-height-default elementor-section-height-default\" data-eae-slider=\"25584\" data-id=\"d444a69\" data-element_type=\"section\" data-e-type=\"section\">\n\t\t\t\t\t\t<div class=\"elementor-container elementor-column-gap-default\">\n\t\t\t\t\t<div class=\"has_eae_slider elementor-column elementor-col-33 elementor-top-column elementor-element elementor-element-feafaf0\" data-eae-slider=\"75620\" data-id=\"feafaf0\" data-element_type=\"column\" data-e-type=\"column\">\n\t\t\t<div class=\"elementor-widget-wrap elementor-element-populated\">\n\t\t\t\t\t\t\t<\/div>\n\t\t<\/div>\n\t\t\t\t<div class=\"has_eae_slider elementor-column elementor-col-33 elementor-top-column elementor-element elementor-element-f287fd1\" data-eae-slider=\"53852\" data-id=\"f287fd1\" data-element_type=\"column\" data-e-type=\"column\" data-settings=\"{&quot;background_background&quot;:&quot;classic&quot;}\">\n\t\t\t<div class=\"elementor-widget-wrap elementor-element-populated\">\n\t\t\t\t\t\t<div class=\"elementor-element elementor-element-d44520c elementor-widget elementor-widget-heading\" data-id=\"d44520c\" data-element_type=\"widget\" data-e-type=\"widget\" data-widget_type=\"heading.default\">\n\t\t\t\t<div class=\"elementor-widget-container\">\n\t\t\t\t\t<h2 class=\"elementor-heading-title elementor-size-default\">\u00bfQU\u00c9 ES EL COSOC?<\/h2>\t\t\t\t<\/div>\n\t\t\t\t<\/div>\n\t\t\t\t\t<\/div>\n\t\t<\/div>\n\t\t\t\t<div class=\"has_eae_slider elementor-column elementor-col-33 elementor-top-column elementor-element elementor-element-4bbe92b\" data-eae-slider=\"10790\" data-id=\"4bbe92b\" data-element_type=\"column\" data-e-type=\"column\">\n\t\t\t<div class=\"elementor-widget-wrap elementor-element-populated\">\n\t\t\t\t\t\t\t<\/div>\n\t\t<\/div>\n\t\t\t\t\t<\/div>\n\t\t<\/section>\n\t\t\t\t<section class=\"has_eae_slider elementor-section elementor-top-section elementor-element elementor-element-070fc34 elementor-section-full_width elementor-section-height-default elementor-section-height-default\" data-eae-slider=\"46545\" data-id=\"070fc34\" data-element_type=\"section\" data-e-type=\"section\">\n\t\t\t\t\t\t<div class=\"elementor-container elementor-column-gap-default\">\n\t\t\t\t\t<div class=\"has_eae_slider elementor-column elementor-col-33 elementor-top-column elementor-element elementor-element-b47aa3a\" data-eae-slider=\"90062\" data-id=\"b47aa3a\" data-element_type=\"column\" data-e-type=\"column\">\n\t\t\t<div class=\"elementor-widget-wrap\">\n\t\t\t\t\t\t\t<\/div>\n\t\t<\/div>\n\t\t\t\t<div class=\"has_eae_slider elementor-column elementor-col-33 elementor-top-column elementor-element elementor-element-f445360\" data-eae-slider=\"88290\" data-id=\"f445360\" data-element_type=\"column\" data-e-type=\"column\">\n\t\t\t<div class=\"elementor-widget-wrap elementor-element-populated\">\n\t\t\t\t\t\t<div class=\"elementor-element elementor-element-8c02b1c elementor-widget elementor-widget-text-editor\" data-id=\"8c02b1c\" data-element_type=\"widget\" data-e-type=\"widget\" data-widget_type=\"text-editor.default\">\n\t\t\t\t<div class=\"elementor-widget-container\">\n\t\t\t\t\t\t\t\t\t<p>El Consejo Comunal de Organizaciones de la Sociedad Civil es un \u00f3rgano de participaci\u00f3n ciudadana de la Municipalidad de Macul y cuyo objetivo es asegurar la colaboraci\u00f3n y participaci\u00f3n de la comunidad local en el progreso econ\u00f3mico, social y cultural de la comuna.<\/p>\t\t\t\t\t\t\t\t<\/div>\n\t\t\t\t<\/div>\n\t\t\t\t\t<\/div>\n\t\t<\/div>\n\t\t\t\t<div class=\"has_eae_slider elementor-column elementor-col-33 elementor-top-column elementor-element elementor-element-0122d02\" data-eae-slider=\"96173\" data-id=\"0122d02\" data-element_type=\"column\" data-e-type=\"column\">\n\t\t\t<div class=\"elementor-widget-wrap\">\n\t\t\t\t\t\t\t<\/div>\n\t\t<\/div>\n\t\t\t\t\t<\/div>\n\t\t<\/section>\n\t\t\t\t<section class=\"has_eae_slider elementor-section elementor-top-section elementor-element elementor-element-b5ff989 elementor-section-full_width elementor-section-height-default elementor-section-height-default\" data-eae-slider=\"19344\" data-id=\"b5ff989\" data-element_type=\"section\" data-e-type=\"section\">\n\t\t\t\t\t\t<div class=\"elementor-container elementor-column-gap-default\">\n\t\t\t\t\t<div class=\"has_eae_slider elementor-column elementor-col-33 elementor-top-column elementor-element elementor-element-d8bbb2d\" data-eae-slider=\"92590\" data-id=\"d8bbb2d\" data-element_type=\"column\" data-e-type=\"column\">\n\t\t\t<div class=\"elementor-widget-wrap elementor-element-populated\">\n\t\t\t\t\t\t\t<\/div>\n\t\t<\/div>\n\t\t\t\t<div class=\"has_eae_slider elementor-column elementor-col-33 elementor-top-column elementor-element elementor-element-17ad006\" data-eae-slider=\"54785\" data-id=\"17ad006\" data-element_type=\"column\" data-e-type=\"column\" data-settings=\"{&quot;background_background&quot;:&quot;classic&quot;}\">\n\t\t\t<div class=\"elementor-widget-wrap elementor-element-populated\">\n\t\t\t\t\t\t<div class=\"elementor-element elementor-element-7c59df2 elementor-widget elementor-widget-heading\" data-id=\"7c59df2\" data-element_type=\"widget\" data-e-type=\"widget\" data-widget_type=\"heading.default\">\n\t\t\t\t<div class=\"elementor-widget-container\">\n\t\t\t\t\t<h2 class=\"elementor-heading-title elementor-size-default\">\u00bfC\u00d3MO SE ELIGEN LOS MIEMBROS DEL COSOC?<\/h2>\t\t\t\t<\/div>\n\t\t\t\t<\/div>\n\t\t\t\t\t<\/div>\n\t\t<\/div>\n\t\t\t\t<div class=\"has_eae_slider elementor-column elementor-col-33 elementor-top-column elementor-element elementor-element-7da0302\" data-eae-slider=\"9706\" data-id=\"7da0302\" data-element_type=\"column\" data-e-type=\"column\">\n\t\t\t<div class=\"elementor-widget-wrap elementor-element-populated\">\n\t\t\t\t\t\t\t<\/div>\n\t\t<\/div>\n\t\t\t\t\t<\/div>\n\t\t<\/section>\n\t\t\t\t<section class=\"has_eae_slider elementor-section elementor-top-section elementor-element elementor-element-10b29e5 elementor-section-full_width elementor-section-height-default elementor-section-height-default\" data-eae-slider=\"83894\" data-id=\"10b29e5\" data-element_type=\"section\" data-e-type=\"section\">\n\t\t\t\t\t\t<div class=\"elementor-container elementor-column-gap-default\">\n\t\t\t\t\t<div class=\"has_eae_slider elementor-column elementor-col-33 elementor-top-column elementor-element elementor-element-cfe3995\" data-eae-slider=\"60522\" data-id=\"cfe3995\" data-element_type=\"column\" data-e-type=\"column\">\n\t\t\t<div class=\"elementor-widget-wrap\">\n\t\t\t\t\t\t\t<\/div>\n\t\t<\/div>\n\t\t\t\t<div class=\"has_eae_slider elementor-column elementor-col-33 elementor-top-column elementor-element elementor-element-acefb4e\" data-eae-slider=\"34574\" data-id=\"acefb4e\" data-element_type=\"column\" data-e-type=\"column\">\n\t\t\t<div class=\"elementor-widget-wrap elementor-element-populated\">\n\t\t\t\t\t\t<div class=\"elementor-element elementor-element-cd1d975 elementor-widget elementor-widget-text-editor\" data-id=\"cd1d975\" data-element_type=\"widget\" data-e-type=\"widget\" data-widget_type=\"text-editor.default\">\n\t\t\t\t<div class=\"elementor-widget-container\">\n\t\t\t\t\t\t\t\t\t<p>El COSOC ser\u00e1 elegido por las organizaciones comunitarias de car\u00e1cter territorial y funcional, y por las organizaciones de inter\u00e9s p\u00fablico de la comuna. Asimismo, y en un porcentaje no superior a la tercera parte del total de sus miembros, podr\u00e1n integrarse a aquellos representantes de asociaciones gremiales y organizaciones sindicales, o de otras actividades relevantes para el desarrollo econ\u00f3mico, social y cultural de Macul.<\/p>\t\t\t\t\t\t\t\t<\/div>\n\t\t\t\t<\/div>\n\t\t\t\t\t<\/div>\n\t\t<\/div>\n\t\t\t\t<div class=\"has_eae_slider elementor-column elementor-col-33 elementor-top-column elementor-element elementor-element-14b16ae\" data-eae-slider=\"92094\" data-id=\"14b16ae\" data-element_type=\"column\" data-e-type=\"column\">\n\t\t\t<div class=\"elementor-widget-wrap\">\n\t\t\t\t\t\t\t<\/div>\n\t\t<\/div>\n\t\t\t\t\t<\/div>\n\t\t<\/section>\n\t\t\t\t<section class=\"has_eae_slider elementor-section elementor-top-section elementor-element elementor-element-538efde elementor-section-full_width elementor-section-height-default elementor-section-height-default\" data-eae-slider=\"64225\" data-id=\"538efde\" data-element_type=\"section\" data-e-type=\"section\">\n\t\t\t\t\t\t<div class=\"elementor-container elementor-column-gap-default\">\n\t\t\t\t\t<div class=\"has_eae_slider elementor-column elementor-col-33 elementor-top-column elementor-element elementor-element-ac2bd0f\" data-eae-slider=\"38323\" data-id=\"ac2bd0f\" data-element_type=\"column\" data-e-type=\"column\">\n\t\t\t<div class=\"elementor-widget-wrap elementor-element-populated\">\n\t\t\t\t\t\t\t<\/div>\n\t\t<\/div>\n\t\t\t\t<div class=\"has_eae_slider elementor-column elementor-col-33 elementor-top-column elementor-element elementor-element-41dce6e\" data-eae-slider=\"29583\" data-id=\"41dce6e\" data-element_type=\"column\" data-e-type=\"column\" data-settings=\"{&quot;background_background&quot;:&quot;classic&quot;}\">\n\t\t\t<div class=\"elementor-widget-wrap elementor-element-populated\">\n\t\t\t\t\t\t<div class=\"elementor-element elementor-element-4e103b2 elementor-widget elementor-widget-heading\" data-id=\"4e103b2\" data-element_type=\"widget\" data-e-type=\"widget\" data-widget_type=\"heading.default\">\n\t\t\t\t<div class=\"elementor-widget-container\">\n\t\t\t\t\t<h2 class=\"elementor-heading-title elementor-size-default\">\u00bfCU\u00c1NTO TIEMPO DURA EL COSOC?<\/h2>\t\t\t\t<\/div>\n\t\t\t\t<\/div>\n\t\t\t\t\t<\/div>\n\t\t<\/div>\n\t\t\t\t<div class=\"has_eae_slider elementor-column elementor-col-33 elementor-top-column elementor-element elementor-element-1c70cc2\" data-eae-slider=\"18150\" data-id=\"1c70cc2\" data-element_type=\"column\" data-e-type=\"column\">\n\t\t\t<div class=\"elementor-widget-wrap elementor-element-populated\">\n\t\t\t\t\t\t\t<\/div>\n\t\t<\/div>\n\t\t\t\t\t<\/div>\n\t\t<\/section>\n\t\t\t\t<section class=\"has_eae_slider elementor-section elementor-top-section elementor-element elementor-element-c475e6c elementor-section-full_width elementor-section-height-default elementor-section-height-default\" data-eae-slider=\"70599\" data-id=\"c475e6c\" data-element_type=\"section\" data-e-type=\"section\">\n\t\t\t\t\t\t<div class=\"elementor-container elementor-column-gap-default\">\n\t\t\t\t\t<div class=\"has_eae_slider elementor-column elementor-col-33 elementor-top-column elementor-element elementor-element-76ad956\" data-eae-slider=\"43490\" data-id=\"76ad956\" data-element_type=\"column\" data-e-type=\"column\">\n\t\t\t<div class=\"elementor-widget-wrap\">\n\t\t\t\t\t\t\t<\/div>\n\t\t<\/div>\n\t\t\t\t<div class=\"has_eae_slider elementor-column elementor-col-33 elementor-top-column elementor-element elementor-element-a8fc803\" data-eae-slider=\"47827\" data-id=\"a8fc803\" data-element_type=\"column\" data-e-type=\"column\">\n\t\t\t<div class=\"elementor-widget-wrap elementor-element-populated\">\n\t\t\t\t\t\t<div class=\"elementor-element elementor-element-9198669 elementor-widget elementor-widget-text-editor\" data-id=\"9198669\" data-element_type=\"widget\" data-e-type=\"widget\" data-widget_type=\"text-editor.default\">\n\t\t\t\t<div class=\"elementor-widget-container\">\n\t\t\t\t\t\t\t\t\t<p>Los Consejeros durar\u00e1n cuatro a\u00f1os en sus funciones.<\/p>\t\t\t\t\t\t\t\t<\/div>\n\t\t\t\t<\/div>\n\t\t\t\t\t<\/div>\n\t\t<\/div>\n\t\t\t\t<div class=\"has_eae_slider elementor-column elementor-col-33 elementor-top-column elementor-element elementor-element-e29c8fb\" data-eae-slider=\"62896\" data-id=\"e29c8fb\" data-element_type=\"column\" data-e-type=\"column\">\n\t\t\t<div class=\"elementor-widget-wrap\">\n\t\t\t\t\t\t\t<\/div>\n\t\t<\/div>\n\t\t\t\t\t<\/div>\n\t\t<\/section>\n\t\t\t\t<section class=\"has_eae_slider elementor-section elementor-top-section elementor-element elementor-element-67ff655 elementor-section-full_width elementor-section-height-default elementor-section-height-default\" data-eae-slider=\"16587\" data-id=\"67ff655\" data-element_type=\"section\" data-e-type=\"section\">\n\t\t\t\t\t\t<div class=\"elementor-container elementor-column-gap-default\">\n\t\t\t\t\t<div class=\"has_eae_slider elementor-column elementor-col-33 elementor-top-column elementor-element elementor-element-aa7f026\" data-eae-slider=\"75159\" data-id=\"aa7f026\" data-element_type=\"column\" data-e-type=\"column\">\n\t\t\t<div class=\"elementor-widget-wrap elementor-element-populated\">\n\t\t\t\t\t\t\t<\/div>\n\t\t<\/div>\n\t\t\t\t<div class=\"has_eae_slider elementor-column elementor-col-33 elementor-top-column elementor-element elementor-element-42292a9\" data-eae-slider=\"26148\" data-id=\"42292a9\" data-element_type=\"column\" data-e-type=\"column\" data-settings=\"{&quot;background_background&quot;:&quot;classic&quot;}\">\n\t\t\t<div class=\"elementor-widget-wrap elementor-element-populated\">\n\t\t\t\t\t\t<div class=\"elementor-element elementor-element-288edd9 elementor-widget elementor-widget-heading\" data-id=\"288edd9\" data-element_type=\"widget\" data-e-type=\"widget\" data-widget_type=\"heading.default\">\n\t\t\t\t<div class=\"elementor-widget-container\">\n\t\t\t\t\t<h2 class=\"elementor-heading-title elementor-size-default\">\u00bfQU\u00c9 FUNCI\u00d3N CUMPLE EL COSOC?<\/h2>\t\t\t\t<\/div>\n\t\t\t\t<\/div>\n\t\t\t\t\t<\/div>\n\t\t<\/div>\n\t\t\t\t<div class=\"has_eae_slider elementor-column elementor-col-33 elementor-top-column elementor-element elementor-element-ec86a50\" data-eae-slider=\"10885\" data-id=\"ec86a50\" data-element_type=\"column\" data-e-type=\"column\">\n\t\t\t<div class=\"elementor-widget-wrap elementor-element-populated\">\n\t\t\t\t\t\t\t<\/div>\n\t\t<\/div>\n\t\t\t\t\t<\/div>\n\t\t<\/section>\n\t\t\t\t<section class=\"has_eae_slider elementor-section elementor-top-section elementor-element elementor-element-d24f401 elementor-section-full_width elementor-section-height-default elementor-section-height-default\" data-eae-slider=\"91112\" data-id=\"d24f401\" data-element_type=\"section\" data-e-type=\"section\">\n\t\t\t\t\t\t<div class=\"elementor-container elementor-column-gap-default\">\n\t\t\t\t\t<div class=\"has_eae_slider elementor-column elementor-col-33 elementor-top-column elementor-element elementor-element-1cc077b\" data-eae-slider=\"27733\" data-id=\"1cc077b\" data-element_type=\"column\" data-e-type=\"column\">\n\t\t\t<div class=\"elementor-widget-wrap\">\n\t\t\t\t\t\t\t<\/div>\n\t\t<\/div>\n\t\t\t\t<div class=\"has_eae_slider elementor-column elementor-col-33 elementor-top-column elementor-element elementor-element-9b8b64a\" data-eae-slider=\"79043\" data-id=\"9b8b64a\" data-element_type=\"column\" data-e-type=\"column\">\n\t\t\t<div class=\"elementor-widget-wrap elementor-element-populated\">\n\t\t\t\t\t\t<div class=\"elementor-element elementor-element-9008cc2 elementor-widget elementor-widget-text-editor\" data-id=\"9008cc2\" data-element_type=\"widget\" data-e-type=\"widget\" data-widget_type=\"text-editor.default\">\n\t\t\t\t<div class=\"elementor-widget-container\">\n\t\t\t\t\t\t\t\t\t<p>El Alcalde deber\u00e1 informar al Consejo acerca de los presupuestos de inversi\u00f3n, del Plan Comunal de Desarrollo y sobre las modificaciones al Plan Regulador.<\/p><p>El Consejo deber\u00e1 pronunciarse respecto de la cuenta p\u00fablica del Alcalde, sobre la cobertura y eficiencia de los servicios municipales, as\u00ed como sobre las materias de relevancia comunal que hayan sido establecidas por el Concejo, y podr\u00e1 interponer el recurso de reclamaci\u00f3n establecido en el T\u00edtulo final de la presente ley.<\/p><p>Asimismo, los Consejeros deber\u00e1n informar a sus respectivas organizaciones, en sesi\u00f3n especialmente convocada al efecto y con la debida anticipaci\u00f3n para recibir consultas y opiniones, acerca de la propuesta de presupuesto y del plan comunal de desarrollo, incluyendo el plan de inversiones y las modificaciones al plan regulador, como tambi\u00e9n sobre cualquier otra materia relevante que les haya presentado el Alcalde o el Concejo.<\/p><p>Finalmente, el COSOC debe pronunciarse en el mes de marzo de cada a\u00f1o acerca de las materias de relevancia local.<\/p>\t\t\t\t\t\t\t\t<\/div>\n\t\t\t\t<\/div>\n\t\t\t\t\t<\/div>\n\t\t<\/div>\n\t\t\t\t<div class=\"has_eae_slider elementor-column elementor-col-33 elementor-top-column elementor-element elementor-element-2e64844\" data-eae-slider=\"64847\" data-id=\"2e64844\" data-element_type=\"column\" data-e-type=\"column\">\n\t\t\t<div class=\"elementor-widget-wrap\">\n\t\t\t\t\t\t\t<\/div>\n\t\t<\/div>\n\t\t\t\t\t<\/div>\n\t\t<\/section>\n\t\t\t\t<section class=\"has_eae_slider elementor-section elementor-top-section elementor-element elementor-element-7b6ed4c elementor-section-full_width elementor-section-height-default elementor-section-height-default\" data-eae-slider=\"40001\" data-id=\"7b6ed4c\" data-element_type=\"section\" data-e-type=\"section\">\n\t\t\t\t\t\t<div class=\"elementor-container elementor-column-gap-default\">\n\t\t\t\t\t<div class=\"has_eae_slider elementor-column elementor-col-33 elementor-top-column elementor-element elementor-element-aedfce6\" data-eae-slider=\"786\" data-id=\"aedfce6\" data-element_type=\"column\" data-e-type=\"column\">\n\t\t\t<div class=\"elementor-widget-wrap elementor-element-populated\">\n\t\t\t\t\t\t\t<\/div>\n\t\t<\/div>\n\t\t\t\t<div class=\"has_eae_slider elementor-column elementor-col-33 elementor-top-column elementor-element elementor-element-7344380\" data-eae-slider=\"97821\" data-id=\"7344380\" data-element_type=\"column\" data-e-type=\"column\" data-settings=\"{&quot;background_background&quot;:&quot;classic&quot;}\">\n\t\t\t<div class=\"elementor-widget-wrap elementor-element-populated\">\n\t\t\t\t\t\t<div class=\"elementor-element elementor-element-afe8620 elementor-widget elementor-widget-heading\" data-id=\"afe8620\" data-element_type=\"widget\" data-e-type=\"widget\" data-widget_type=\"heading.default\">\n\t\t\t\t<div class=\"elementor-widget-container\">\n\t\t\t\t\t<h2 class=\"elementor-heading-title elementor-size-default\">\u00bfCU\u00c1LES SON LOS REQUISITOS PARA SER CONSEJERO DEL COSOC?<\/h2>\t\t\t\t<\/div>\n\t\t\t\t<\/div>\n\t\t\t\t\t<\/div>\n\t\t<\/div>\n\t\t\t\t<div class=\"has_eae_slider elementor-column elementor-col-33 elementor-top-column elementor-element elementor-element-7117655\" data-eae-slider=\"17472\" data-id=\"7117655\" data-element_type=\"column\" data-e-type=\"column\">\n\t\t\t<div class=\"elementor-widget-wrap elementor-element-populated\">\n\t\t\t\t\t\t\t<\/div>\n\t\t<\/div>\n\t\t\t\t\t<\/div>\n\t\t<\/section>\n\t\t\t\t<section class=\"has_eae_slider elementor-section elementor-top-section elementor-element elementor-element-0b4e56a elementor-section-full_width elementor-section-height-default elementor-section-height-default\" data-eae-slider=\"83168\" data-id=\"0b4e56a\" data-element_type=\"section\" data-e-type=\"section\">\n\t\t\t\t\t\t<div class=\"elementor-container elementor-column-gap-default\">\n\t\t\t\t\t<div class=\"has_eae_slider elementor-column elementor-col-33 elementor-top-column elementor-element elementor-element-4c880da\" data-eae-slider=\"39135\" data-id=\"4c880da\" data-element_type=\"column\" data-e-type=\"column\">\n\t\t\t<div class=\"elementor-widget-wrap\">\n\t\t\t\t\t\t\t<\/div>\n\t\t<\/div>\n\t\t\t\t<div class=\"has_eae_slider elementor-column elementor-col-33 elementor-top-column elementor-element elementor-element-3e836cf\" data-eae-slider=\"95635\" data-id=\"3e836cf\" data-element_type=\"column\" data-e-type=\"column\">\n\t\t\t<div class=\"elementor-widget-wrap elementor-element-populated\">\n\t\t\t\t\t\t<div class=\"elementor-element elementor-element-b863619 elementor-widget elementor-widget-text-editor\" data-id=\"b863619\" data-element_type=\"widget\" data-e-type=\"widget\" data-widget_type=\"text-editor.default\">\n\t\t\t\t<div class=\"elementor-widget-container\">\n\t\t\t\t\t\t\t\t\t<p><span style=\"color: var( --e-global-color-text );\">a) Tener 18 a\u00f1os de edad, con excepci\u00f3n de los representantes de organizaciones se\u00f1alados en la Ley N\u00b019.418;<\/span><\/p><p><span style=\"color: var( --e-global-color-text );\">b) Tener un a\u00f1o de afiliaci\u00f3n, como m\u00ednimo, a una organizaci\u00f3n del estamento, en caso que corresponda, en el momento de la elecci\u00f3n;<\/span><\/p><p><span style=\"color: var( --e-global-color-text );\">c) Ser chileno o extranjero avecindado en el pa\u00eds, y<\/span><\/p><p><span style=\"color: var( --e-global-color-text );\">d) No haber sido condenado por delito que merezca pena aflictiva.<\/span><\/p><p><span style=\"color: var( --e-global-color-text );\">La inhabilidad contemplada en la letra anterior quedar\u00e1 sin efecto una vez transcurrido el plazo contemplado en el art\u00edculo 105 del C\u00f3digo Penal, desde el cumplimiento de la respectiva pena.<\/span><\/p>\t\t\t\t\t\t\t\t<\/div>\n\t\t\t\t<\/div>\n\t\t\t\t\t<\/div>\n\t\t<\/div>\n\t\t\t\t<div class=\"has_eae_slider elementor-column elementor-col-33 elementor-top-column elementor-element elementor-element-6bd5c1d\" data-eae-slider=\"95624\" data-id=\"6bd5c1d\" data-element_type=\"column\" data-e-type=\"column\">\n\t\t\t<div class=\"elementor-widget-wrap\">\n\t\t\t\t\t\t\t<\/div>\n\t\t<\/div>\n\t\t\t\t\t<\/div>\n\t\t<\/section>\n\t\t\t\t<section class=\"has_eae_slider elementor-section elementor-top-section elementor-element elementor-element-f8ac5b9 elementor-section-full_width elementor-section-height-default elementor-section-height-default\" data-eae-slider=\"71927\" data-id=\"f8ac5b9\" data-element_type=\"section\" data-e-type=\"section\">\n\t\t\t\t\t\t<div class=\"elementor-container elementor-column-gap-default\">\n\t\t\t\t\t<div class=\"has_eae_slider elementor-column elementor-col-33 elementor-top-column elementor-element elementor-element-901748e\" data-eae-slider=\"57402\" data-id=\"901748e\" data-element_type=\"column\" data-e-type=\"column\">\n\t\t\t<div class=\"elementor-widget-wrap elementor-element-populated\">\n\t\t\t\t\t\t\t<\/div>\n\t\t<\/div>\n\t\t\t\t<div class=\"has_eae_slider elementor-column elementor-col-33 elementor-top-column elementor-element elementor-element-0058258\" data-eae-slider=\"10873\" data-id=\"0058258\" data-element_type=\"column\" data-e-type=\"column\" data-settings=\"{&quot;background_background&quot;:&quot;classic&quot;}\">\n\t\t\t<div class=\"elementor-widget-wrap elementor-element-populated\">\n\t\t\t\t\t\t<div class=\"elementor-element elementor-element-10b08a8 elementor-widget elementor-widget-heading\" data-id=\"10b08a8\" data-element_type=\"widget\" data-e-type=\"widget\" data-widget_type=\"heading.default\">\n\t\t\t\t<div class=\"elementor-widget-container\">\n\t\t\t\t\t<h2 class=\"elementor-heading-title elementor-size-default\">\u00bfQUI\u00c9NES NO PODR\u00c1N SER CANDIDATOS A CONSEJEROS DEL COSOC?<\/h2>\t\t\t\t<\/div>\n\t\t\t\t<\/div>\n\t\t\t\t\t<\/div>\n\t\t<\/div>\n\t\t\t\t<div class=\"has_eae_slider elementor-column elementor-col-33 elementor-top-column elementor-element elementor-element-08ea603\" data-eae-slider=\"72405\" data-id=\"08ea603\" data-element_type=\"column\" data-e-type=\"column\">\n\t\t\t<div class=\"elementor-widget-wrap elementor-element-populated\">\n\t\t\t\t\t\t\t<\/div>\n\t\t<\/div>\n\t\t\t\t\t<\/div>\n\t\t<\/section>\n\t\t\t\t<section class=\"has_eae_slider elementor-section elementor-top-section elementor-element elementor-element-7c305e4 elementor-section-full_width elementor-section-height-default elementor-section-height-default\" data-eae-slider=\"20251\" data-id=\"7c305e4\" data-element_type=\"section\" data-e-type=\"section\">\n\t\t\t\t\t\t<div class=\"elementor-container elementor-column-gap-default\">\n\t\t\t\t\t<div class=\"has_eae_slider elementor-column elementor-col-33 elementor-top-column elementor-element elementor-element-7acb220\" data-eae-slider=\"51119\" data-id=\"7acb220\" data-element_type=\"column\" data-e-type=\"column\">\n\t\t\t<div class=\"elementor-widget-wrap\">\n\t\t\t\t\t\t\t<\/div>\n\t\t<\/div>\n\t\t\t\t<div class=\"has_eae_slider elementor-column elementor-col-33 elementor-top-column elementor-element elementor-element-912dbf2\" data-eae-slider=\"63647\" data-id=\"912dbf2\" data-element_type=\"column\" data-e-type=\"column\">\n\t\t\t<div class=\"elementor-widget-wrap elementor-element-populated\">\n\t\t\t\t\t\t<div class=\"elementor-element elementor-element-57f9c97 elementor-widget elementor-widget-text-editor\" data-id=\"57f9c97\" data-element_type=\"widget\" data-e-type=\"widget\" data-widget_type=\"text-editor.default\">\n\t\t\t\t<div class=\"elementor-widget-container\">\n\t\t\t\t\t\t\t\t\t<p>a) Los ministros de Estado, los subsecretarios, los secretarios regionales ministeriales, los intendentes, los gobernadores, los consejeros regionales, los alcaldes, los concejales, los parlamentarios, los miembros del consejo del Banco Central y el Contralor General de la Rep\u00fablica;<\/p><p>b) Los miembros y funcionarios de los diferentes escalafones del Poder Judicial, del Ministerio P\u00fablico, as\u00ed como los del Tribunal Constitucional, del Tribunal Calificador de Elecciones y de los tribunales electorales regionales, los miembros de las Fuerzas Armadas, Carabineros e Investigaciones.<\/p><p>c) Las personas que a la fecha de inscripci\u00f3n de sus candidaturas tengan vigente o suscriban, por s\u00ed o por terceros, contratos o cauciones con la Municipalidad. Tampoco podr\u00e1n serlo quienes tengan litigios pendientes con la Municipalidad, a menos que se refieran al ejercicio de derechos propios, de su c\u00f3nyuge, hijos, adoptados o parientes hasta el tercer grado de consanguinidad y segundo de afinidad inclusive. Igual prohibici\u00f3n regir\u00e1 respecto de los directores, administradores, representantes y socios titulares del diez por ciento o m\u00e1s de los derechos de cualquier clase de sociedad, cuando \u00e9sta tenga contratos o cauciones vigentes o litigios pendientes con la Municipalidad.<\/p>\t\t\t\t\t\t\t\t<\/div>\n\t\t\t\t<\/div>\n\t\t\t\t\t<\/div>\n\t\t<\/div>\n\t\t\t\t<div class=\"has_eae_slider elementor-column elementor-col-33 elementor-top-column elementor-element elementor-element-0abac79\" data-eae-slider=\"16128\" data-id=\"0abac79\" data-element_type=\"column\" data-e-type=\"column\">\n\t\t\t<div class=\"elementor-widget-wrap\">\n\t\t\t\t\t\t\t<\/div>\n\t\t<\/div>\n\t\t\t\t\t<\/div>\n\t\t<\/section>\n\t\t\t\t<section class=\"has_eae_slider elementor-section elementor-top-section elementor-element elementor-element-6896f19 elementor-section-full_width elementor-section-height-default elementor-section-height-default\" data-eae-slider=\"47175\" data-id=\"6896f19\" data-element_type=\"section\" data-e-type=\"section\">\n\t\t\t\t\t\t<div class=\"elementor-container elementor-column-gap-default\">\n\t\t\t\t\t<div class=\"has_eae_slider elementor-column elementor-col-33 elementor-top-column elementor-element elementor-element-3bb7bce\" data-eae-slider=\"59690\" data-id=\"3bb7bce\" data-element_type=\"column\" data-e-type=\"column\">\n\t\t\t<div class=\"elementor-widget-wrap elementor-element-populated\">\n\t\t\t\t\t\t\t<\/div>\n\t\t<\/div>\n\t\t\t\t<div class=\"has_eae_slider elementor-column elementor-col-33 elementor-top-column elementor-element elementor-element-546d020\" data-eae-slider=\"53101\" data-id=\"546d020\" data-element_type=\"column\" data-e-type=\"column\" data-settings=\"{&quot;background_background&quot;:&quot;classic&quot;}\">\n\t\t\t<div class=\"elementor-widget-wrap elementor-element-populated\">\n\t\t\t\t\t\t<div class=\"elementor-element elementor-element-d3dd9bd elementor-widget elementor-widget-heading\" data-id=\"d3dd9bd\" data-element_type=\"widget\" data-e-type=\"widget\" data-widget_type=\"heading.default\">\n\t\t\t\t<div class=\"elementor-widget-container\">\n\t\t\t\t\t<h2 class=\"elementor-heading-title elementor-size-default\">\u00bfPara quienes son incompatibles el cargo de Consejero del COSOC?<\/h2>\t\t\t\t<\/div>\n\t\t\t\t<\/div>\n\t\t\t\t\t<\/div>\n\t\t<\/div>\n\t\t\t\t<div class=\"has_eae_slider elementor-column elementor-col-33 elementor-top-column elementor-element elementor-element-c05b768\" data-eae-slider=\"71427\" data-id=\"c05b768\" data-element_type=\"column\" data-e-type=\"column\">\n\t\t\t<div class=\"elementor-widget-wrap elementor-element-populated\">\n\t\t\t\t\t\t\t<\/div>\n\t\t<\/div>\n\t\t\t\t\t<\/div>\n\t\t<\/section>\n\t\t\t\t<section class=\"has_eae_slider elementor-section elementor-top-section elementor-element elementor-element-42dfbe6 elementor-section-full_width elementor-section-height-default elementor-section-height-default\" data-eae-slider=\"47329\" data-id=\"42dfbe6\" data-element_type=\"section\" data-e-type=\"section\">\n\t\t\t\t\t\t<div class=\"elementor-container elementor-column-gap-default\">\n\t\t\t\t\t<div class=\"has_eae_slider elementor-column elementor-col-33 elementor-top-column elementor-element elementor-element-cee9f9a\" data-eae-slider=\"99873\" data-id=\"cee9f9a\" data-element_type=\"column\" data-e-type=\"column\">\n\t\t\t<div class=\"elementor-widget-wrap\">\n\t\t\t\t\t\t\t<\/div>\n\t\t<\/div>\n\t\t\t\t<div class=\"has_eae_slider elementor-column elementor-col-33 elementor-top-column elementor-element elementor-element-c93afa8\" data-eae-slider=\"31677\" data-id=\"c93afa8\" data-element_type=\"column\" data-e-type=\"column\">\n\t\t\t<div class=\"elementor-widget-wrap elementor-element-populated\">\n\t\t\t\t\t\t<div class=\"elementor-element elementor-element-14851e2 elementor-widget elementor-widget-text-editor\" data-id=\"14851e2\" data-element_type=\"widget\" data-e-type=\"widget\" data-widget_type=\"text-editor.default\">\n\t\t\t\t<div class=\"elementor-widget-container\">\n\t\t\t\t\t\t\t\t\t<p>Los cargos de Consejeros son incompatibles con todo empleo, funci\u00f3n o comisi\u00f3n que se desempe\u00f1e en la Municipalidad y en las corporaciones o fundaciones en que ella participe. Tampoco podr\u00e1n desempe\u00f1ar el cargo de consejero:<\/p><p>a) Los que durante el ejercicio de tal cargo incurran en alguno de los supuestos respecto de: Las personas que a la fecha de inscripci\u00f3n de sus candidaturas tengan vigente o suscriban, por s\u00ed o por terceros, contratos o cauciones con la Municipalidad. Tampoco podr\u00e1n serlo quienes tengan litigios pendientes con la Municipalidad, a menos que se refieran al ejercicio de derechos propios, de su c\u00f3nyuge, hijos, adoptados o parientes hasta el tercer grado de consanguinidad y segundo de afinidad inclusive. Igual prohibici\u00f3n regir\u00e1 respecto de los directores, administradores, representantes y socios titulares del diez por ciento o m\u00e1s de los derechos de cualquier clase de sociedad, cuando \u00e9sta tenga contratos o cauciones vigentes o litigios pendientes con la Municipalidad.<\/p><p>b) Los que durante su desempe\u00f1o actuaren como abogados o mandatarios en cualquier clase de juicio contra la Municipalidad.<\/p>\t\t\t\t\t\t\t\t<\/div>\n\t\t\t\t<\/div>\n\t\t\t\t\t<\/div>\n\t\t<\/div>\n\t\t\t\t<div class=\"has_eae_slider elementor-column elementor-col-33 elementor-top-column elementor-element elementor-element-10fb119\" data-eae-slider=\"84649\" data-id=\"10fb119\" data-element_type=\"column\" data-e-type=\"column\">\n\t\t\t<div class=\"elementor-widget-wrap\">\n\t\t\t\t\t\t\t<\/div>\n\t\t<\/div>\n\t\t\t\t\t<\/div>\n\t\t<\/section>\n\t\t\t\t<section class=\"has_eae_slider elementor-section elementor-top-section elementor-element elementor-element-62a192c elementor-section-full_width elementor-section-height-default elementor-section-height-default\" data-eae-slider=\"92007\" data-id=\"62a192c\" data-element_type=\"section\" data-e-type=\"section\">\n\t\t\t\t\t\t<div class=\"elementor-container elementor-column-gap-default\">\n\t\t\t\t\t<div class=\"has_eae_slider elementor-column elementor-col-33 elementor-top-column elementor-element elementor-element-cebe8be\" data-eae-slider=\"44919\" data-id=\"cebe8be\" data-element_type=\"column\" data-e-type=\"column\">\n\t\t\t<div class=\"elementor-widget-wrap elementor-element-populated\">\n\t\t\t\t\t\t\t<\/div>\n\t\t<\/div>\n\t\t\t\t<div class=\"has_eae_slider elementor-column elementor-col-33 elementor-top-column elementor-element elementor-element-ddd42a3\" data-eae-slider=\"58549\" data-id=\"ddd42a3\" data-element_type=\"column\" data-e-type=\"column\" data-settings=\"{&quot;background_background&quot;:&quot;classic&quot;}\">\n\t\t\t<div class=\"elementor-widget-wrap elementor-element-populated\">\n\t\t\t\t\t\t<div class=\"elementor-element elementor-element-e69bc86 elementor-widget elementor-widget-heading\" data-id=\"e69bc86\" data-element_type=\"widget\" data-e-type=\"widget\" data-widget_type=\"heading.default\">\n\t\t\t\t<div class=\"elementor-widget-container\">\n\t\t\t\t\t<h2 class=\"elementor-heading-title elementor-size-default\">CALENDARIO PROCESO ELECCI\u00d3N COSOC 2025<\/h2>\t\t\t\t<\/div>\n\t\t\t\t<\/div>\n\t\t\t\t\t<\/div>\n\t\t<\/div>\n\t\t\t\t<div class=\"has_eae_slider elementor-column elementor-col-33 elementor-top-column elementor-element elementor-element-9c78ff4\" data-eae-slider=\"76597\" data-id=\"9c78ff4\" data-element_type=\"column\" data-e-type=\"column\">\n\t\t\t<div class=\"elementor-widget-wrap elementor-element-populated\">\n\t\t\t\t\t\t\t<\/div>\n\t\t<\/div>\n\t\t\t\t\t<\/div>\n\t\t<\/section>\n\t\t\t\t<section class=\"has_eae_slider elementor-section elementor-top-section elementor-element elementor-element-135cbe1 elementor-section-full_width elementor-section-height-default elementor-section-height-default\" data-eae-slider=\"88879\" data-id=\"135cbe1\" data-element_type=\"section\" data-e-type=\"section\">\n\t\t\t\t\t\t<div class=\"elementor-container elementor-column-gap-default\">\n\t\t\t\t\t<div class=\"has_eae_slider elementor-column elementor-col-33 elementor-top-column elementor-element elementor-element-3435c0d\" data-eae-slider=\"21181\" data-id=\"3435c0d\" data-element_type=\"column\" data-e-type=\"column\">\n\t\t\t<div class=\"elementor-widget-wrap\">\n\t\t\t\t\t\t\t<\/div>\n\t\t<\/div>\n\t\t\t\t<div class=\"has_eae_slider elementor-column elementor-col-33 elementor-top-column elementor-element elementor-element-29bf9a1\" data-eae-slider=\"394\" data-id=\"29bf9a1\" data-element_type=\"column\" data-e-type=\"column\">\n\t\t\t<div class=\"elementor-widget-wrap elementor-element-populated\">\n\t\t\t\t\t\t<div class=\"elementor-element elementor-element-208a567 elementor-widget elementor-widget-text-editor\" data-id=\"208a567\" data-element_type=\"widget\" data-e-type=\"widget\" data-widget_type=\"text-editor.default\">\n\t\t\t\t<div class=\"elementor-widget-container\">\n\t\t\t\t\t\t\t\t\t<ol>\n<li>Publicaci\u00f3n de listados de organizaciones con derecho a participar. <em><strong>Organizaciones Ley 20.500<\/strong><\/em>. Viernes 17.10.2025. Se publican 31 d\u00edas corridos antes de la elecci\u00f3n.<\/li>\n<\/ol>\n<ol start=\"2\">\n<li>Publicaci\u00f3n de listados de organizaciones con derecho a participar. <b><i>Organizaciones Ley 19.418<\/i><\/b>. S\u00e1bado 18.10.2025. Se publican 30 d\u00edas corridos antes de la elecci\u00f3n.<\/li>\n<\/ol>\n<ol start=\"3\">\n<li>En caso de existir alguna reclamaci\u00f3n de una organizaci\u00f3n, debe dirigir un correo electr\u00f3nico a <a href=\"mailto:ofparte@munimacul.cl\"><b>ofparte@munimacul.cl<\/b><\/a>&nbsp;con copia al Secretario Municipal <a href=\"mailto:avasquez@munimacul.cl\"><b>avasquez@munimacul.cl<\/b><\/a>&nbsp;<br>La reclamaci\u00f3n deber\u00e1 presentarse como m\u00e1ximo hasta el d\u00eda 24.10.2025 para las organizaciones correspondientes a la Ley N\u00b020.500, y el s\u00e1bado 25.10.2025 para las organizaciones correspondientes a las N\u00b0 19.418. El fallo de la reclamaci\u00f3n ser\u00e1 dictado como m\u00e1ximo al tercer d\u00eda de la presentaci\u00f3n.<\/li>\n<\/ol>\n<ol start=\"4\">\n<li>Listado definitivo. S\u00e1bado 25.10.2025 en caso de no haber reclamaciones. Se mantendr\u00e1 el mismo listado publicado \u00f3 el 28.10.2025 en caso de haber reclamaciones. Se incorporar\u00e1n o retirar\u00e1n aquellas organizaciones reclamadas.<\/li>\n<\/ol>\n<ol start=\"5\">\n<li>Inscripci\u00f3n de Candidatos: La Secretar\u00eda Municipal con la finalidad de otorgar una mejor organizaci\u00f3n del proceso, ha definido un periodo de inscripci\u00f3n de candidatos al COSOC, que se detalla a continuaci\u00f3n:<\/li>\n<\/ol>\n<p style=\"padding-left: 80px;\"><b>a) Organizaciones territoriales:<\/b> Desde el mi\u00e9rcoles 29.10.2025 al viernes 14.11.2025 en horario de 09.00 a 16.00 hrs., de lunes a viernes en Oficina de Organizaciones Comunitarias de Secretar\u00eda Municipal, ubicada en Los Pl\u00e1tanos N\u00b03130.<\/p>\n<p style=\"padding-left: 80px;\"><b>b) Organizaciones Funcionales:<\/b> Desde el mi\u00e9rcoles 29.10.2025 al viernes 14.11.2025 en horario de 09.00 a 16.00 hrs., de lunes a viernes en Oficina de Organizaciones Comunitarias de Secretar\u00eda Municipal, ubicada en Los Pl\u00e1tanos N\u00b03130.<\/p>\n<p style=\"padding-left: 80px;\"><b>c) Organizaciones de inter\u00e9s P\u00fablico:<\/b> Desde el mi\u00e9rcoles 29.10.2025 al viernes 14.11.2025 en horario de 09.00 a 16.00 hrs., de lunes a viernes en Oficina de Organizaciones Comunitarias de Secretar\u00eda Municipal, ubicada en Los Pl\u00e1tanos N\u00b03130.<\/p>\n<p style=\"padding-left: 80px;\"><b>d) Organizaciones Gremiales, Sindicales y relevantes:<\/b> Desde el mi\u00e9rcoles 29.10.2025 al viernes 14.11.2025 en horario de 09.00 a 16.00 hrs., de lunes a viernes en Oficina de Organizaciones Comunitarias de Secretar\u00eda Municipal, ubicada en Los Pl\u00e1tanos N\u00b03130.<\/p>\n<p style=\"padding-left: 80px;\">Al momento de inscribirse las organizaciones gremiales y sindicales deber\u00e1n presentar un Certificado de Vigencia emitido por el Ministerio de Econom\u00eda o por la Direcci\u00f3n del Trabajo con una antig\u00fcedad no mayor a 30 d\u00edas.<\/p>\n<p style=\"padding-left: 80px;\">Asimismo, las organizaciones relevantes deber\u00e1n presentar Escritura P\u00fablica o Estatutos o Certificado de Vigencia y poder simple. En caso que quien desee inscribirse aparezca en la escritura p\u00fablica o Estatutos o Certificado de vigencia emitido por el Registro Civil no requiere poder simple.<\/p>\n<p style=\"padding-left: 80px;\"><strong>Ahora bien, al momento de constituirse el Colegio Electoral, quienes deseen inscribirse como candidatos podr\u00e1n hacerlo. <\/strong><\/p>\n<p style=\"padding-left: 80px;\">Todos los candidatos deber\u00e1n presentar los siguientes documentos al momento de inscripci\u00f3n como candidato:<\/p>\n<ul>\n<li style=\"list-style-type: none;\">\n<ul>\n<li style=\"list-style-type: none;\">\n<ul>\n<li>Carnet de identidad y fotocopia por ambos lados.<\/li>\n<li>Certificado de antecedentes que de cuenta que no ha sido condenado a delito que merezca pena aflictiva.<\/li>\n<li>Certificado emitido por la organizaci\u00f3n, firmado y con timbre que acredite que es socio y que posee al menos 1 a\u00f1o de afiliaci\u00f3n.&nbsp; &nbsp;<\/li>\n<\/ul>\n<\/li>\n<\/ul>\n<\/li>\n<\/ul>\n<p>Finalmente, todos los candidatos deber\u00e1n firmar un Certificado que dispondr\u00e1 la Secretar\u00eda Municipal, que acredite que no poseen las inhabilidades contempladas en los Arts. N\u00b0s 7 y 8 del Reglamento del COSOC.<\/p>\n<ol start=\"6\">\n<li>Funcionamiento Colegios electorales: El d\u00eda de la elecci\u00f3n ser\u00e1 el lunes 17.11.2025. Los colegios deber\u00e1n funcionar en el Hall Central del Edificio Consistorial, ubicado en Los Pl\u00e1tanos N\u00b03130, y cada uno en un horario determinado.\n<p><b><i>a. Organizaciones territoriales:<\/i><\/b> Este colegio electoral deber\u00e1 constituirse a las 09.30 hrs. del 17.11.2025 e inscribirse quienes deseen postularse como Consejeros en el registro especialmente habilitado (solo quienes no lo hayan hecho en el periodo se\u00f1alado en el punto N\u00b04). El horario de votaci\u00f3n ser\u00e1 desde las 10.00 a las 12.00 hrs. del d\u00eda 17.11.2025. El conteo de votos se realizar\u00e1 a las 12.00 hrs.<\/p>\n<p><b><i>b. Organizaciones Funcionales:<\/i><\/b> Este colegio electoral deber\u00e1 constituirse a las 12.30 hrs. del 17.11.2025 e inscribirse quienes deseen postularse como Consejeros en el registro especialmente habilitado (solo quienes no lo hayan hecho en el periodo se\u00f1alado en el punto N\u00b04). El horario de votaci\u00f3n ser\u00e1 desde las 13.00 a las 15.00 hrs. del d\u00eda 17.11.2025. El conteo de votos se realizar\u00e1 a las 15.00 hrs.<\/p>\n<p><b><i>c. Organizaciones de inter\u00e9s P\u00fablico:<\/i><\/b> Este colegio electoral deber\u00e1 constituirse a las 15.30 hrs. del 17.11.2025 e inscribirse quienes deseen postularse como Consejeros en el registro especialmente habilitado (solo quienes no lo hayan hecho en el periodo se\u00f1alado en el punto N\u00b04). El horario de votaci\u00f3n ser\u00e1 desde las 16.00 a las 18.00 hrs. del d\u00eda 17.11.2025. El conteo de votos se realizar\u00e1 a las 18.00 hrs.<\/p>\n<p><b><i>d. Organizaciones Gremiales:<\/i><\/b> Este colegio electoral deber\u00e1 constituirse a las 18.30 hrs. del 17.11.2025 e inscribirse quienes deseen postularse como Consejeros en el registro especialmente habilitado (solo quienes no lo hayan hecho en el periodo se\u00f1alado en el punto N\u00b04). El horario de votaci\u00f3n ser\u00e1 desde las 18.45 a las 19.15 hrs. del d\u00eda 17.11.2025. El conteo de votos se realizar\u00e1 a las 19.15 hrs.<\/p>\n<p><b><i>e. Organizaciones Sindicales:<\/i><\/b> Este colegio electoral deber\u00e1 constituirse a las 19.30 hrs. del 17.11.2025 e inscribirse quienes deseen postularse como Consejeros en el registro especialmente habilitado (solo quienes no lo hayan hecho en el periodo se\u00f1alado en el punto N\u00b04). El horario de votaci\u00f3n ser\u00e1 desde las 19.45 a las 20.15 hrs. del d\u00eda 17.11.2025. El conteo de votos se realizar\u00e1 a las 19.45 hrs.<\/p>\n<p><b><i>f. Organizaciones relevantes:<\/i><\/b> Este colegio electoral deber\u00e1 constituirse a las 20.00 hrs. del 17.11.2025 e inscribirse quienes deseen postularse como Consejeros en el registro especialmente habilitado (solo quienes no lo hayan hecho en el periodo se\u00f1alado en el punto N\u00b04). El horario de votaci\u00f3n ser\u00e1 desde las 20.15 a las 20.45 hrs. del d\u00eda 17.11.2025. El conteo de votos se realizar\u00e1 a las 20.45 hrs.<\/p>\n<\/li>\n<\/ol>\n<p>Resulta relevante se\u00f1alar que tendr\u00e1 validez cada una de las 3 elecciones, a saber, territoriales, funcionales y de inter\u00e9s p\u00fablico, s\u00f3lo si asisten al menos el 10% del total de organizaciones consignadas en el padr\u00f3n.<\/p>\n<p><strong>Por otro lado, cada organizaci\u00f3n incluida en el padr\u00f3n tendr\u00e1 derecho a un solo voto. Podr\u00e1n ejercer este derecho el representante legal de la organizaci\u00f3n u otra persona especialmente autorizada por decisi\u00f3n del Directorio. En consecuencia, al momento de la votaci\u00f3n, podr\u00e1 emitir el voto el Presidente \u2014en su calidad de representante legal de la organizaci\u00f3n cuyo directorio est\u00e9 vigente e inscrito en el padr\u00f3n\u2014 o bien otro integrante del mismo directorio vigente, siempre que cuente con un Certificado de Autorizaci\u00f3n emitido por la organizaci\u00f3n. Dicho certificado deber\u00e1 estar firmado y timbrado por los miembros del directorio, quienes lo mandatan expresamente para votar en el presente proceso electoral del COSOC.<\/strong><\/p>\n<p>Por lo tanto, para ejercer el derecho a voto, la organizaci\u00f3n comunitaria deber\u00e1 presentarse el d\u00eda de la elecci\u00f3n con los siguientes documentos:<\/p>\n<p>&#8211;&nbsp;<b>El Representante Legal de la organizaci\u00f3n deber\u00e1 presentarse con su c\u00e9dula de identidad. En caso que el voto lo ejerza otro miembro de la organizaci\u00f3n, esta persona deber\u00e1 concurrir con su documento de identificaci\u00f3n. Este aspecto es ineludible.<\/b><\/p>\n<p><strong>&#8211; Certificado de vigencia de la directiva, emitido por el Servicio de Registro Civil e Identificaci\u00f3n o por el Secretario Municipal.<\/strong><\/p>\n<p>&#8211; <strong>En caso de que quien ejerza el voto no sea el representante legal de la organizaci\u00f3n, deber\u00e1 presentar una autorizaci\u00f3n escrita de la directiva, la cual debe estar firmada y timbrada por los miembros del directorio, junto con la c\u00e9dula de identidad del socio autorizado.<\/strong><\/p>\n<p style=\"text-align: right;\"><strong>ANDR\u00c9S V\u00c1SQUEZ MEDINA<br><\/strong><strong>SECRETARIO MUNICIPAL<\/strong><\/p>\n<p>Se r<b><u>ecuerda que el listado correspondiente a las organizaciones de inter\u00e9s p\u00fablico, corresponde al registro se\u00f1alado en el catastro del Fondo de Fortalecimiento de las Organizaciones de Inter\u00e9s P\u00fablico.<\/u><\/b><\/p>\t\t\t\t\t\t\t\t<\/div>\n\t\t\t\t<\/div>\n\t\t\t\t\t<\/div>\n\t\t<\/div>\n\t\t\t\t<div class=\"has_eae_slider elementor-column elementor-col-33 elementor-top-column elementor-element elementor-element-3584ca7\" data-eae-slider=\"47454\" data-id=\"3584ca7\" data-element_type=\"column\" data-e-type=\"column\">\n\t\t\t<div class=\"elementor-widget-wrap\">\n\t\t\t\t\t\t\t<\/div>\n\t\t<\/div>\n\t\t\t\t\t<\/div>\n\t\t<\/section>\n\t\t\t\t<section class=\"has_eae_slider elementor-section elementor-top-section elementor-element elementor-element-faaab51 elementor-section-boxed elementor-section-height-default elementor-section-height-default\" data-eae-slider=\"35133\" data-id=\"faaab51\" data-element_type=\"section\" data-e-type=\"section\">\n\t\t\t\t\t\t<div class=\"elementor-container elementor-column-gap-default\">\n\t\t\t\t\t<div class=\"has_eae_slider elementor-column elementor-col-100 elementor-top-column elementor-element elementor-element-051be86\" data-eae-slider=\"24895\" data-id=\"051be86\" data-element_type=\"column\" data-e-type=\"column\" data-settings=\"{&quot;background_background&quot;:&quot;classic&quot;}\">\n\t\t\t<div class=\"elementor-widget-wrap elementor-element-populated\">\n\t\t\t\t\t\t<div class=\"elementor-element elementor-element-65c3cf3 elementor-widget elementor-widget-heading\" data-id=\"65c3cf3\" data-element_type=\"widget\" data-e-type=\"widget\" data-widget_type=\"heading.default\">\n\t\t\t\t<div class=\"elementor-widget-container\">\n\t\t\t\t\t<h2 class=\"elementor-heading-title elementor-size-default\">listado DEFINITIVO de organizaciones que cumplen <br>los requisitos legales para participar en el proceso <br>electoral del COSOC 2025-2029<\/h2>\t\t\t\t<\/div>\n\t\t\t\t<\/div>\n\t\t\t\t\t<\/div>\n\t\t<\/div>\n\t\t\t\t\t<\/div>\n\t\t<\/section>\n\t\t\t\t<section class=\"has_eae_slider elementor-section elementor-top-section elementor-element elementor-element-6d4dfd4 elementor-section-boxed elementor-section-height-default elementor-section-height-default\" data-eae-slider=\"35646\" data-id=\"6d4dfd4\" data-element_type=\"section\" data-e-type=\"section\">\n\t\t\t\t\t\t<div class=\"elementor-container elementor-column-gap-default\">\n\t\t\t\t\t<div class=\"has_eae_slider elementor-column elementor-col-100 elementor-top-column elementor-element elementor-element-6855cf3\" data-eae-slider=\"18001\" data-id=\"6855cf3\" data-element_type=\"column\" data-e-type=\"column\">\n\t\t\t<div class=\"elementor-widget-wrap elementor-element-populated\">\n\t\t\t\t\t\t<section class=\"has_eae_slider elementor-section elementor-inner-section elementor-element elementor-element-95332e8 elementor-section-boxed elementor-section-height-default elementor-section-height-default\" data-eae-slider=\"48402\" data-id=\"95332e8\" data-element_type=\"section\" data-e-type=\"section\">\n\t\t\t\t\t\t<div class=\"elementor-container elementor-column-gap-default\">\n\t\t\t\t\t<div class=\"has_eae_slider elementor-column elementor-col-25 elementor-inner-column elementor-element elementor-element-f6dd78a\" data-eae-slider=\"18002\" data-id=\"f6dd78a\" data-element_type=\"column\" data-e-type=\"column\">\n\t\t\t<div class=\"elementor-widget-wrap elementor-element-populated\">\n\t\t\t\t\t\t<div class=\"elementor-element elementor-element-b96e3cb elementor-view-framed elementor-shape-circle elementor-widget elementor-widget-icon\" data-id=\"b96e3cb\" data-element_type=\"widget\" data-e-type=\"widget\" data-widget_type=\"icon.default\">\n\t\t\t\t<div class=\"elementor-widget-container\">\n\t\t\t\t\t\t\t<div class=\"elementor-icon-wrapper\">\n\t\t\t<a class=\"elementor-icon\" href=\"https:\/\/www.munimacul.cl\/portalnv\/wp-content\/uploads\/2025\/10\/TERRITORIALES-FINAL.pdf\" target=\"_blank\">\n\t\t\t<i aria-hidden=\"true\" class=\"far fa-file-alt\"><\/i>\t\t\t<\/a>\n\t\t<\/div>\n\t\t\t\t\t\t<\/div>\n\t\t\t\t<\/div>\n\t\t\t\t<div class=\"elementor-element elementor-element-333c39c elementor-widget elementor-widget-text-editor\" data-id=\"333c39c\" data-element_type=\"widget\" data-e-type=\"widget\" data-widget_type=\"text-editor.default\">\n\t\t\t\t<div class=\"elementor-widget-container\">\n\t\t\t\t\t\t\t\t\t<p style=\"text-align: center;\">LISTADO DE ORGANIZACIONES TERRITORIALES<\/p>\t\t\t\t\t\t\t\t<\/div>\n\t\t\t\t<\/div>\n\t\t\t\t\t<\/div>\n\t\t<\/div>\n\t\t\t\t<div class=\"has_eae_slider elementor-column elementor-col-25 elementor-inner-column elementor-element elementor-element-ea045fa\" data-eae-slider=\"33479\" data-id=\"ea045fa\" data-element_type=\"column\" data-e-type=\"column\">\n\t\t\t<div class=\"elementor-widget-wrap elementor-element-populated\">\n\t\t\t\t\t\t<div class=\"elementor-element elementor-element-69695b0 elementor-view-framed elementor-shape-circle elementor-widget elementor-widget-icon\" data-id=\"69695b0\" data-element_type=\"widget\" data-e-type=\"widget\" data-widget_type=\"icon.default\">\n\t\t\t\t<div class=\"elementor-widget-container\">\n\t\t\t\t\t\t\t<div class=\"elementor-icon-wrapper\">\n\t\t\t<a class=\"elementor-icon\" href=\"https:\/\/www.munimacul.cl\/portalnv\/wp-content\/uploads\/2025\/10\/FUNCIONALES-FINAL.pdf\" target=\"_blank\">\n\t\t\t<i aria-hidden=\"true\" class=\"far fa-file-alt\"><\/i>\t\t\t<\/a>\n\t\t<\/div>\n\t\t\t\t\t\t<\/div>\n\t\t\t\t<\/div>\n\t\t\t\t<div class=\"elementor-element elementor-element-69f995d elementor-widget elementor-widget-text-editor\" data-id=\"69f995d\" data-element_type=\"widget\" data-e-type=\"widget\" data-widget_type=\"text-editor.default\">\n\t\t\t\t<div class=\"elementor-widget-container\">\n\t\t\t\t\t\t\t\t\t<p style=\"text-align: center;\">LISTADO DE ORGANIZACIONES FUNCIONALES<\/p>\t\t\t\t\t\t\t\t<\/div>\n\t\t\t\t<\/div>\n\t\t\t\t\t<\/div>\n\t\t<\/div>\n\t\t\t\t<div class=\"has_eae_slider elementor-column elementor-col-25 elementor-inner-column elementor-element elementor-element-57f18b8\" data-eae-slider=\"59395\" data-id=\"57f18b8\" data-element_type=\"column\" data-e-type=\"column\">\n\t\t\t<div class=\"elementor-widget-wrap elementor-element-populated\">\n\t\t\t\t\t\t<div class=\"elementor-element elementor-element-4cab348 elementor-view-framed elementor-shape-circle elementor-widget elementor-widget-icon\" data-id=\"4cab348\" data-element_type=\"widget\" data-e-type=\"widget\" data-widget_type=\"icon.default\">\n\t\t\t\t<div class=\"elementor-widget-container\">\n\t\t\t\t\t\t\t<div class=\"elementor-icon-wrapper\">\n\t\t\t<a class=\"elementor-icon\" href=\"https:\/\/www.munimacul.cl\/portalnv\/wp-content\/uploads\/2025\/10\/LEY-20500-FINAL.pdf\" target=\"_blank\">\n\t\t\t<i aria-hidden=\"true\" class=\"far fa-file-alt\"><\/i>\t\t\t<\/a>\n\t\t<\/div>\n\t\t\t\t\t\t<\/div>\n\t\t\t\t<\/div>\n\t\t\t\t<div class=\"elementor-element elementor-element-aaa1b56 elementor-widget elementor-widget-text-editor\" data-id=\"aaa1b56\" data-element_type=\"widget\" data-e-type=\"widget\" data-widget_type=\"text-editor.default\">\n\t\t\t\t<div class=\"elementor-widget-container\">\n\t\t\t\t\t\t\t\t\t<p style=\"text-align: center;\">LISTADO DE ORGANIZACIONES DE INTER\u00c9S P\u00daBLICO<\/p>\t\t\t\t\t\t\t\t<\/div>\n\t\t\t\t<\/div>\n\t\t\t\t\t<\/div>\n\t\t<\/div>\n\t\t\t\t<div class=\"has_eae_slider elementor-column elementor-col-25 elementor-inner-column elementor-element elementor-element-660edea\" data-eae-slider=\"83962\" data-id=\"660edea\" data-element_type=\"column\" data-e-type=\"column\">\n\t\t\t<div class=\"elementor-widget-wrap elementor-element-populated\">\n\t\t\t\t\t\t<div class=\"elementor-element elementor-element-3557a2c elementor-view-framed elementor-shape-circle elementor-widget elementor-widget-icon\" data-id=\"3557a2c\" data-element_type=\"widget\" data-e-type=\"widget\" data-widget_type=\"icon.default\">\n\t\t\t\t<div class=\"elementor-widget-container\">\n\t\t\t\t\t\t\t<div class=\"elementor-icon-wrapper\">\n\t\t\t<a class=\"elementor-icon\" href=\"https:\/\/www.munimacul.cl\/portalnv\/wp-content\/uploads\/2025\/10\/RELEVANTES-FINAL.pdf\" target=\"_blank\">\n\t\t\t<i aria-hidden=\"true\" class=\"far fa-file-alt\"><\/i>\t\t\t<\/a>\n\t\t<\/div>\n\t\t\t\t\t\t<\/div>\n\t\t\t\t<\/div>\n\t\t\t\t<div class=\"elementor-element elementor-element-30863ac elementor-widget elementor-widget-text-editor\" data-id=\"30863ac\" data-element_type=\"widget\" data-e-type=\"widget\" data-widget_type=\"text-editor.default\">\n\t\t\t\t<div class=\"elementor-widget-container\">\n\t\t\t\t\t\t\t\t\t<p style=\"text-align: center;\">LISTADO DE ORGANIZACIONES RELEVANTES<\/p>\t\t\t\t\t\t\t\t<\/div>\n\t\t\t\t<\/div>\n\t\t\t\t\t<\/div>\n\t\t<\/div>\n\t\t\t\t\t<\/div>\n\t\t<\/section>\n\t\t\t\t\t<\/div>\n\t\t<\/div>\n\t\t\t\t\t<\/div>\n\t\t<\/section>\n\t\t\t\t<section class=\"has_eae_slider elementor-section elementor-top-section elementor-element elementor-element-0813b6d elementor-section-boxed elementor-section-height-default elementor-section-height-default\" data-eae-slider=\"67441\" data-id=\"0813b6d\" data-element_type=\"section\" data-e-type=\"section\">\n\t\t\t\t\t\t<div class=\"elementor-container elementor-column-gap-default\">\n\t\t\t\t\t<div class=\"has_eae_slider elementor-column elementor-col-100 elementor-top-column elementor-element elementor-element-ba6340e\" data-eae-slider=\"26774\" data-id=\"ba6340e\" data-element_type=\"column\" data-e-type=\"column\">\n\t\t\t<div class=\"elementor-widget-wrap elementor-element-populated\">\n\t\t\t\t\t\t<div class=\"elementor-element elementor-element-a87896f elementor-widget-divider--view-line elementor-widget elementor-widget-divider\" data-id=\"a87896f\" data-element_type=\"widget\" data-e-type=\"widget\" data-widget_type=\"divider.default\">\n\t\t\t\t<div class=\"elementor-widget-container\">\n\t\t\t\t\t\t\t<div class=\"elementor-divider\">\n\t\t\t<span class=\"elementor-divider-separator\">\n\t\t\t\t\t\t<\/span>\n\t\t<\/div>\n\t\t\t\t\t\t<\/div>\n\t\t\t\t<\/div>\n\t\t\t\t\t<\/div>\n\t\t<\/div>\n\t\t\t\t\t<\/div>\n\t\t<\/section>\n\t\t\t\t<section class=\"has_eae_slider elementor-section elementor-top-section elementor-element elementor-element-cef619e elementor-section-full_width elementor-section-height-default elementor-section-height-default\" data-eae-slider=\"56670\" data-id=\"cef619e\" data-element_type=\"section\" data-e-type=\"section\">\n\t\t\t\t\t\t<div class=\"elementor-container elementor-column-gap-default\">\n\t\t\t\t\t<div class=\"has_eae_slider elementor-column elementor-col-100 elementor-top-column elementor-element elementor-element-0879730\" data-eae-slider=\"5767\" data-id=\"0879730\" data-element_type=\"column\" data-e-type=\"column\">\n\t\t\t<div class=\"elementor-widget-wrap elementor-element-populated\">\n\t\t\t\t\t\t<div class=\"elementor-element elementor-element-a2b8736 elementor-widget elementor-widget-image\" data-id=\"a2b8736\" data-element_type=\"widget\" data-e-type=\"widget\" data-widget_type=\"image.default\">\n\t\t\t\t<div class=\"elementor-widget-container\">\n\t\t\t\t\t\t\t\t\t\t\t\t\t\t\t<img loading=\"lazy\" decoding=\"async\" width=\"1600\" height=\"212\" src=\"https:\/\/www.munimacul.cl\/portalnv\/wp-content\/uploads\/2025\/11\/BANNER-COSOC-2025-NUEVA-CONVOC.jpg\" class=\"attachment-full size-full wp-image-44819\" alt=\"\" srcset=\"https:\/\/www.munimacul.cl\/portalnv\/wp-content\/uploads\/2025\/11\/BANNER-COSOC-2025-NUEVA-CONVOC.jpg 1600w, https:\/\/www.munimacul.cl\/portalnv\/wp-content\/uploads\/2025\/11\/BANNER-COSOC-2025-NUEVA-CONVOC-300x40.jpg 300w, https:\/\/www.munimacul.cl\/portalnv\/wp-content\/uploads\/2025\/11\/BANNER-COSOC-2025-NUEVA-CONVOC-1024x136.jpg 1024w, https:\/\/www.munimacul.cl\/portalnv\/wp-content\/uploads\/2025\/11\/BANNER-COSOC-2025-NUEVA-CONVOC-768x102.jpg 768w, https:\/\/www.munimacul.cl\/portalnv\/wp-content\/uploads\/2025\/11\/BANNER-COSOC-2025-NUEVA-CONVOC-1536x204.jpg 1536w\" sizes=\"auto, (max-width: 1600px) 100vw, 1600px\" \/>\t\t\t\t\t\t\t\t\t\t\t\t\t\t\t<\/div>\n\t\t\t\t<\/div>\n\t\t\t\t\t<\/div>\n\t\t<\/div>\n\t\t\t\t\t<\/div>\n\t\t<\/section>\n\t\t\t\t<section class=\"has_eae_slider elementor-section elementor-top-section elementor-element elementor-element-5170b9c elementor-section-full_width elementor-section-height-default elementor-section-height-default\" data-eae-slider=\"40308\" data-id=\"5170b9c\" data-element_type=\"section\" data-e-type=\"section\">\n\t\t\t\t\t\t<div class=\"elementor-container elementor-column-gap-default\">\n\t\t\t\t\t<div class=\"has_eae_slider elementor-column elementor-col-33 elementor-top-column elementor-element elementor-element-893cc11\" data-eae-slider=\"26780\" data-id=\"893cc11\" data-element_type=\"column\" data-e-type=\"column\">\n\t\t\t<div class=\"elementor-widget-wrap elementor-element-populated\">\n\t\t\t\t\t\t\t<\/div>\n\t\t<\/div>\n\t\t\t\t<div class=\"has_eae_slider elementor-column elementor-col-33 elementor-top-column elementor-element elementor-element-dfb0373\" data-eae-slider=\"52575\" data-id=\"dfb0373\" data-element_type=\"column\" data-e-type=\"column\" data-settings=\"{&quot;background_background&quot;:&quot;classic&quot;}\">\n\t\t\t<div class=\"elementor-widget-wrap elementor-element-populated\">\n\t\t\t\t\t\t<div class=\"elementor-element elementor-element-f035b7c elementor-widget elementor-widget-heading\" data-id=\"f035b7c\" data-element_type=\"widget\" data-e-type=\"widget\" data-widget_type=\"heading.default\">\n\t\t\t\t<div class=\"elementor-widget-container\">\n\t\t\t\t\t<h2 class=\"elementor-heading-title elementor-size-default\">MUNICIPALIDAD DE MACUL INFORMA\nNUEVA CONVOCATORIA ELECTORAL COSOC 2025-2029\n<br>ESTAMENTOS CON REPETICI\u00d3N: <br>ORGANIZACIONES COMUNITARIAS FUNCIONALES Y DE INTER\u00c9S P\u00daBLICO<\/h2>\t\t\t\t<\/div>\n\t\t\t\t<\/div>\n\t\t\t\t\t<\/div>\n\t\t<\/div>\n\t\t\t\t<div class=\"has_eae_slider elementor-column elementor-col-33 elementor-top-column elementor-element elementor-element-83827f5\" data-eae-slider=\"25348\" data-id=\"83827f5\" data-element_type=\"column\" data-e-type=\"column\">\n\t\t\t<div class=\"elementor-widget-wrap elementor-element-populated\">\n\t\t\t\t\t\t\t<\/div>\n\t\t<\/div>\n\t\t\t\t\t<\/div>\n\t\t<\/section>\n\t\t\t\t<section class=\"has_eae_slider elementor-section elementor-top-section elementor-element elementor-element-95c4473 elementor-section-full_width elementor-section-height-default elementor-section-height-default\" data-eae-slider=\"66334\" data-id=\"95c4473\" data-element_type=\"section\" data-e-type=\"section\">\n\t\t\t\t\t\t<div class=\"elementor-container elementor-column-gap-default\">\n\t\t\t\t\t<div class=\"has_eae_slider elementor-column elementor-col-33 elementor-top-column elementor-element elementor-element-9e6072a\" data-eae-slider=\"45830\" data-id=\"9e6072a\" data-element_type=\"column\" data-e-type=\"column\">\n\t\t\t<div class=\"elementor-widget-wrap\">\n\t\t\t\t\t\t\t<\/div>\n\t\t<\/div>\n\t\t\t\t<div class=\"has_eae_slider elementor-column elementor-col-33 elementor-top-column elementor-element elementor-element-eac4d3c\" data-eae-slider=\"90113\" data-id=\"eac4d3c\" data-element_type=\"column\" data-e-type=\"column\">\n\t\t\t<div class=\"elementor-widget-wrap elementor-element-populated\">\n\t\t\t\t\t\t<div class=\"elementor-element elementor-element-c369d56 elementor-widget elementor-widget-text-editor\" data-id=\"c369d56\" data-element_type=\"widget\" data-e-type=\"widget\" data-widget_type=\"text-editor.default\">\n\t\t\t\t<div class=\"elementor-widget-container\">\n\t\t\t\t\t\t\t\t\t<p><span style=\"font-weight: 400;\">La Municipalidad de Macul, a trav\u00e9s de la Secretar\u00eda Municipal, informa a la comunidad y a las organizaciones de la sociedad civil que se ha determinado repetir el proceso eleccionario para la conformaci\u00f3n del Consejo Comunal de Organizaciones de la Sociedad Civil (COSOC) de Macul.<\/span><\/p><p><span style=\"font-weight: 400;\">Esta repetici\u00f3n se convoca espec\u00edficamente para los Colegios Electorales correspondientes a los estamentos de Organizaciones Comunitarias de Car\u00e1cter Funcional y Organizaciones de Inter\u00e9s P\u00fablico.<\/span><\/p><p><span style=\"font-weight: 400;\">La necesidad de esta nueva convocatoria surge debido a que, en la elecci\u00f3n anterior, no se logr\u00f3 alcanzar el qu\u00f3rum legal establecido, el cual requiere la asistencia de, a lo menos, el 10% de las organizaciones consignadas en el padr\u00f3n electoral definitivo para la validez de cada una de las tres elecciones.<\/span><\/p><p><span style=\"font-weight: 400;\">En cumplimiento del Art\u00edculo 19 del Reglamento COSOC, y dado que la falta de qu\u00f3rum afect\u00f3 a estos estamentos, la Secretar\u00eda Municipal procede a convocar a una nueva elecci\u00f3n bajo el siguiente calendario.<\/span><\/p>\t\t\t\t\t\t\t\t<\/div>\n\t\t\t\t<\/div>\n\t\t\t\t\t<\/div>\n\t\t<\/div>\n\t\t\t\t<div class=\"has_eae_slider elementor-column elementor-col-33 elementor-top-column elementor-element elementor-element-dc8cd7e\" data-eae-slider=\"48096\" data-id=\"dc8cd7e\" data-element_type=\"column\" data-e-type=\"column\">\n\t\t\t<div class=\"elementor-widget-wrap\">\n\t\t\t\t\t\t\t<\/div>\n\t\t<\/div>\n\t\t\t\t\t<\/div>\n\t\t<\/section>\n\t\t\t\t<section class=\"has_eae_slider elementor-section elementor-top-section elementor-element elementor-element-7603fd5 elementor-section-full_width elementor-section-height-default elementor-section-height-default\" data-eae-slider=\"8083\" data-id=\"7603fd5\" data-element_type=\"section\" data-e-type=\"section\">\n\t\t\t\t\t\t<div class=\"elementor-container elementor-column-gap-default\">\n\t\t\t\t\t<div class=\"has_eae_slider elementor-column elementor-col-33 elementor-top-column elementor-element elementor-element-7de61a2\" data-eae-slider=\"17569\" data-id=\"7de61a2\" data-element_type=\"column\" data-e-type=\"column\">\n\t\t\t<div class=\"elementor-widget-wrap elementor-element-populated\">\n\t\t\t\t\t\t\t<\/div>\n\t\t<\/div>\n\t\t\t\t<div class=\"has_eae_slider elementor-column elementor-col-33 elementor-top-column elementor-element elementor-element-2bf3cc9\" data-eae-slider=\"20209\" data-id=\"2bf3cc9\" data-element_type=\"column\" data-e-type=\"column\" data-settings=\"{&quot;background_background&quot;:&quot;classic&quot;}\">\n\t\t\t<div class=\"elementor-widget-wrap elementor-element-populated\">\n\t\t\t\t\t\t<div class=\"elementor-element elementor-element-efcebfb elementor-widget elementor-widget-heading\" data-id=\"efcebfb\" data-element_type=\"widget\" data-e-type=\"widget\" data-widget_type=\"heading.default\">\n\t\t\t\t<div class=\"elementor-widget-container\">\n\t\t\t\t\t<h2 class=\"elementor-heading-title elementor-size-default\">NUEVO CRONOGRAMA ELECTORAL COSOC MACUL 2025-2029<\/h2>\t\t\t\t<\/div>\n\t\t\t\t<\/div>\n\t\t\t\t\t<\/div>\n\t\t<\/div>\n\t\t\t\t<div class=\"has_eae_slider elementor-column elementor-col-33 elementor-top-column elementor-element elementor-element-d228882\" data-eae-slider=\"45890\" data-id=\"d228882\" data-element_type=\"column\" data-e-type=\"column\">\n\t\t\t<div class=\"elementor-widget-wrap elementor-element-populated\">\n\t\t\t\t\t\t\t<\/div>\n\t\t<\/div>\n\t\t\t\t\t<\/div>\n\t\t<\/section>\n\t\t\t\t<section class=\"has_eae_slider elementor-section elementor-top-section elementor-element elementor-element-5b895af elementor-section-full_width elementor-section-height-default elementor-section-height-default\" data-eae-slider=\"62896\" data-id=\"5b895af\" data-element_type=\"section\" data-e-type=\"section\">\n\t\t\t\t\t\t<div class=\"elementor-container elementor-column-gap-default\">\n\t\t\t\t\t<div class=\"has_eae_slider elementor-column elementor-col-33 elementor-top-column elementor-element elementor-element-7c9081d\" data-eae-slider=\"24372\" data-id=\"7c9081d\" data-element_type=\"column\" data-e-type=\"column\">\n\t\t\t<div class=\"elementor-widget-wrap\">\n\t\t\t\t\t\t\t<\/div>\n\t\t<\/div>\n\t\t\t\t<div class=\"has_eae_slider elementor-column elementor-col-33 elementor-top-column elementor-element elementor-element-38ad903\" data-eae-slider=\"27428\" data-id=\"38ad903\" data-element_type=\"column\" data-e-type=\"column\">\n\t\t\t<div class=\"elementor-widget-wrap elementor-element-populated\">\n\t\t\t\t\t\t<div class=\"elementor-element elementor-element-89dc9f9 elementor-widget__width-initial elementor-widget elementor-widget-text-editor\" data-id=\"89dc9f9\" data-element_type=\"widget\" data-e-type=\"widget\" data-widget_type=\"text-editor.default\">\n\t\t\t\t<div class=\"elementor-widget-container\">\n\t\t\t\t\t\t\t\t\t<p><span style=\"font-weight: 400;\">La Secretar\u00eda Municipal de la Municipalidad de Macul ha definido el siguiente cronograma electoral:<\/span><\/p><p><b><u>I. PUBLICACI\u00d3N DEL PADR\u00d3N ELECTORAL Y RECEPCI\u00d3N DE RECLAMOS<\/u><\/b><\/p><table style=\"border-collapse: collapse; width: 690pt;\" border=\"0\" width=\"921\" cellspacing=\"0\" cellpadding=\"0\"><colgroup> <col style=\"mso-width-source: userset; mso-width-alt: 6163; width: 134pt;\" width=\"179\" \/> <col style=\"mso-width-source: userset; mso-width-alt: 16029; width: 349pt;\" width=\"465\" \/> <col style=\"mso-width-source: userset; mso-width-alt: 9531; width: 207pt;\" width=\"277\" \/> <\/colgroup><tbody><tr style=\"height: 15.9pt;\"><td style=\"height: 15.9pt; width: 134pt;\" width=\"179\" height=\"21\"><div dir=\"ltr\"><span style=\"white-space-collapse: preserve;\"><b>ETAPA<\/b><\/span><\/div><\/td><td style=\"border-left: none; width: 349pt; overflow-wrap: break-word;\" width=\"465\"><span style=\"white-space-collapse: preserve;\"><b>DETALLE<\/b><\/span><\/td><td style=\"border-left: none; width: 207pt; overflow-wrap: break-word;\" width=\"277\"><span style=\"white-space-collapse: preserve;\"><b>FECHA<\/b><\/span><\/td><\/tr><tr style=\"height: 31.75pt;\"><td style=\"height: 31.75pt; border-top: none; width: 134pt; overflow-wrap: break-word;\" width=\"179\" height=\"42\"><span style=\"white-space-collapse: preserve;\">Publicaci\u00f3n de Listados<\/span><\/td><td style=\"border-top: none; border-left: none; width: 349pt; overflow-wrap: break-word;\" width=\"465\"><span style=\"white-space-collapse: preserve;\">Publicaci\u00f3n del listado de organizaciones con derecho a participar (Solo funcionales y de inter\u00e9s p\u00fablico).<\/span><\/td><td style=\"border-top: none; border-left: none; width: 207pt; overflow-wrap: break-word;\" width=\"277\"><span style=\"white-space-collapse: preserve;\">Martes 18 de noviembre de 2025<\/span><\/td><\/tr><tr style=\"height: 31.75pt;\"><td style=\"height: 31.75pt; border-top: none; width: 134pt; overflow-wrap: break-word;\" width=\"179\" height=\"42\"><span style=\"white-space-collapse: preserve;\">Recepci\u00f3n de Reclamos<\/span><\/td><td style=\"border-top: none; border-left: none; width: 349pt; overflow-wrap: break-word;\" width=\"465\"><span style=\"white-space-collapse: preserve;\">Periodo para que las organizaciones presenten reclamos sobre su inclusi\u00f3n o exclusi\u00f3n.<\/span><\/td><td style=\"border-top: none; border-left: none; width: 207pt; overflow-wrap: break-word;\" width=\"277\"><span style=\"white-space-collapse: preserve;\">Desde el Martes 18.11.2025 hasta el Jueves 20.11.2025<\/span><\/td><\/tr><tr style=\"height: 15.9pt;\"><td style=\"height: 15.9pt; border-top: none; width: 134pt; overflow-wrap: break-word;\" width=\"179\" height=\"21\"><span style=\"white-space-collapse: preserve;\">Medio de Recepci\u00f3n<\/span><\/td><td style=\"border-top: none; border-left: none; width: 349pt; overflow-wrap: break-word;\" width=\"465\"><span style=\"white-space-collapse: preserve;\">Correo: avasquez@munimacul.cl con copia a ofparte@munimacul.cl.<\/span><\/td><td style=\"border-top: none; border-left: none; width: 207pt; overflow-wrap: break-word;\" width=\"277\">\u00a0<\/td><\/tr><tr style=\"height: 31.75pt;\"><td style=\"height: 31.75pt; border-top: none; width: 134pt; overflow-wrap: break-word;\" width=\"179\" height=\"42\"><span style=\"white-space-collapse: preserve;\">Resoluci\u00f3n de Reclamos<\/span><\/td><td style=\"border-top: none; border-left: none; width: 349pt; overflow-wrap: break-word;\" width=\"465\"><span style=\"white-space-collapse: preserve;\">Los reclamos ser\u00e1n resueltos en un plazo de m\u00e1ximo dos (2) d\u00edas h\u00e1biles desde su recepci\u00f3n.<\/span><\/td><td style=\"border-top: none; border-left: none; width: 207pt; overflow-wrap: break-word;\" width=\"277\">\u00a0<\/td><\/tr><\/tbody><\/table><div dir=\"ltr\" align=\"left\"><b><u>II. INSCRIPCI\u00d3N DE CANDIDATOS<\/u><\/b><\/div><div dir=\"ltr\" align=\"left\">\u00a0<span style=\"color: var( --e-global-color-text );\">\u00a0<\/span><\/div><table style=\"border-collapse: collapse; width: 589pt;\" border=\"0\" width=\"787\" cellspacing=\"0\" cellpadding=\"0\"><colgroup> <col style=\"mso-width-source: userset; mso-width-alt: 4017; width: 87pt;\" width=\"117\" \/> <col style=\"mso-width-source: userset; mso-width-alt: 10771; width: 234pt;\" width=\"313\" \/> <col style=\"mso-width-source: userset; mso-width-alt: 6754; width: 147pt;\" width=\"196\" \/> <col style=\"mso-width-source: userset; mso-width-alt: 5553; width: 121pt;\" width=\"161\" \/> <\/colgroup><tbody><tr style=\"height: 15.9pt;\"><td style=\"height: 15.9pt; width: 87pt;\" width=\"117\" height=\"21\"><div dir=\"ltr\"><b>ETAPA<\/b><\/div><\/td><td style=\"border-left: none; width: 234pt;\" width=\"313\"><span style=\"white-space-collapse: preserve;\"><b>DETALLE<\/b><\/span><\/td><td style=\"border-left: none; width: 147pt;\" width=\"196\"><span style=\"white-space-collapse: preserve;\"><b>FECHA<\/b><\/span><\/td><td style=\"border-left: none; width: 121pt;\" width=\"161\"><b>HORARIO Y LUGAR<\/b><\/td><\/tr><tr style=\"height: 95.15pt;\"><td style=\"height: 95.15pt; border-top: none; width: 87pt;\" width=\"117\" height=\"127\"><span style=\"white-space-collapse: preserve;\">Inscripci\u00f3n de Candidatos<\/span><\/td><td style=\"border-top: none; border-left: none; width: 234pt;\" width=\"313\"><span style=\"white-space-collapse: preserve;\">Recepci\u00f3n de las candidaturas para los<br \/>estamentos Funcionales y De Inter\u00e9s P\u00fablico.<\/span><\/td><td style=\"border-top: none; border-left: none; width: 147pt;\" width=\"196\"><span style=\"white-space-collapse: preserve;\">Desde el Jueves 20.11.2025 hasta el Martes<br \/>25.11.2025<\/span><\/td><td style=\"border-top: none; border-left: none; width: 121pt;\" width=\"161\">Oficina<br \/>de Organizaciones Comunitarias, calle Los Pl\u00e1tanos #3130, de 09:00 hrs a<br \/>16:30 hrs.<\/td><\/tr><\/tbody><\/table><p><span style=\"font-weight: 400;\">Ahora bien, al momento de constituirse el Colegio Electoral, quienes deseen inscribirse como candidatos podr\u00e1n hacerlo.<\/span><\/p><p><span style=\"font-weight: 400;\">Todos los candidatos deber\u00e1n presentar los siguientes documentos al momento de inscripci\u00f3n como candidato:<\/span><\/p><ul><li style=\"font-weight: 400;\" aria-level=\"1\"><span style=\"font-weight: 400;\">Carnet de identidad y fotocopia por ambos lados.<\/span><\/li><li style=\"font-weight: 400;\" aria-level=\"1\"><span style=\"font-weight: 400;\">Certificado de antecedentes que de cuenta que no ha sido condenado a delito que merezca pena aflictiva.<\/span><\/li><li style=\"font-weight: 400;\" aria-level=\"1\"><span style=\"font-weight: 400;\">Certificado emitido por la organizaci\u00f3n, firmado y con timbre que acredite que es socio y que posee al menos 1 a\u00f1o de afiliaci\u00f3n.\u00a0 \u00a0<\/span><\/li><\/ul><p><span style=\"font-weight: 400;\">Finalmente, todos los candidatos deber\u00e1n firmar un Certificado que dispondr\u00e1 la Secretar\u00eda Municipal, que acredite que no poseen las inhabilidades contempladas en los Arts. N\u00b0s 7 y 8 del Reglamento del COSOC.<\/span><\/p><p><span style=\"font-weight: 400;\">Por otro lado, cada organizaci\u00f3n incluida en el padr\u00f3n tendr\u00e1 derecho a un solo voto. Podr\u00e1n ejercer este derecho el representante legal de la organizaci\u00f3n u otra persona especialmente autorizada por decisi\u00f3n del Directorio. En consecuencia, al momento de la votaci\u00f3n, podr\u00e1 emitir el voto el Presidente \u2014en su calidad de representante legal de la organizaci\u00f3n cuyo directorio est\u00e9 vigente e inscrito en el padr\u00f3n\u2014 o bien otro integrante del mismo directorio vigente, siempre que cuente con un Certificado de Autorizaci\u00f3n emitido por la organizaci\u00f3n. Dicho certificado deber\u00e1 estar firmado y timbrado por los miembros del directorio, quienes lo mandatan expresamente para votar en el presente proceso electoral del COSOC.<\/span><\/p><p><span style=\"font-weight: 400;\">Por lo tanto, para ejercer el derecho a voto, la organizaci\u00f3n comunitaria deber\u00e1 presentarse el d\u00eda de la elecci\u00f3n con los siguientes documentos:<\/span><\/p><p><span style=\"font-weight: 400;\">\u2013\u00a0El Representante Legal de la organizaci\u00f3n deber\u00e1 presentarse con su c\u00e9dula de identidad. En caso que el voto lo ejerza otro miembro de la organizaci\u00f3n, esta persona deber\u00e1 concurrir con su documento de identificaci\u00f3n. Este aspecto es ineludible.<\/span><\/p><p><span style=\"font-weight: 400;\">\u2013 Certificado de vigencia de la directiva, emitido por el Servicio de Registro Civil e Identificaci\u00f3n o por el Secretario Municipal.<\/span><\/p><p><span style=\"font-weight: 400;\">\u2013\u00a0En caso de que quien ejerza el voto no sea el representante legal de la organizaci\u00f3n, deber\u00e1 presentar una autorizaci\u00f3n escrita de la directiva, la cual debe estar firmada y timbrada por los miembros del directorio, junto con la c\u00e9dula de identidad del socio autorizado.<\/span><\/p><p><b>III. CONSTITUCI\u00d3N DE COLEGIOS ELECTORALES Y VOTACI\u00d3N<\/b><\/p><p><span style=\"font-weight: 400;\">La elecci\u00f3n se llevar\u00e1 a cabo mediante votaci\u00f3n directa, secreta y unipersonal. Es fundamental recordar que los colegios electorales deben sesionar el mismo d\u00eda, pero no podr\u00e1n funcionar simult\u00e1neamente.<\/span><\/p><p><span style=\"font-weight: 400;\">FECHA DE ELECCI\u00d3N: Mi\u00e9rcoles 26 de noviembre de 2025\u00a0<\/span><\/p><p><span style=\"font-weight: 400;\">LUGAR: Los Pl\u00e1tanos N\u00b0 3130. Hall Central del Edificio Consistorial. <\/span><\/p><table style=\"border-collapse: collapse; width: 494pt;\" border=\"0\" width=\"658\" cellspacing=\"0\" cellpadding=\"0\"><colgroup><col style=\"mso-width-source: userset; mso-width-alt: 8408; width: 183pt;\" width=\"244\" \/> <col style=\"mso-width-source: userset; mso-width-alt: 7699; width: 168pt;\" width=\"223\" \/> <col style=\"mso-width-source: userset; mso-width-alt: 6577; width: 143pt;\" width=\"191\" \/> <\/colgroup><tbody><tr style=\"height: 31.75pt;\"><td style=\"height: 31.75pt; width: 183pt; overflow-wrap: break-word;\" width=\"244\" height=\"42\"><span style=\"white-space-collapse: preserve;\"><b>ESTAMENTO<\/b><\/span><\/td><td style=\"border-left: none; width: 168pt; overflow-wrap: break-word;\" width=\"223\"><span style=\"white-space-collapse: preserve;\"><b>HORA DE CONSTITUCI\u00d3N DEL COLEGIO ELECTORAL<\/b><\/span><\/td><td style=\"border-left: none; width: 143pt;\" width=\"191\"><b>HORARIO DE ELECCI\u00d3N (VOTACI\u00d3N)<\/b><\/td><\/tr><tr style=\"height: 31.75pt;\"><td style=\"height: 31.75pt; border-top: none; width: 183pt; overflow-wrap: break-word;\" width=\"244\" height=\"42\"><span style=\"white-space-collapse: preserve;\">1. Organizaciones de Inter\u00e9s P\u00fablico<\/span><\/td><td style=\"border-top: none; border-left: none; width: 168pt; overflow-wrap: break-word;\" width=\"223\"><span style=\"white-space-collapse: preserve;\">10:00 horas<\/span><\/td><td style=\"border-top: none; border-left: none; width: 143pt;\" width=\"191\">Desde las 10:15 hrs hasta las 12:15 hrs.<\/td><\/tr><tr style=\"height: 31.75pt;\"><td style=\"height: 31.75pt; border-top: none; width: 183pt;\" width=\"244\" height=\"42\">2. Organizaciones Comunitarias Funcionales<\/td><td style=\"border-top: none; border-left: none; width: 168pt;\" width=\"223\">12:30 horas<\/td><td style=\"border-top: none; border-left: none; width: 143pt;\" width=\"191\">Desde las 12:45 hrs hasta las 17:30 hrs.<\/td><\/tr><\/tbody><\/table>\t\t\t\t\t\t\t\t<\/div>\n\t\t\t\t<\/div>\n\t\t\t\t\t<\/div>\n\t\t<\/div>\n\t\t\t\t<div class=\"has_eae_slider elementor-column elementor-col-33 elementor-top-column elementor-element elementor-element-6f6bbfb\" data-eae-slider=\"63986\" data-id=\"6f6bbfb\" data-element_type=\"column\" data-e-type=\"column\">\n\t\t\t<div class=\"elementor-widget-wrap\">\n\t\t\t\t\t\t\t<\/div>\n\t\t<\/div>\n\t\t\t\t\t<\/div>\n\t\t<\/section>\n\t\t\t\t<section class=\"has_eae_slider elementor-section elementor-top-section elementor-element elementor-element-750f2d2 elementor-section-boxed elementor-section-height-default elementor-section-height-default\" data-eae-slider=\"44526\" data-id=\"750f2d2\" data-element_type=\"section\" data-e-type=\"section\">\n\t\t\t\t\t\t<div class=\"elementor-container elementor-column-gap-default\">\n\t\t\t\t\t<div class=\"has_eae_slider elementor-column elementor-col-100 elementor-top-column elementor-element elementor-element-9b1a6b9\" data-eae-slider=\"43639\" data-id=\"9b1a6b9\" data-element_type=\"column\" data-e-type=\"column\">\n\t\t\t<div class=\"elementor-widget-wrap elementor-element-populated\">\n\t\t\t\t\t\t<section class=\"has_eae_slider elementor-section elementor-inner-section elementor-element elementor-element-30eee9b elementor-section-boxed elementor-section-height-default elementor-section-height-default\" data-eae-slider=\"7326\" data-id=\"30eee9b\" data-element_type=\"section\" data-e-type=\"section\">\n\t\t\t\t\t\t<div class=\"elementor-container elementor-column-gap-default\">\n\t\t\t\t\t<div class=\"has_eae_slider elementor-column elementor-col-50 elementor-inner-column elementor-element elementor-element-6edf658\" data-eae-slider=\"61725\" data-id=\"6edf658\" data-element_type=\"column\" data-e-type=\"column\">\n\t\t\t<div class=\"elementor-widget-wrap elementor-element-populated\">\n\t\t\t\t\t\t<div class=\"elementor-element elementor-element-3c12a8c elementor-view-framed elementor-shape-circle elementor-widget elementor-widget-icon\" data-id=\"3c12a8c\" data-element_type=\"widget\" data-e-type=\"widget\" data-widget_type=\"icon.default\">\n\t\t\t\t<div class=\"elementor-widget-container\">\n\t\t\t\t\t\t\t<div class=\"elementor-icon-wrapper\">\n\t\t\t<a class=\"elementor-icon\" href=\"https:\/\/www.munimacul.cl\/portalnv\/wp-content\/uploads\/2025\/11\/LISTADO-LEY-19418-ORG-FUNCIONALES-NUEVA-CONVOCATORIA-COSOC-2025-2029.pdf\" target=\"_blank\">\n\t\t\t<i aria-hidden=\"true\" class=\"far fa-file-alt\"><\/i>\t\t\t<\/a>\n\t\t<\/div>\n\t\t\t\t\t\t<\/div>\n\t\t\t\t<\/div>\n\t\t\t\t<div class=\"elementor-element elementor-element-e527816 elementor-widget elementor-widget-text-editor\" data-id=\"e527816\" data-element_type=\"widget\" data-e-type=\"widget\" data-widget_type=\"text-editor.default\">\n\t\t\t\t<div class=\"elementor-widget-container\">\n\t\t\t\t\t\t\t\t\t<p style=\"text-align: center;\">LISTADO DE<br \/>ORGANIZACIONES FUNCIONALES<\/p>\t\t\t\t\t\t\t\t<\/div>\n\t\t\t\t<\/div>\n\t\t\t\t\t<\/div>\n\t\t<\/div>\n\t\t\t\t<div class=\"has_eae_slider elementor-column elementor-col-50 elementor-inner-column elementor-element elementor-element-189a198\" data-eae-slider=\"22458\" data-id=\"189a198\" data-element_type=\"column\" data-e-type=\"column\">\n\t\t\t<div class=\"elementor-widget-wrap elementor-element-populated\">\n\t\t\t\t\t\t<div class=\"elementor-element elementor-element-15d011d elementor-view-framed elementor-shape-circle elementor-widget elementor-widget-icon\" data-id=\"15d011d\" data-element_type=\"widget\" data-e-type=\"widget\" data-widget_type=\"icon.default\">\n\t\t\t\t<div class=\"elementor-widget-container\">\n\t\t\t\t\t\t\t<div class=\"elementor-icon-wrapper\">\n\t\t\t<a class=\"elementor-icon\" href=\"https:\/\/www.munimacul.cl\/portalnv\/wp-content\/uploads\/2025\/11\/LISTADO-LEY-20500-NUEVA-CONVOCATORIA-COSOC-2025-2029.pdf\" target=\"_blank\">\n\t\t\t<i aria-hidden=\"true\" class=\"far fa-file-alt\"><\/i>\t\t\t<\/a>\n\t\t<\/div>\n\t\t\t\t\t\t<\/div>\n\t\t\t\t<\/div>\n\t\t\t\t<div class=\"elementor-element elementor-element-a0a85b5 elementor-widget elementor-widget-text-editor\" data-id=\"a0a85b5\" data-element_type=\"widget\" data-e-type=\"widget\" data-widget_type=\"text-editor.default\">\n\t\t\t\t<div class=\"elementor-widget-container\">\n\t\t\t\t\t\t\t\t\t<p style=\"text-align: center;\">LISTADO DE ORGANIZACIONES<br \/>DE INTER\u00c9S P\u00daBLICO<\/p>\t\t\t\t\t\t\t\t<\/div>\n\t\t\t\t<\/div>\n\t\t\t\t\t<\/div>\n\t\t<\/div>\n\t\t\t\t\t<\/div>\n\t\t<\/section>\n\t\t\t\t\t<\/div>\n\t\t<\/div>\n\t\t\t\t\t<\/div>\n\t\t<\/section>\n\t\t\t\t<section class=\"has_eae_slider elementor-section elementor-top-section elementor-element elementor-element-ceca8d7 elementor-section-boxed elementor-section-height-default elementor-section-height-default\" data-eae-slider=\"67049\" data-id=\"ceca8d7\" data-element_type=\"section\" data-e-type=\"section\">\n\t\t\t\t\t\t<div class=\"elementor-container elementor-column-gap-default\">\n\t\t\t\t\t<div class=\"has_eae_slider elementor-column elementor-col-100 elementor-top-column elementor-element elementor-element-e1d551e\" data-eae-slider=\"28419\" data-id=\"e1d551e\" data-element_type=\"column\" data-e-type=\"column\">\n\t\t\t<div class=\"elementor-widget-wrap elementor-element-populated\">\n\t\t\t\t\t\t<div class=\"elementor-element elementor-element-180d5c6 elementor-widget-divider--view-line elementor-widget elementor-widget-divider\" data-id=\"180d5c6\" data-element_type=\"widget\" data-e-type=\"widget\" data-widget_type=\"divider.default\">\n\t\t\t\t<div class=\"elementor-widget-container\">\n\t\t\t\t\t\t\t<div class=\"elementor-divider\">\n\t\t\t<span class=\"elementor-divider-separator\">\n\t\t\t\t\t\t<\/span>\n\t\t<\/div>\n\t\t\t\t\t\t<\/div>\n\t\t\t\t<\/div>\n\t\t\t\t\t<\/div>\n\t\t<\/div>\n\t\t\t\t\t<\/div>\n\t\t<\/section>\n\t\t\t\t<section class=\"has_eae_slider elementor-section elementor-top-section elementor-element elementor-element-f4c2fca elementor-section-full_width elementor-section-height-default elementor-section-height-default\" data-eae-slider=\"12430\" data-id=\"f4c2fca\" data-element_type=\"section\" data-e-type=\"section\">\n\t\t\t\t\t\t<div class=\"elementor-container elementor-column-gap-default\">\n\t\t\t\t\t<div class=\"has_eae_slider elementor-column elementor-col-100 elementor-top-column elementor-element elementor-element-1d34b61\" data-eae-slider=\"60828\" data-id=\"1d34b61\" data-element_type=\"column\" data-e-type=\"column\">\n\t\t\t<div class=\"elementor-widget-wrap elementor-element-populated\">\n\t\t\t\t\t\t<div class=\"elementor-element elementor-element-2d62a29 elementor-widget elementor-widget-image\" data-id=\"2d62a29\" data-element_type=\"widget\" data-e-type=\"widget\" data-widget_type=\"image.default\">\n\t\t\t\t<div class=\"elementor-widget-container\">\n\t\t\t\t\t\t\t\t\t\t\t\t\t\t\t<img decoding=\"async\" src=\"https:\/\/www.munimacul.cl\/portalnv\/wp-content\/uploads\/2025\/11\/BANNER-COSOC-2025-RESULTADOS.jpg\" title=\"\" alt=\"\" loading=\"lazy\" \/>\t\t\t\t\t\t\t\t\t\t\t\t\t\t\t<\/div>\n\t\t\t\t<\/div>\n\t\t\t\t\t<\/div>\n\t\t<\/div>\n\t\t\t\t\t<\/div>\n\t\t<\/section>\n\t\t\t\t<section class=\"has_eae_slider elementor-section elementor-top-section elementor-element elementor-element-d85d823 elementor-section-boxed elementor-section-height-default elementor-section-height-default\" data-eae-slider=\"52092\" data-id=\"d85d823\" data-element_type=\"section\" data-e-type=\"section\">\n\t\t\t\t\t\t<div class=\"elementor-container elementor-column-gap-default\">\n\t\t\t\t\t<div class=\"has_eae_slider elementor-column elementor-col-25 elementor-top-column elementor-element elementor-element-4a64aff\" data-eae-slider=\"86569\" data-id=\"4a64aff\" data-element_type=\"column\" data-e-type=\"column\">\n\t\t\t<div class=\"elementor-widget-wrap elementor-element-populated\">\n\t\t\t\t\t\t<div class=\"elementor-element elementor-element-98c273c elementor-view-framed elementor-shape-circle elementor-widget elementor-widget-icon\" data-id=\"98c273c\" data-element_type=\"widget\" data-e-type=\"widget\" data-widget_type=\"icon.default\">\n\t\t\t\t<div class=\"elementor-widget-container\">\n\t\t\t\t\t\t\t<div class=\"elementor-icon-wrapper\">\n\t\t\t<a class=\"elementor-icon\" href=\"https:\/\/www.munimacul.cl\/portalnv\/wp-content\/uploads\/2025\/11\/1.-Certificado-27.10.2025.pdf\" target=\"_blank\">\n\t\t\t<i aria-hidden=\"true\" class=\"far fa-file-alt\"><\/i>\t\t\t<\/a>\n\t\t<\/div>\n\t\t\t\t\t\t<\/div>\n\t\t\t\t<\/div>\n\t\t\t\t<div class=\"elementor-element elementor-element-aa1f18f elementor-widget elementor-widget-text-editor\" data-id=\"aa1f18f\" data-element_type=\"widget\" data-e-type=\"widget\" data-widget_type=\"text-editor.default\">\n\t\t\t\t<div class=\"elementor-widget-container\">\n\t\t\t\t\t\t\t\t\t<p style=\"text-align: center;\">CERTIFICADO PROCESO<br \/>27-10-2025<\/p>\t\t\t\t\t\t\t\t<\/div>\n\t\t\t\t<\/div>\n\t\t\t\t\t<\/div>\n\t\t<\/div>\n\t\t\t\t<div class=\"has_eae_slider elementor-column elementor-col-25 elementor-top-column elementor-element elementor-element-dc266d0\" data-eae-slider=\"44831\" data-id=\"dc266d0\" data-element_type=\"column\" data-e-type=\"column\">\n\t\t\t<div class=\"elementor-widget-wrap elementor-element-populated\">\n\t\t\t\t\t\t<div class=\"elementor-element elementor-element-d84312c elementor-view-framed elementor-shape-circle elementor-widget elementor-widget-icon\" data-id=\"d84312c\" data-element_type=\"widget\" data-e-type=\"widget\" data-widget_type=\"icon.default\">\n\t\t\t\t<div class=\"elementor-widget-container\">\n\t\t\t\t\t\t\t<div class=\"elementor-icon-wrapper\">\n\t\t\t<a class=\"elementor-icon\" href=\"https:\/\/www.munimacul.cl\/portalnv\/wp-content\/uploads\/2025\/11\/2.-Certificado-17.11.2025.pdf\" target=\"_blank\">\n\t\t\t<i aria-hidden=\"true\" class=\"far fa-file-alt\"><\/i>\t\t\t<\/a>\n\t\t<\/div>\n\t\t\t\t\t\t<\/div>\n\t\t\t\t<\/div>\n\t\t\t\t<div class=\"elementor-element elementor-element-a7c8db4 elementor-widget elementor-widget-text-editor\" data-id=\"a7c8db4\" data-element_type=\"widget\" data-e-type=\"widget\" data-widget_type=\"text-editor.default\">\n\t\t\t\t<div class=\"elementor-widget-container\">\n\t\t\t\t\t\t\t\t\t<p style=\"text-align: center;\">CERTIFICADO PROCESO<br \/>17-11-2025<\/p>\t\t\t\t\t\t\t\t<\/div>\n\t\t\t\t<\/div>\n\t\t\t\t\t<\/div>\n\t\t<\/div>\n\t\t\t\t<div class=\"has_eae_slider elementor-column elementor-col-25 elementor-top-column elementor-element elementor-element-2f60d44\" data-eae-slider=\"43199\" data-id=\"2f60d44\" data-element_type=\"column\" data-e-type=\"column\">\n\t\t\t<div class=\"elementor-widget-wrap elementor-element-populated\">\n\t\t\t\t\t\t<div class=\"elementor-element elementor-element-1439850 elementor-view-framed elementor-shape-circle elementor-widget elementor-widget-icon\" data-id=\"1439850\" data-element_type=\"widget\" data-e-type=\"widget\" data-widget_type=\"icon.default\">\n\t\t\t\t<div class=\"elementor-widget-container\">\n\t\t\t\t\t\t\t<div class=\"elementor-icon-wrapper\">\n\t\t\t<a class=\"elementor-icon\" href=\"https:\/\/www.munimacul.cl\/portalnv\/wp-content\/uploads\/2025\/11\/3.-Certificado-26.11.2025.pdf\" target=\"_blank\">\n\t\t\t<i aria-hidden=\"true\" class=\"far fa-file-alt\"><\/i>\t\t\t<\/a>\n\t\t<\/div>\n\t\t\t\t\t\t<\/div>\n\t\t\t\t<\/div>\n\t\t\t\t<div class=\"elementor-element elementor-element-bec99f0 elementor-widget elementor-widget-text-editor\" data-id=\"bec99f0\" data-element_type=\"widget\" data-e-type=\"widget\" data-widget_type=\"text-editor.default\">\n\t\t\t\t<div class=\"elementor-widget-container\">\n\t\t\t\t\t\t\t\t\t<p style=\"text-align: center;\">CERTIFICADO PROCESO<br \/>26-11-2025<\/p>\t\t\t\t\t\t\t\t<\/div>\n\t\t\t\t<\/div>\n\t\t\t\t\t<\/div>\n\t\t<\/div>\n\t\t\t\t<div class=\"has_eae_slider elementor-column elementor-col-25 elementor-top-column elementor-element elementor-element-81c671d\" data-eae-slider=\"1260\" data-id=\"81c671d\" data-element_type=\"column\" data-e-type=\"column\">\n\t\t\t<div class=\"elementor-widget-wrap elementor-element-populated\">\n\t\t\t\t\t\t<div class=\"elementor-element elementor-element-5d5172c elementor-view-framed elementor-shape-circle elementor-widget elementor-widget-icon\" data-id=\"5d5172c\" data-element_type=\"widget\" data-e-type=\"widget\" data-widget_type=\"icon.default\">\n\t\t\t\t<div class=\"elementor-widget-container\">\n\t\t\t\t\t\t\t<div class=\"elementor-icon-wrapper\">\n\t\t\t<a class=\"elementor-icon\" href=\"https:\/\/www.munimacul.cl\/portalnv\/wp-content\/uploads\/2025\/11\/4.-Certificado-27.11.2025.pdf\" target=\"_blank\">\n\t\t\t<i aria-hidden=\"true\" class=\"far fa-file-alt\"><\/i>\t\t\t<\/a>\n\t\t<\/div>\n\t\t\t\t\t\t<\/div>\n\t\t\t\t<\/div>\n\t\t\t\t<div class=\"elementor-element elementor-element-4119d13 elementor-widget elementor-widget-text-editor\" data-id=\"4119d13\" data-element_type=\"widget\" data-e-type=\"widget\" data-widget_type=\"text-editor.default\">\n\t\t\t\t<div class=\"elementor-widget-container\">\n\t\t\t\t\t\t\t\t\t<p style=\"text-align: center;\">CERTIFICADO PROCESO<br \/>27-11-2025<\/p>\t\t\t\t\t\t\t\t<\/div>\n\t\t\t\t<\/div>\n\t\t\t\t\t<\/div>\n\t\t<\/div>\n\t\t\t\t\t<\/div>\n\t\t<\/section>\n\t\t\t\t<section class=\"has_eae_slider elementor-section elementor-top-section elementor-element elementor-element-432db89 elementor-section-boxed elementor-section-height-default elementor-section-height-default\" data-eae-slider=\"14791\" data-id=\"432db89\" data-element_type=\"section\" data-e-type=\"section\">\n\t\t\t\t\t\t<div class=\"elementor-container elementor-column-gap-default\">\n\t\t\t\t\t<div class=\"has_eae_slider elementor-column elementor-col-33 elementor-top-column elementor-element elementor-element-2d94d52\" data-eae-slider=\"16150\" data-id=\"2d94d52\" data-element_type=\"column\" data-e-type=\"column\">\n\t\t\t<div class=\"elementor-widget-wrap\">\n\t\t\t\t\t\t\t<\/div>\n\t\t<\/div>\n\t\t\t\t<div class=\"has_eae_slider elementor-column elementor-col-33 elementor-top-column elementor-element elementor-element-be50bc9\" data-eae-slider=\"19002\" data-id=\"be50bc9\" data-element_type=\"column\" data-e-type=\"column\">\n\t\t\t<div class=\"elementor-widget-wrap elementor-element-populated\">\n\t\t\t\t\t\t<div class=\"elementor-element elementor-element-a296dc5 elementor-widget elementor-widget-text-editor\" data-id=\"a296dc5\" data-element_type=\"widget\" data-e-type=\"widget\" data-widget_type=\"text-editor.default\">\n\t\t\t\t<div class=\"elementor-widget-container\">\n\t\t\t\t\t\t\t\t\t<h5 style=\"text-align: left;\"><b>NUEVO COSOC 2025 &#8211; 2029<\/b><\/h5>\n<p><b><u>a) ESTAMENTO JUNTAS DE VECINOS<br><\/u><\/b><b style=\"color: var( --e-global-color-text );\"><i>Consejeros Titulares:<\/i><\/b><\/p>\n<ol>\n<li>Ver\u00f3nica Gonz\u00e1lez. JJVV Huilque.<\/li>\n<li>Ra\u00fal Guti\u00e9rrez. JJVV Villa Macul.<\/li>\n<li>Sergio Olea. JJVV Araucarias.<\/li>\n<li>&nbsp;Luz Gonz\u00e1lez. JJVV Reina Isabel II.<\/li>\n<li>Federico Guzm\u00e1n. JJVV Sagrada Familia.<\/li>\n<li>Marcela Contreras. JJVV Villa Continental.<\/li>\n<\/ol>\n<p><b><i>Consejeros Suplentes:<\/i><\/b><\/p>\n<ol>\n<li><b>&nbsp;<\/b>Ana Mar\u00eda Laino. JJVV Divina Providencia.<\/li>\n<\/ol>\n<div><u><b>b) ESTAMENTO ORGANIZACIONES FUNCIONALES<\/b><br><\/u><b><i>Consejeros Titulares<\/i><\/b><\/div>\n<div>&nbsp;<\/div>\n<ol>\n<li>&nbsp;Fabi\u00e1n Mar\u00edn. Club Deportivo Nacional de Macul.<\/li>\n<li>Karhina Gaete. Comit\u00e9 Social Cultural Deportivo y Bienestar Help Adultos Mayores.<\/li>\n<li>Anselmo Cuevas. CAM V\u00ednculos 16 A\u00f1os Dorados.<\/li>\n<li>Cecilia Granzow. CAM Amanecer.<\/li>\n<li>Carlos Mu\u00f1oz. Centro Cultural Parque Marathon.<\/li>\n<li>Erick Cerda. CDSV Villa Barrio Alto.<\/li>\n<li>Jorge Lobos. Centro Cultural Vida En Mi Barrio.<\/li>\n<li>H\u00e9ctor Bast\u00edas. CDSV Ram\u00f3n Cruz.<\/li>\n<\/ol>\n<p><b><i>Consejeros Suplentes:<\/i><\/b><\/p>\n<ol>\n<li>Rafael Mart\u00ednez. CD Reina Isabel II.<\/li>\n<li>Patricio Ibaceta. CDSV Villa UC.<\/li>\n<li>Lorena P\u00e9rez. Comit\u00e9 de Vivienda Grez Le\u00f3n.<\/li>\n<li>Adriana Chamorro. Centro Comunitario de Desarrollo Marlene Arhens.<\/li>\n<li>Daysi Guti\u00e9rrez. Centro Para El Desarrollo De La Mujer.<\/li>\n<li>Zoredi Amada. CAM Ra\u00edces de V\u00ednculos.<\/li>\n<li>Liliana Caicedo. CDSV Purranque Villa Macul y Otros.<\/li>\n<li>David Y\u00e1\u00f1ez. Centro Cultural Registros del Alma.<\/li>\n<\/ol>\n<p><b><u>c) Organizaciones Sindicales<\/u><\/b><\/p>\n<ol>\n<li>Carlos Mu\u00f1oz Vald\u00e9s. Sindicato de Trabajadores Independientes de Ferias Libres de Macul.<\/li>\n<\/ol>\n<p><b><u>d) Organizaciones Relevantes<\/u><\/b><\/p>\n<ol>\n<li>7ma Compa\u00f1\u00eda de Bomberos de \u00d1u\u00f1oa. Sergio Gallagher Godoy.<\/li>\n<li>Defensa Civil de Chile Filial Macul. Carlos Pinto Mu\u00f1oz.<\/li>\n<li>Representante del Servicio Local de Educaci\u00f3n Gabriela Mistral. Roxana V\u00e1squez Huerta.<\/li>\n<\/ol>\n<div>Para consultas enviar correo electr\u00f3nico a <a href=\"mailto: avasquez@munimacul.cl\">avasquez@munimacul.cl<\/a> con copia a ofparte@munimacul.cl<\/div>\n<div>&nbsp;<\/div>\n<div style=\"text-align: right;\"><strong>ANDR\u00c9S V\u00c1SQUEZ MEDINA<\/strong><\/div>\n<div style=\"text-align: right;\"><strong>SECRETARIO MUNICIPAL<\/strong><\/div>\n<div style=\"text-align: right;\"><strong>MUNICIPALIDAD DE MACUL<\/strong><\/div>\n<p><\/p>\t\t\t\t\t\t\t\t<\/div>\n\t\t\t\t<\/div>\n\t\t\t\t\t<\/div>\n\t\t<\/div>\n\t\t\t\t<div class=\"has_eae_slider elementor-column elementor-col-33 elementor-top-column elementor-element elementor-element-f65e9cb\" data-eae-slider=\"72947\" data-id=\"f65e9cb\" data-element_type=\"column\" data-e-type=\"column\">\n\t\t\t<div class=\"elementor-widget-wrap\">\n\t\t\t\t\t\t\t<\/div>\n\t\t<\/div>\n\t\t\t\t\t<\/div>\n\t\t<\/section>\n\t\t\t\t<\/div>\n\t\t","protected":false},"excerpt":{"rendered":"<p>\u00bfQU\u00c9 ES EL COSOC? El Consejo Comunal de Organizaciones de la Sociedad Civil es un \u00f3rgano de participaci\u00f3n ciudadana de la Municipalidad de Macul y cuyo objetivo es asegurar la colaboraci\u00f3n y participaci\u00f3n de la comunidad local en el progreso econ\u00f3mico, social y cultural de la comuna. \u00bfC\u00d3MO SE ELIGEN LOS MIEMBROS DEL COSOC? El &#8230; <\/p>\n<p class=\"read-more-container\"><a title=\"COSOC 2025\" class=\"read-more button\" href=\"https:\/\/www.munimacul.cl\/portalnv\/index.php\/cosoc-2025\/#more-14376\" aria-label=\"Leer m\u00e1s sobre COSOC 2025\">Read more<\/a><\/p>\n","protected":false},"author":1,"featured_media":0,"parent":0,"menu_order":0,"comment_status":"closed","ping_status":"closed","template":"elementor_header_footer","meta":{"footnotes":""},"class_list":["post-14376","page","type-page","status-publish"],"_links":{"self":[{"href":"https:\/\/www.munimacul.cl\/portalnv\/index.php\/wp-json\/wp\/v2\/pages\/14376","targetHints":{"allow":["GET"]}}],"collection":[{"href":"https:\/\/www.munimacul.cl\/portalnv\/index.php\/wp-json\/wp\/v2\/pages"}],"about":[{"href":"https:\/\/www.munimacul.cl\/portalnv\/index.php\/wp-json\/wp\/v2\/types\/page"}],"author":[{"embeddable":true,"href":"https:\/\/www.munimacul.cl\/portalnv\/index.php\/wp-json\/wp\/v2\/users\/1"}],"replies":[{"embeddable":true,"href":"https:\/\/www.munimacul.cl\/portalnv\/index.php\/wp-json\/wp\/v2\/comments?post=14376"}],"version-history":[{"count":154,"href":"https:\/\/www.munimacul.cl\/portalnv\/index.php\/wp-json\/wp\/v2\/pages\/14376\/revisions"}],"predecessor-version":[{"id":44929,"href":"https:\/\/www.munimacul.cl\/portalnv\/index.php\/wp-json\/wp\/v2\/pages\/14376\/revisions\/44929"}],"wp:attachment":[{"href":"https:\/\/www.munimacul.cl\/portalnv\/index.php\/wp-json\/wp\/v2\/media?parent=14376"}],"curies":[{"name":"wp","href":"https:\/\/api.w.org\/{rel}","templated":true}]}}