{"id":29728,"date":"2023-02-28T18:47:04","date_gmt":"2023-02-28T21:47:04","guid":{"rendered":"https:\/\/www.munimacul.cl\/portalnv\/?page_id=29728"},"modified":"2025-09-23T17:08:51","modified_gmt":"2025-09-23T20:08:51","slug":"concejo-municipal","status":"publish","type":"page","link":"https:\/\/www.munimacul.cl\/portalnv\/index.php\/concejo-municipal\/","title":{"rendered":"Concejo Municipal"},"content":{"rendered":"\t\t<div data-elementor-type=\"wp-post\" data-elementor-id=\"29728\" class=\"elementor elementor-29728\" data-elementor-post-type=\"page\">\n\t\t\t\t\t\t<section class=\"has_eae_slider elementor-section elementor-top-section elementor-element elementor-element-fa8fe15 elementor-section-full_width elementor-section-stretched elementor-section-height-default elementor-section-height-default\" data-eae-slider=\"87886\" data-id=\"fa8fe15\" data-element_type=\"section\" data-e-type=\"section\" data-settings=\"{&quot;stretch_section&quot;:&quot;section-stretched&quot;,&quot;background_background&quot;:&quot;classic&quot;}\">\n\t\t\t\t\t\t<div class=\"elementor-container elementor-column-gap-default\">\n\t\t\t\t\t<div class=\"has_eae_slider elementor-column elementor-col-33 elementor-top-column elementor-element elementor-element-0e67dd5\" data-eae-slider=\"79544\" data-id=\"0e67dd5\" data-element_type=\"column\" data-e-type=\"column\">\n\t\t\t<div class=\"elementor-widget-wrap\">\n\t\t\t\t\t\t\t<\/div>\n\t\t<\/div>\n\t\t\t\t<div class=\"has_eae_slider elementor-column elementor-col-33 elementor-top-column elementor-element elementor-element-6e6c1b0\" data-eae-slider=\"78691\" data-id=\"6e6c1b0\" data-element_type=\"column\" data-e-type=\"column\" data-settings=\"{&quot;background_background&quot;:&quot;classic&quot;}\">\n\t\t\t<div class=\"elementor-widget-wrap elementor-element-populated\">\n\t\t\t\t\t\t<div class=\"elementor-element elementor-element-22aa136 elementor-widget elementor-widget-heading\" data-id=\"22aa136\" data-element_type=\"widget\" data-e-type=\"widget\" data-widget_type=\"heading.default\">\n\t\t\t\t<div class=\"elementor-widget-container\">\n\t\t\t\t\t<h2 class=\"elementor-heading-title elementor-size-default\">CONCEJO MUNICIPAL DE MACUL<\/h2>\t\t\t\t<\/div>\n\t\t\t\t<\/div>\n\t\t\t\t\t<\/div>\n\t\t<\/div>\n\t\t\t\t<div class=\"has_eae_slider elementor-column elementor-col-33 elementor-top-column elementor-element elementor-element-4cb2058\" data-eae-slider=\"42457\" data-id=\"4cb2058\" data-element_type=\"column\" data-e-type=\"column\">\n\t\t\t<div class=\"elementor-widget-wrap\">\n\t\t\t\t\t\t\t<\/div>\n\t\t<\/div>\n\t\t\t\t\t<\/div>\n\t\t<\/section>\n\t\t\t\t<section class=\"has_eae_slider elementor-section elementor-top-section elementor-element elementor-element-e096c01 elementor-section-full_width elementor-section-stretched elementor-section-height-default elementor-section-height-default\" data-eae-slider=\"78345\" data-id=\"e096c01\" data-element_type=\"section\" data-e-type=\"section\" data-settings=\"{&quot;stretch_section&quot;:&quot;section-stretched&quot;}\">\n\t\t\t\t\t\t\t<div class=\"elementor-background-overlay\"><\/div>\n\t\t\t\t\t\t\t<div class=\"elementor-container elementor-column-gap-default\">\n\t\t\t\t\t<div class=\"has_eae_slider elementor-column elementor-col-33 elementor-top-column elementor-element elementor-element-03365ce\" data-eae-slider=\"49895\" data-id=\"03365ce\" data-element_type=\"column\" data-e-type=\"column\">\n\t\t\t<div class=\"elementor-widget-wrap\">\n\t\t\t\t\t\t\t<\/div>\n\t\t<\/div>\n\t\t\t\t<div class=\"has_eae_slider elementor-column elementor-col-33 elementor-top-column elementor-element elementor-element-99c0231\" data-eae-slider=\"12624\" data-id=\"99c0231\" data-element_type=\"column\" data-e-type=\"column\">\n\t\t\t<div class=\"elementor-widget-wrap elementor-element-populated\">\n\t\t\t\t\t\t<div class=\"elementor-element elementor-element-b32f5bc elementor-widget elementor-widget-image\" data-id=\"b32f5bc\" data-element_type=\"widget\" data-e-type=\"widget\" data-widget_type=\"image.default\">\n\t\t\t\t<div class=\"elementor-widget-container\">\n\t\t\t\t\t\t\t\t\t\t\t\t\t\t\t<img loading=\"lazy\" decoding=\"async\" width=\"1211\" height=\"327\" src=\"https:\/\/www.munimacul.cl\/portalnv\/wp-content\/uploads\/2024\/12\/CONCEJO-2024-2028-V2.jpg\" class=\"attachment-full size-full wp-image-38770\" alt=\"\" srcset=\"https:\/\/www.munimacul.cl\/portalnv\/wp-content\/uploads\/2024\/12\/CONCEJO-2024-2028-V2.jpg 1211w, https:\/\/www.munimacul.cl\/portalnv\/wp-content\/uploads\/2024\/12\/CONCEJO-2024-2028-V2-300x81.jpg 300w, https:\/\/www.munimacul.cl\/portalnv\/wp-content\/uploads\/2024\/12\/CONCEJO-2024-2028-V2-1024x277.jpg 1024w, https:\/\/www.munimacul.cl\/portalnv\/wp-content\/uploads\/2024\/12\/CONCEJO-2024-2028-V2-768x207.jpg 768w\" sizes=\"auto, (max-width: 1211px) 100vw, 1211px\" \/>\t\t\t\t\t\t\t\t\t\t\t\t\t\t\t<\/div>\n\t\t\t\t<\/div>\n\t\t\t\t\t<\/div>\n\t\t<\/div>\n\t\t\t\t<div class=\"has_eae_slider elementor-column elementor-col-33 elementor-top-column elementor-element elementor-element-a2374e8\" data-eae-slider=\"84016\" data-id=\"a2374e8\" data-element_type=\"column\" data-e-type=\"column\">\n\t\t\t<div class=\"elementor-widget-wrap\">\n\t\t\t\t\t\t\t<\/div>\n\t\t<\/div>\n\t\t\t\t\t<\/div>\n\t\t<\/section>\n\t\t\t\t<section class=\"has_eae_slider elementor-section elementor-top-section elementor-element elementor-element-2c30cdc elementor-section-full_width elementor-section-stretched elementor-section-height-default elementor-section-height-default\" data-eae-slider=\"11915\" data-id=\"2c30cdc\" data-element_type=\"section\" data-e-type=\"section\" data-settings=\"{&quot;stretch_section&quot;:&quot;section-stretched&quot;,&quot;background_background&quot;:&quot;classic&quot;}\">\n\t\t\t\t\t\t\t<div class=\"elementor-background-overlay\"><\/div>\n\t\t\t\t\t\t\t<div class=\"elementor-container elementor-column-gap-default\">\n\t\t\t\t\t<div class=\"has_eae_slider elementor-column elementor-col-25 elementor-top-column elementor-element elementor-element-49e80b7\" data-eae-slider=\"35205\" data-id=\"49e80b7\" data-element_type=\"column\" data-e-type=\"column\">\n\t\t\t<div class=\"elementor-widget-wrap\">\n\t\t\t\t\t\t\t<\/div>\n\t\t<\/div>\n\t\t\t\t<div class=\"has_eae_slider elementor-column elementor-col-25 elementor-top-column elementor-element elementor-element-0944f51\" data-eae-slider=\"4272\" data-id=\"0944f51\" data-element_type=\"column\" data-e-type=\"column\" data-settings=\"{&quot;background_background&quot;:&quot;classic&quot;}\">\n\t\t\t<div class=\"elementor-widget-wrap elementor-element-populated\">\n\t\t\t\t\t\t<div class=\"elementor-element elementor-element-bbd3358 elementor-widget__width-initial e-transform elementor-widget elementor-widget-image\" data-id=\"bbd3358\" data-element_type=\"widget\" data-e-type=\"widget\" data-settings=\"{&quot;_transform_scaleX_effect&quot;:{&quot;unit&quot;:&quot;px&quot;,&quot;size&quot;:&quot;&quot;,&quot;sizes&quot;:[]},&quot;_transform_scaleX_effect_tablet&quot;:{&quot;unit&quot;:&quot;px&quot;,&quot;size&quot;:&quot;&quot;,&quot;sizes&quot;:[]},&quot;_transform_scaleX_effect_mobile&quot;:{&quot;unit&quot;:&quot;px&quot;,&quot;size&quot;:&quot;&quot;,&quot;sizes&quot;:[]},&quot;_transform_scaleY_effect&quot;:{&quot;unit&quot;:&quot;px&quot;,&quot;size&quot;:&quot;&quot;,&quot;sizes&quot;:[]},&quot;_transform_scaleY_effect_tablet&quot;:{&quot;unit&quot;:&quot;px&quot;,&quot;size&quot;:&quot;&quot;,&quot;sizes&quot;:[]},&quot;_transform_scaleY_effect_mobile&quot;:{&quot;unit&quot;:&quot;px&quot;,&quot;size&quot;:&quot;&quot;,&quot;sizes&quot;:[]}}\" data-widget_type=\"image.default\">\n\t\t\t\t<div class=\"elementor-widget-container\">\n\t\t\t\t\t\t\t\t\t\t\t\t\t\t\t<img loading=\"lazy\" decoding=\"async\" width=\"300\" height=\"300\" src=\"https:\/\/www.munimacul.cl\/portalnv\/wp-content\/uploads\/2023\/02\/accesiblidad-isa-300x300-1.png\" class=\"attachment-full size-full wp-image-29680\" alt=\"\" srcset=\"https:\/\/www.munimacul.cl\/portalnv\/wp-content\/uploads\/2023\/02\/accesiblidad-isa-300x300-1.png 300w, https:\/\/www.munimacul.cl\/portalnv\/wp-content\/uploads\/2023\/02\/accesiblidad-isa-300x300-1-150x150.png 150w\" sizes=\"auto, (max-width: 300px) 100vw, 300px\" \/>\t\t\t\t\t\t\t\t\t\t\t\t\t\t\t<\/div>\n\t\t\t\t<\/div>\n\t\t\t\t\t<\/div>\n\t\t<\/div>\n\t\t\t\t<div class=\"has_eae_slider elementor-column elementor-col-25 elementor-top-column elementor-element elementor-element-ba9b7d2\" data-eae-slider=\"96452\" data-id=\"ba9b7d2\" data-element_type=\"column\" data-e-type=\"column\" data-settings=\"{&quot;background_background&quot;:&quot;classic&quot;}\">\n\t\t\t<div class=\"elementor-widget-wrap\">\n\t\t\t\t\t\t\t<\/div>\n\t\t<\/div>\n\t\t\t\t<div class=\"has_eae_slider elementor-column elementor-col-25 elementor-top-column elementor-element elementor-element-880256e\" data-eae-slider=\"16715\" data-id=\"880256e\" data-element_type=\"column\" data-e-type=\"column\">\n\t\t\t<div class=\"elementor-widget-wrap\">\n\t\t\t\t\t\t\t<\/div>\n\t\t<\/div>\n\t\t\t\t\t<\/div>\n\t\t<\/section>\n\t\t\t\t<section class=\"has_eae_slider elementor-section elementor-top-section elementor-element elementor-element-9046f6c elementor-section-full_width elementor-section-stretched elementor-section-height-default elementor-section-height-default\" data-eae-slider=\"50863\" data-id=\"9046f6c\" data-element_type=\"section\" data-e-type=\"section\" data-settings=\"{&quot;stretch_section&quot;:&quot;section-stretched&quot;,&quot;background_background&quot;:&quot;classic&quot;}\">\n\t\t\t\t\t\t\t<div class=\"elementor-background-overlay\"><\/div>\n\t\t\t\t\t\t\t<div class=\"elementor-container elementor-column-gap-default\">\n\t\t\t\t\t<div class=\"has_eae_slider elementor-column elementor-col-33 elementor-top-column elementor-element elementor-element-2cf1487\" data-eae-slider=\"28456\" data-id=\"2cf1487\" data-element_type=\"column\" data-e-type=\"column\">\n\t\t\t<div class=\"elementor-widget-wrap\">\n\t\t\t\t\t\t\t<\/div>\n\t\t<\/div>\n\t\t\t\t<div class=\"has_eae_slider elementor-column elementor-col-33 elementor-top-column elementor-element elementor-element-e63c405\" data-eae-slider=\"13209\" data-id=\"e63c405\" data-element_type=\"column\" data-e-type=\"column\">\n\t\t\t<div class=\"elementor-widget-wrap elementor-element-populated\">\n\t\t\t\t\t\t<div class=\"elementor-element elementor-element-bae6064 elementor-widget elementor-widget-text-editor\" data-id=\"bae6064\" data-element_type=\"widget\" data-e-type=\"widget\" data-widget_type=\"text-editor.default\">\n\t\t\t\t<div class=\"elementor-widget-container\">\n\t\t\t\t\t\t\t\t\t<p>El Honorable Concejo Municipal de Macul est\u00e1 compuesto por ocho concejales. Duran cuatro a\u00f1os en sus cargos y pueden ser reelegidos.<\/p><p><b>\u00bfCu\u00e1les son los requisitos para ser Concejal \/ Concejala?<\/b><\/p><p>Ser ciudadano con derecho a sufragio, saber leer y escribir, tener residencia en la regi\u00f3n a la que pertenezca la respectiva comuna a lo menos durante los \u00faltimos dos a\u00f1os anteriores a la elecci\u00f3n, tener su situaci\u00f3n militar al d\u00eda, no estar afecto a alguna de las inhabilidades que establece la Ley N\u00ba 18.695, Org\u00e1nica Constitucional de Municipalidades, entre otros requisitos.<\/p><p><b>\u00bfCu\u00e1les son las principales funciones del Concejo Municipal?<\/b><\/p><p>El Concejo debe normar, resolver, y fiscalizar.<\/p><p><b>Normar<\/b>: A requerimiento del Alcalde, el Concejo debe dar su acuerdo para dictar las Ordenanzas Municipales y el reglamento que establece la organizaci\u00f3n interna del municipio, aprobar el Plan Comunal de Desarrollo, el presupuesto municipal y los de Salud y Educaci\u00f3n, los programas de inversi\u00f3n, el Plan Regulador Comunal y las pol\u00edticas de recursos humanos, prestaci\u00f3n de servicios municipales y de concesiones, permisos y licitaciones, y resolver distintas materias en que las leyes exigen acuerdo del Concejo.<\/p><p><b>Fiscalizar<\/b>: La gesti\u00f3n del Alcalde, especialmente para verificar que los actos municipales se hayan ajustado a las pol\u00edticas, normas y acuerdos adoptados por el Concejo, el cumplimiento de los planes y programas de inversi\u00f3n municipal, y la ejecuci\u00f3n del presupuesto.<\/p><p>El Concejo, por la mayor\u00eda de sus miembros, puede disponer la contrataci\u00f3n de una auditor\u00eda externa que eval\u00fae la ejecuci\u00f3n presupuestaria y el estado de situaci\u00f3n financiera del Municipio.<\/p><p><b>\u00bfCu\u00e1les son las principales atribuciones de los concejales?<\/b><\/p><p>Elegir al Alcalde en caso de vacancia; pronunciarse sobre el Plan Comunal de Desarrollo, el presupuesto municipal, y varias otras materias; fiscalizar el cumplimiento de los planes y programas de inversi\u00f3n municipal y la ejecuci\u00f3n del presupuesto municipal; analizar el registro p\u00fablico mensual de gastos detallados que lleva la Direcci\u00f3n de Administraci\u00f3n y Finanzas; fiscalizar las actuaciones del Alcalde y formularle las observaciones que le merezcan; recomendar al Alcalde prioridades en la formulaci\u00f3n y ejecuci\u00f3n de proyectos espec\u00edficos y medidas concretas de desarrollo comunal; solicitar informe a las empresas, corporaciones o fundaciones municipales, y a las entidades que reciban aportes o subvenciones de la Municipalidad; fiscalizar las unidades y servicios municipales; supervisar el cumplimiento del Plan Comunal de Desarrollo, entre otras atribuciones que menciona la Ley de Municipalidades.<\/p><p><b>\u00bfC\u00f3mo funciona el Concejo?<\/b><\/p><p>El Concejo puede reunirse en sesiones Ordinarias y Extraordinarias. Las Sesiones Ordinarias se efect\u00faan a lo menos dos veces al mes, donde puede tratarse cualquier materia que sea de competencia del Concejo. Las Sesiones Extraordinarias son convocadas por el Alcalde o por un tercio, a lo menos, de los Concejales en ejercicio. En estas sesiones solo pueden tratarse aquellas materias indicadas en la convocatoria. Las sesiones son p\u00fablicas, a menos que dos tercios de los Concejales presentes acuerden que determinadas sesiones sean secretas.<\/p>\t\t\t\t\t\t\t\t<\/div>\n\t\t\t\t<\/div>\n\t\t\t\t\t<\/div>\n\t\t<\/div>\n\t\t\t\t<div class=\"has_eae_slider elementor-column elementor-col-33 elementor-top-column elementor-element elementor-element-240b654\" data-eae-slider=\"24073\" data-id=\"240b654\" data-element_type=\"column\" data-e-type=\"column\">\n\t\t\t<div class=\"elementor-widget-wrap\">\n\t\t\t\t\t\t\t<\/div>\n\t\t<\/div>\n\t\t\t\t\t<\/div>\n\t\t<\/section>\n\t\t\t\t<section class=\"has_eae_slider elementor-section elementor-top-section elementor-element elementor-element-8975f65 elementor-section-full_width elementor-section-stretched elementor-section-height-default elementor-section-height-default\" data-eae-slider=\"21039\" data-id=\"8975f65\" data-element_type=\"section\" data-e-type=\"section\" data-settings=\"{&quot;stretch_section&quot;:&quot;section-stretched&quot;,&quot;background_background&quot;:&quot;classic&quot;}\">\n\t\t\t\t\t\t<div class=\"elementor-container elementor-column-gap-default\">\n\t\t\t\t\t<div class=\"has_eae_slider elementor-column elementor-col-33 elementor-top-column elementor-element elementor-element-baec2c3\" data-eae-slider=\"69349\" data-id=\"baec2c3\" data-element_type=\"column\" data-e-type=\"column\">\n\t\t\t<div class=\"elementor-widget-wrap\">\n\t\t\t\t\t\t\t<\/div>\n\t\t<\/div>\n\t\t\t\t<div class=\"has_eae_slider elementor-column elementor-col-33 elementor-top-column elementor-element elementor-element-27cc37d\" data-eae-slider=\"29802\" data-id=\"27cc37d\" data-element_type=\"column\" data-e-type=\"column\" data-settings=\"{&quot;background_background&quot;:&quot;classic&quot;}\">\n\t\t\t<div class=\"elementor-widget-wrap elementor-element-populated\">\n\t\t\t\t\t\t<div class=\"elementor-element elementor-element-5bd8b87 elementor-widget elementor-widget-heading\" data-id=\"5bd8b87\" data-element_type=\"widget\" data-e-type=\"widget\" data-widget_type=\"heading.default\">\n\t\t\t\t<div class=\"elementor-widget-container\">\n\t\t\t\t\t<h2 class=\"elementor-heading-title elementor-size-default\">HONORABLE CONCEJO MUNICIPAL DE MACUL<br>PERIODO 2024 - 2028<\/h2>\t\t\t\t<\/div>\n\t\t\t\t<\/div>\n\t\t\t\t\t<\/div>\n\t\t<\/div>\n\t\t\t\t<div class=\"has_eae_slider elementor-column elementor-col-33 elementor-top-column elementor-element elementor-element-7233472\" data-eae-slider=\"60854\" data-id=\"7233472\" data-element_type=\"column\" data-e-type=\"column\">\n\t\t\t<div class=\"elementor-widget-wrap\">\n\t\t\t\t\t\t\t<\/div>\n\t\t<\/div>\n\t\t\t\t\t<\/div>\n\t\t<\/section>\n\t\t\t\t<section class=\"has_eae_slider elementor-section elementor-top-section elementor-element elementor-element-e16aa5f elementor-section-full_width elementor-section-stretched elementor-section-height-default elementor-section-height-default\" data-eae-slider=\"48179\" data-id=\"e16aa5f\" data-element_type=\"section\" data-e-type=\"section\" data-settings=\"{&quot;stretch_section&quot;:&quot;section-stretched&quot;,&quot;background_background&quot;:&quot;classic&quot;}\">\n\t\t\t\t\t\t\t<div class=\"elementor-background-overlay\"><\/div>\n\t\t\t\t\t\t\t<div class=\"elementor-container elementor-column-gap-default\">\n\t\t\t\t\t<div class=\"has_eae_slider elementor-column elementor-col-100 elementor-top-column elementor-element elementor-element-042a1cd\" data-eae-slider=\"90044\" data-id=\"042a1cd\" data-element_type=\"column\" data-e-type=\"column\">\n\t\t\t<div class=\"elementor-widget-wrap elementor-element-populated\">\n\t\t\t\t\t\t<div class=\"elementor-element elementor-element-87c3361 elementor-widget elementor-widget-spacer\" data-id=\"87c3361\" data-element_type=\"widget\" data-e-type=\"widget\" data-widget_type=\"spacer.default\">\n\t\t\t\t<div class=\"elementor-widget-container\">\n\t\t\t\t\t\t\t<div class=\"elementor-spacer\">\n\t\t\t<div class=\"elementor-spacer-inner\"><\/div>\n\t\t<\/div>\n\t\t\t\t\t\t<\/div>\n\t\t\t\t<\/div>\n\t\t\t\t\t<\/div>\n\t\t<\/div>\n\t\t\t\t\t<\/div>\n\t\t<\/section>\n\t\t\t\t<section class=\"has_eae_slider elementor-section elementor-top-section elementor-element elementor-element-b12f700 elementor-section-full_width elementor-section-stretched elementor-section-height-default elementor-section-height-default\" data-eae-slider=\"87878\" data-id=\"b12f700\" data-element_type=\"section\" data-e-type=\"section\" data-settings=\"{&quot;stretch_section&quot;:&quot;section-stretched&quot;}\">\n\t\t\t\t\t\t<div class=\"elementor-container elementor-column-gap-default\">\n\t\t\t\t\t<div class=\"has_eae_slider elementor-column elementor-col-16 elementor-top-column elementor-element elementor-element-9732e76\" data-eae-slider=\"58171\" data-id=\"9732e76\" data-element_type=\"column\" data-e-type=\"column\">\n\t\t\t<div class=\"elementor-widget-wrap\">\n\t\t\t\t\t\t\t<\/div>\n\t\t<\/div>\n\t\t\t\t<div class=\"has_eae_slider elementor-column elementor-col-16 elementor-top-column elementor-element elementor-element-20473ef\" data-eae-slider=\"47992\" data-id=\"20473ef\" data-element_type=\"column\" data-e-type=\"column\" data-settings=\"{&quot;background_background&quot;:&quot;classic&quot;}\">\n\t\t\t<div class=\"elementor-widget-wrap elementor-element-populated\">\n\t\t\t\t\t\t<div class=\"elementor-element elementor-element-4b2f9e4 elementor-widget elementor-widget-image\" data-id=\"4b2f9e4\" data-element_type=\"widget\" data-e-type=\"widget\" data-widget_type=\"image.default\">\n\t\t\t\t<div class=\"elementor-widget-container\">\n\t\t\t\t\t\t\t\t\t\t\t\t\t\t\t<img loading=\"lazy\" decoding=\"async\" width=\"2472\" height=\"3396\" src=\"https:\/\/www.munimacul.cl\/portalnv\/wp-content\/uploads\/2024\/12\/01.png\" class=\"attachment-full size-full wp-image-38771\" alt=\"\" srcset=\"https:\/\/www.munimacul.cl\/portalnv\/wp-content\/uploads\/2024\/12\/01.png 2472w, https:\/\/www.munimacul.cl\/portalnv\/wp-content\/uploads\/2024\/12\/01-218x300.png 218w, https:\/\/www.munimacul.cl\/portalnv\/wp-content\/uploads\/2024\/12\/01-745x1024.png 745w, https:\/\/www.munimacul.cl\/portalnv\/wp-content\/uploads\/2024\/12\/01-768x1055.png 768w, https:\/\/www.munimacul.cl\/portalnv\/wp-content\/uploads\/2024\/12\/01-1118x1536.png 1118w, https:\/\/www.munimacul.cl\/portalnv\/wp-content\/uploads\/2024\/12\/01-1491x2048.png 1491w\" sizes=\"auto, (max-width: 2472px) 100vw, 2472px\" \/>\t\t\t\t\t\t\t\t\t\t\t\t\t\t\t<\/div>\n\t\t\t\t<\/div>\n\t\t\t\t<div class=\"elementor-element elementor-element-0954715 elementor-widget elementor-widget-text-editor\" data-id=\"0954715\" data-element_type=\"widget\" data-e-type=\"widget\" data-widget_type=\"text-editor.default\">\n\t\t\t\t<div class=\"elementor-widget-container\">\n\t\t\t\t\t\t\t\t\t<p><b>Mar\u00eda Olga G\u00f3mez Araya<br \/><\/b><span style=\"color: var( --e-global-color-text );\">Concejala<\/span><\/p><p>Partido Republicano<br \/>5.264 votos \/ 7,75%<\/p><p>Tel\u00e9fono: 228100731<br \/><b>mgomez@munimacul.cl<\/b><\/p>\t\t\t\t\t\t\t\t<\/div>\n\t\t\t\t<\/div>\n\t\t\t\t\t<\/div>\n\t\t<\/div>\n\t\t\t\t<div class=\"has_eae_slider elementor-column elementor-col-16 elementor-top-column elementor-element elementor-element-dff498e\" data-eae-slider=\"28091\" data-id=\"dff498e\" data-element_type=\"column\" data-e-type=\"column\" data-settings=\"{&quot;background_background&quot;:&quot;classic&quot;}\">\n\t\t\t<div class=\"elementor-widget-wrap elementor-element-populated\">\n\t\t\t\t\t\t<div class=\"elementor-element elementor-element-ef18c46 elementor-widget elementor-widget-image\" data-id=\"ef18c46\" data-element_type=\"widget\" data-e-type=\"widget\" data-widget_type=\"image.default\">\n\t\t\t\t<div class=\"elementor-widget-container\">\n\t\t\t\t\t\t\t\t\t\t\t\t\t\t\t<img loading=\"lazy\" decoding=\"async\" width=\"2472\" height=\"3396\" src=\"https:\/\/www.munimacul.cl\/portalnv\/wp-content\/uploads\/2024\/12\/02.png\" class=\"attachment-full size-full wp-image-38776\" alt=\"\" srcset=\"https:\/\/www.munimacul.cl\/portalnv\/wp-content\/uploads\/2024\/12\/02.png 2472w, https:\/\/www.munimacul.cl\/portalnv\/wp-content\/uploads\/2024\/12\/02-218x300.png 218w, https:\/\/www.munimacul.cl\/portalnv\/wp-content\/uploads\/2024\/12\/02-745x1024.png 745w, https:\/\/www.munimacul.cl\/portalnv\/wp-content\/uploads\/2024\/12\/02-768x1055.png 768w, https:\/\/www.munimacul.cl\/portalnv\/wp-content\/uploads\/2024\/12\/02-1118x1536.png 1118w, https:\/\/www.munimacul.cl\/portalnv\/wp-content\/uploads\/2024\/12\/02-1491x2048.png 1491w\" sizes=\"auto, (max-width: 2472px) 100vw, 2472px\" \/>\t\t\t\t\t\t\t\t\t\t\t\t\t\t\t<\/div>\n\t\t\t\t<\/div>\n\t\t\t\t<div class=\"elementor-element elementor-element-9a41984 elementor-widget elementor-widget-text-editor\" data-id=\"9a41984\" data-element_type=\"widget\" data-e-type=\"widget\" data-widget_type=\"text-editor.default\">\n\t\t\t\t<div class=\"elementor-widget-container\">\n\t\t\t\t\t\t\t\t\t<p><span style=\"color: var( --e-global-color-text );\"><b>Margarita Figueroa Huenutripai<br><\/b>Concejala<\/span><\/p>\n<p>Partido Comunista de Chile<br>4.185 votos \/ 6,16%<\/p>\n<p>Tel\u00e9fono: 228739276<br><b>mfigueroa@munimacul.cl<\/b><\/p>\t\t\t\t\t\t\t\t<\/div>\n\t\t\t\t<\/div>\n\t\t\t\t\t<\/div>\n\t\t<\/div>\n\t\t\t\t<div class=\"has_eae_slider elementor-column elementor-col-16 elementor-top-column elementor-element elementor-element-9d6380c\" data-eae-slider=\"83201\" data-id=\"9d6380c\" data-element_type=\"column\" data-e-type=\"column\" data-settings=\"{&quot;background_background&quot;:&quot;classic&quot;}\">\n\t\t\t<div class=\"elementor-widget-wrap elementor-element-populated\">\n\t\t\t\t\t\t<div class=\"elementor-element elementor-element-538f7c4 elementor-widget elementor-widget-image\" data-id=\"538f7c4\" data-element_type=\"widget\" data-e-type=\"widget\" data-widget_type=\"image.default\">\n\t\t\t\t<div class=\"elementor-widget-container\">\n\t\t\t\t\t\t\t\t\t\t\t\t\t\t\t<img loading=\"lazy\" decoding=\"async\" width=\"2472\" height=\"3396\" src=\"https:\/\/www.munimacul.cl\/portalnv\/wp-content\/uploads\/2024\/12\/03.png\" class=\"attachment-full size-full wp-image-38777\" alt=\"\" srcset=\"https:\/\/www.munimacul.cl\/portalnv\/wp-content\/uploads\/2024\/12\/03.png 2472w, https:\/\/www.munimacul.cl\/portalnv\/wp-content\/uploads\/2024\/12\/03-218x300.png 218w, https:\/\/www.munimacul.cl\/portalnv\/wp-content\/uploads\/2024\/12\/03-745x1024.png 745w, https:\/\/www.munimacul.cl\/portalnv\/wp-content\/uploads\/2024\/12\/03-768x1055.png 768w, https:\/\/www.munimacul.cl\/portalnv\/wp-content\/uploads\/2024\/12\/03-1118x1536.png 1118w, https:\/\/www.munimacul.cl\/portalnv\/wp-content\/uploads\/2024\/12\/03-1491x2048.png 1491w\" sizes=\"auto, (max-width: 2472px) 100vw, 2472px\" \/>\t\t\t\t\t\t\t\t\t\t\t\t\t\t\t<\/div>\n\t\t\t\t<\/div>\n\t\t\t\t<div class=\"elementor-element elementor-element-2cfc916 elementor-widget elementor-widget-text-editor\" data-id=\"2cfc916\" data-element_type=\"widget\" data-e-type=\"widget\" data-widget_type=\"text-editor.default\">\n\t\t\t\t<div class=\"elementor-widget-container\">\n\t\t\t\t\t\t\t\t\t<p><span style=\"color: var( --e-global-color-text );\"><b>Tito Sergio Puyol Carre\u00f1o<br \/><\/b><\/span><span style=\"color: var( --e-global-color-text );\">Concejal<\/span><\/p><p>Independiente<br \/>4.112 votos \/ 6,06%<\/p><p>Tel\u00e9fono: 228100735<br \/><b>spuyol@munimacul.cl<\/b><\/p>\t\t\t\t\t\t\t\t<\/div>\n\t\t\t\t<\/div>\n\t\t\t\t\t<\/div>\n\t\t<\/div>\n\t\t\t\t<div class=\"has_eae_slider elementor-column elementor-col-16 elementor-top-column elementor-element elementor-element-2e0d08d\" data-eae-slider=\"93615\" data-id=\"2e0d08d\" data-element_type=\"column\" data-e-type=\"column\" data-settings=\"{&quot;background_background&quot;:&quot;classic&quot;}\">\n\t\t\t<div class=\"elementor-widget-wrap elementor-element-populated\">\n\t\t\t\t\t\t<div class=\"elementor-element elementor-element-2a06cfa elementor-widget elementor-widget-image\" data-id=\"2a06cfa\" data-element_type=\"widget\" data-e-type=\"widget\" data-widget_type=\"image.default\">\n\t\t\t\t<div class=\"elementor-widget-container\">\n\t\t\t\t\t\t\t\t\t\t\t\t\t\t\t<img loading=\"lazy\" decoding=\"async\" width=\"2472\" height=\"3396\" src=\"https:\/\/www.munimacul.cl\/portalnv\/wp-content\/uploads\/2024\/12\/04.png\" class=\"attachment-full size-full wp-image-38778\" alt=\"\" srcset=\"https:\/\/www.munimacul.cl\/portalnv\/wp-content\/uploads\/2024\/12\/04.png 2472w, https:\/\/www.munimacul.cl\/portalnv\/wp-content\/uploads\/2024\/12\/04-218x300.png 218w, https:\/\/www.munimacul.cl\/portalnv\/wp-content\/uploads\/2024\/12\/04-745x1024.png 745w, https:\/\/www.munimacul.cl\/portalnv\/wp-content\/uploads\/2024\/12\/04-768x1055.png 768w, https:\/\/www.munimacul.cl\/portalnv\/wp-content\/uploads\/2024\/12\/04-1118x1536.png 1118w, https:\/\/www.munimacul.cl\/portalnv\/wp-content\/uploads\/2024\/12\/04-1491x2048.png 1491w\" sizes=\"auto, (max-width: 2472px) 100vw, 2472px\" \/>\t\t\t\t\t\t\t\t\t\t\t\t\t\t\t<\/div>\n\t\t\t\t<\/div>\n\t\t\t\t<div class=\"elementor-element elementor-element-c4d386e elementor-widget elementor-widget-text-editor\" data-id=\"c4d386e\" data-element_type=\"widget\" data-e-type=\"widget\" data-widget_type=\"text-editor.default\">\n\t\t\t\t<div class=\"elementor-widget-container\">\n\t\t\t\t\t\t\t\t\t<p><span style=\"color: var( --e-global-color-text );\"><b>Cristian Aguil\u00f3 Armstrong<br \/><\/b>Concejal<\/span><\/p><p>Renovaci\u00f3n Nacional<br \/>3.576 votos \/ 5,27%<\/p><p>Tel\u00e9fono: 228100736<br \/><b>caguilo@munimacul.cl<\/b><\/p>\t\t\t\t\t\t\t\t<\/div>\n\t\t\t\t<\/div>\n\t\t\t\t\t<\/div>\n\t\t<\/div>\n\t\t\t\t<div class=\"has_eae_slider elementor-column elementor-col-16 elementor-top-column elementor-element elementor-element-cd04ea1\" data-eae-slider=\"34996\" data-id=\"cd04ea1\" data-element_type=\"column\" data-e-type=\"column\">\n\t\t\t<div class=\"elementor-widget-wrap\">\n\t\t\t\t\t\t\t<\/div>\n\t\t<\/div>\n\t\t\t\t\t<\/div>\n\t\t<\/section>\n\t\t\t\t<section class=\"has_eae_slider elementor-section elementor-top-section elementor-element elementor-element-d763b70 elementor-section-full_width elementor-section-stretched elementor-section-height-default elementor-section-height-default\" data-eae-slider=\"55975\" data-id=\"d763b70\" data-element_type=\"section\" data-e-type=\"section\" data-settings=\"{&quot;stretch_section&quot;:&quot;section-stretched&quot;}\">\n\t\t\t\t\t\t\t<div class=\"elementor-background-overlay\"><\/div>\n\t\t\t\t\t\t\t<div class=\"elementor-container elementor-column-gap-default\">\n\t\t\t\t\t<div class=\"has_eae_slider elementor-column elementor-col-16 elementor-top-column elementor-element elementor-element-51bb6cb\" data-eae-slider=\"27321\" data-id=\"51bb6cb\" data-element_type=\"column\" data-e-type=\"column\">\n\t\t\t<div class=\"elementor-widget-wrap\">\n\t\t\t\t\t\t\t<\/div>\n\t\t<\/div>\n\t\t\t\t<div class=\"has_eae_slider elementor-column elementor-col-16 elementor-top-column elementor-element elementor-element-b586b26\" data-eae-slider=\"56204\" data-id=\"b586b26\" data-element_type=\"column\" data-e-type=\"column\" data-settings=\"{&quot;background_background&quot;:&quot;classic&quot;}\">\n\t\t\t<div class=\"elementor-widget-wrap elementor-element-populated\">\n\t\t\t\t\t\t<div class=\"elementor-element elementor-element-361e565 elementor-widget elementor-widget-image\" data-id=\"361e565\" data-element_type=\"widget\" data-e-type=\"widget\" data-widget_type=\"image.default\">\n\t\t\t\t<div class=\"elementor-widget-container\">\n\t\t\t\t\t\t\t\t\t\t\t\t\t\t\t<img loading=\"lazy\" decoding=\"async\" width=\"2472\" height=\"3396\" src=\"https:\/\/www.munimacul.cl\/portalnv\/wp-content\/uploads\/2024\/12\/05.png\" class=\"attachment-full size-full wp-image-38779\" alt=\"\" srcset=\"https:\/\/www.munimacul.cl\/portalnv\/wp-content\/uploads\/2024\/12\/05.png 2472w, https:\/\/www.munimacul.cl\/portalnv\/wp-content\/uploads\/2024\/12\/05-218x300.png 218w, https:\/\/www.munimacul.cl\/portalnv\/wp-content\/uploads\/2024\/12\/05-745x1024.png 745w, https:\/\/www.munimacul.cl\/portalnv\/wp-content\/uploads\/2024\/12\/05-768x1055.png 768w, https:\/\/www.munimacul.cl\/portalnv\/wp-content\/uploads\/2024\/12\/05-1118x1536.png 1118w, https:\/\/www.munimacul.cl\/portalnv\/wp-content\/uploads\/2024\/12\/05-1491x2048.png 1491w\" sizes=\"auto, (max-width: 2472px) 100vw, 2472px\" \/>\t\t\t\t\t\t\t\t\t\t\t\t\t\t\t<\/div>\n\t\t\t\t<\/div>\n\t\t\t\t<div class=\"elementor-element elementor-element-fcb4312 elementor-widget elementor-widget-text-editor\" data-id=\"fcb4312\" data-element_type=\"widget\" data-e-type=\"widget\" data-widget_type=\"text-editor.default\">\n\t\t\t\t<div class=\"elementor-widget-container\">\n\t\t\t\t\t\t\t\t\t<p><b>Ximena Zuleta Dinamarca<br \/><\/b><span style=\"color: var( --e-global-color-text );\">Concejala<\/span><\/p><p>Partido Democracia Cristiana<br \/>2.358 votos \/ 3,47%<\/p><p>Tel\u00e9fono: 228100739<br \/><b>xzuleta@munimacul.cl<\/b><\/p>\t\t\t\t\t\t\t\t<\/div>\n\t\t\t\t<\/div>\n\t\t\t\t\t<\/div>\n\t\t<\/div>\n\t\t\t\t<div class=\"has_eae_slider elementor-column elementor-col-16 elementor-top-column elementor-element elementor-element-4f624ed\" data-eae-slider=\"49621\" data-id=\"4f624ed\" data-element_type=\"column\" data-e-type=\"column\" data-settings=\"{&quot;background_background&quot;:&quot;classic&quot;}\">\n\t\t\t<div class=\"elementor-widget-wrap elementor-element-populated\">\n\t\t\t\t\t\t<div class=\"elementor-element elementor-element-f832a17 elementor-widget elementor-widget-image\" data-id=\"f832a17\" data-element_type=\"widget\" data-e-type=\"widget\" data-widget_type=\"image.default\">\n\t\t\t\t<div class=\"elementor-widget-container\">\n\t\t\t\t\t\t\t\t\t\t\t\t\t\t\t<img loading=\"lazy\" decoding=\"async\" width=\"2472\" height=\"3396\" src=\"https:\/\/www.munimacul.cl\/portalnv\/wp-content\/uploads\/2024\/12\/06.png\" class=\"attachment-full size-full wp-image-38780\" alt=\"\" srcset=\"https:\/\/www.munimacul.cl\/portalnv\/wp-content\/uploads\/2024\/12\/06.png 2472w, https:\/\/www.munimacul.cl\/portalnv\/wp-content\/uploads\/2024\/12\/06-218x300.png 218w, https:\/\/www.munimacul.cl\/portalnv\/wp-content\/uploads\/2024\/12\/06-745x1024.png 745w, https:\/\/www.munimacul.cl\/portalnv\/wp-content\/uploads\/2024\/12\/06-768x1055.png 768w, https:\/\/www.munimacul.cl\/portalnv\/wp-content\/uploads\/2024\/12\/06-1118x1536.png 1118w, https:\/\/www.munimacul.cl\/portalnv\/wp-content\/uploads\/2024\/12\/06-1491x2048.png 1491w\" sizes=\"auto, (max-width: 2472px) 100vw, 2472px\" \/>\t\t\t\t\t\t\t\t\t\t\t\t\t\t\t<\/div>\n\t\t\t\t<\/div>\n\t\t\t\t<div class=\"elementor-element elementor-element-bbb1d43 elementor-widget elementor-widget-text-editor\" data-id=\"bbb1d43\" data-element_type=\"widget\" data-e-type=\"widget\" data-widget_type=\"text-editor.default\">\n\t\t\t\t<div class=\"elementor-widget-container\">\n\t\t\t\t\t\t\t\t\t<p><b>Soledad P\u00e9rez Pe\u00f1a<br \/><\/b><span style=\"color: var( --e-global-color-text );\">Concejala<\/span><\/p><p>Partido Alianza Verde Popular<br \/>2.152 votos \/ 3,17%<\/p><p>Tel\u00e9fono: 228100734<br \/><b>sperez@munimacul.cl<\/b><\/p>\t\t\t\t\t\t\t\t<\/div>\n\t\t\t\t<\/div>\n\t\t\t\t\t<\/div>\n\t\t<\/div>\n\t\t\t\t<div class=\"has_eae_slider elementor-column elementor-col-16 elementor-top-column elementor-element elementor-element-508d840\" data-eae-slider=\"55151\" data-id=\"508d840\" data-element_type=\"column\" data-e-type=\"column\" data-settings=\"{&quot;background_background&quot;:&quot;classic&quot;}\">\n\t\t\t<div class=\"elementor-widget-wrap elementor-element-populated\">\n\t\t\t\t\t\t<div class=\"elementor-element elementor-element-4f7beba elementor-widget elementor-widget-image\" data-id=\"4f7beba\" data-element_type=\"widget\" data-e-type=\"widget\" data-widget_type=\"image.default\">\n\t\t\t\t<div class=\"elementor-widget-container\">\n\t\t\t\t\t\t\t\t\t\t\t\t\t\t\t<img loading=\"lazy\" decoding=\"async\" width=\"2472\" height=\"3396\" src=\"https:\/\/www.munimacul.cl\/portalnv\/wp-content\/uploads\/2024\/12\/07.png\" class=\"attachment-full size-full wp-image-38781\" alt=\"\" srcset=\"https:\/\/www.munimacul.cl\/portalnv\/wp-content\/uploads\/2024\/12\/07.png 2472w, https:\/\/www.munimacul.cl\/portalnv\/wp-content\/uploads\/2024\/12\/07-218x300.png 218w, https:\/\/www.munimacul.cl\/portalnv\/wp-content\/uploads\/2024\/12\/07-745x1024.png 745w, https:\/\/www.munimacul.cl\/portalnv\/wp-content\/uploads\/2024\/12\/07-768x1055.png 768w, https:\/\/www.munimacul.cl\/portalnv\/wp-content\/uploads\/2024\/12\/07-1118x1536.png 1118w, https:\/\/www.munimacul.cl\/portalnv\/wp-content\/uploads\/2024\/12\/07-1491x2048.png 1491w\" sizes=\"auto, (max-width: 2472px) 100vw, 2472px\" \/>\t\t\t\t\t\t\t\t\t\t\t\t\t\t\t<\/div>\n\t\t\t\t<\/div>\n\t\t\t\t<div class=\"elementor-element elementor-element-c643c81 elementor-widget elementor-widget-text-editor\" data-id=\"c643c81\" data-element_type=\"widget\" data-e-type=\"widget\" data-widget_type=\"text-editor.default\">\n\t\t\t\t<div class=\"elementor-widget-container\">\n\t\t\t\t\t\t\t\t\t<p><span style=\"color: var( --e-global-color-text );\"><b>Jaime L\u00f3pez Larra\u00edn<br \/><\/b><\/span><span style=\"color: var( --e-global-color-text );\">Concejal<\/span><\/p><p>Federaci\u00f3n Regionalista Verde Social<br \/>1.554 votos \/ 2,29%<\/p><p>Tel\u00e9fono: 228100733<br \/><b>jaimelopezlarrain@munimacul.cl<\/b><\/p>\t\t\t\t\t\t\t\t<\/div>\n\t\t\t\t<\/div>\n\t\t\t\t\t<\/div>\n\t\t<\/div>\n\t\t\t\t<div class=\"has_eae_slider elementor-column elementor-col-16 elementor-top-column elementor-element elementor-element-6565f87\" data-eae-slider=\"2268\" data-id=\"6565f87\" data-element_type=\"column\" data-e-type=\"column\" data-settings=\"{&quot;background_background&quot;:&quot;classic&quot;}\">\n\t\t\t<div class=\"elementor-widget-wrap elementor-element-populated\">\n\t\t\t\t\t\t<div class=\"elementor-element elementor-element-c08e919 elementor-widget elementor-widget-image\" data-id=\"c08e919\" data-element_type=\"widget\" data-e-type=\"widget\" data-widget_type=\"image.default\">\n\t\t\t\t<div class=\"elementor-widget-container\">\n\t\t\t\t\t\t\t\t\t\t\t\t\t\t\t<img loading=\"lazy\" decoding=\"async\" width=\"2472\" height=\"3396\" src=\"https:\/\/www.munimacul.cl\/portalnv\/wp-content\/uploads\/2024\/12\/08.png\" class=\"attachment-full size-full wp-image-38782\" alt=\"\" srcset=\"https:\/\/www.munimacul.cl\/portalnv\/wp-content\/uploads\/2024\/12\/08.png 2472w, https:\/\/www.munimacul.cl\/portalnv\/wp-content\/uploads\/2024\/12\/08-218x300.png 218w, https:\/\/www.munimacul.cl\/portalnv\/wp-content\/uploads\/2024\/12\/08-745x1024.png 745w, https:\/\/www.munimacul.cl\/portalnv\/wp-content\/uploads\/2024\/12\/08-768x1055.png 768w, https:\/\/www.munimacul.cl\/portalnv\/wp-content\/uploads\/2024\/12\/08-1118x1536.png 1118w, https:\/\/www.munimacul.cl\/portalnv\/wp-content\/uploads\/2024\/12\/08-1491x2048.png 1491w\" sizes=\"auto, (max-width: 2472px) 100vw, 2472px\" \/>\t\t\t\t\t\t\t\t\t\t\t\t\t\t\t<\/div>\n\t\t\t\t<\/div>\n\t\t\t\t<div class=\"elementor-element elementor-element-b6aee96 elementor-widget elementor-widget-text-editor\" data-id=\"b6aee96\" data-element_type=\"widget\" data-e-type=\"widget\" data-widget_type=\"text-editor.default\">\n\t\t\t\t<div class=\"elementor-widget-container\">\n\t\t\t\t\t\t\t\t\t<p><span style=\"color: var( --e-global-color-text );\"><b>Michael Urra Depaulo<br><\/b><\/span><span style=\"color: var( --e-global-color-text );\">Concejal<\/span><\/p>\n<p>Partido Frente Amplio<br><br>1.372 votos \/ 2,02%<\/p>\n<p>Tel\u00e9fono: 228100730<br><b>murra@munimacul.cl<\/b><\/p>\t\t\t\t\t\t\t\t<\/div>\n\t\t\t\t<\/div>\n\t\t\t\t\t<\/div>\n\t\t<\/div>\n\t\t\t\t<div class=\"has_eae_slider elementor-column elementor-col-16 elementor-top-column elementor-element elementor-element-4df7fb3\" data-eae-slider=\"66312\" data-id=\"4df7fb3\" data-element_type=\"column\" data-e-type=\"column\">\n\t\t\t<div class=\"elementor-widget-wrap\">\n\t\t\t\t\t\t\t<\/div>\n\t\t<\/div>\n\t\t\t\t\t<\/div>\n\t\t<\/section>\n\t\t\t\t<section class=\"has_eae_slider elementor-section elementor-top-section elementor-element elementor-element-2a4a787 elementor-section-full_width elementor-section-stretched elementor-section-height-default elementor-section-height-default\" data-eae-slider=\"53807\" data-id=\"2a4a787\" data-element_type=\"section\" data-e-type=\"section\" data-settings=\"{&quot;stretch_section&quot;:&quot;section-stretched&quot;,&quot;background_background&quot;:&quot;classic&quot;}\">\n\t\t\t\t\t\t<div class=\"elementor-container elementor-column-gap-default\">\n\t\t\t\t\t<div class=\"has_eae_slider elementor-column elementor-col-100 elementor-top-column elementor-element elementor-element-270a487\" data-eae-slider=\"84222\" data-id=\"270a487\" data-element_type=\"column\" data-e-type=\"column\">\n\t\t\t<div class=\"elementor-widget-wrap elementor-element-populated\">\n\t\t\t\t\t\t<div class=\"elementor-element elementor-element-15c8e21 elementor-widget elementor-widget-text-editor\" data-id=\"15c8e21\" data-element_type=\"widget\" data-e-type=\"widget\" data-widget_type=\"text-editor.default\">\n\t\t\t\t<div class=\"elementor-widget-container\">\n\t\t\t\t\t\t\t\t\t<p><b>Fuente<i>:\u00a0<\/i><\/b><span style=\"color: #0000ff;\"><a style=\"background-color: #ffffff; color: #0000ff;\" href=\"http:\/\/www.servel.cl\" target=\"_blank\" rel=\"noopener\"><b>www.servel.cl<\/b><\/a><\/span><\/p>\t\t\t\t\t\t\t\t<\/div>\n\t\t\t\t<\/div>\n\t\t\t\t\t<\/div>\n\t\t<\/div>\n\t\t\t\t\t<\/div>\n\t\t<\/section>\n\t\t\t\t<\/div>\n\t\t","protected":false},"excerpt":{"rendered":"<p>CONCEJO MUNICIPAL DE MACUL El Honorable Concejo Municipal de Macul est\u00e1 compuesto por ocho concejales. Duran cuatro a\u00f1os en sus cargos y pueden ser reelegidos. \u00bfCu\u00e1les son los requisitos para ser Concejal \/ Concejala? Ser ciudadano con derecho a sufragio, saber leer y escribir, tener residencia en la regi\u00f3n a la que pertenezca la respectiva &#8230; <\/p>\n<p class=\"read-more-container\"><a title=\"Concejo Municipal\" class=\"read-more button\" href=\"https:\/\/www.munimacul.cl\/portalnv\/index.php\/concejo-municipal\/#more-29728\" aria-label=\"Leer m\u00e1s sobre Concejo Municipal\">Read more<\/a><\/p>\n","protected":false},"author":1,"featured_media":0,"parent":0,"menu_order":0,"comment_status":"closed","ping_status":"closed","template":"","meta":{"footnotes":""},"class_list":["post-29728","page","type-page","status-publish"],"_links":{"self":[{"href":"https:\/\/www.munimacul.cl\/portalnv\/index.php\/wp-json\/wp\/v2\/pages\/29728","targetHints":{"allow":["GET"]}}],"collection":[{"href":"https:\/\/www.munimacul.cl\/portalnv\/index.php\/wp-json\/wp\/v2\/pages"}],"about":[{"href":"https:\/\/www.munimacul.cl\/portalnv\/index.php\/wp-json\/wp\/v2\/types\/page"}],"author":[{"embeddable":true,"href":"https:\/\/www.munimacul.cl\/portalnv\/index.php\/wp-json\/wp\/v2\/users\/1"}],"replies":[{"embeddable":true,"href":"https:\/\/www.munimacul.cl\/portalnv\/index.php\/wp-json\/wp\/v2\/comments?post=29728"}],"version-history":[{"count":267,"href":"https:\/\/www.munimacul.cl\/portalnv\/index.php\/wp-json\/wp\/v2\/pages\/29728\/revisions"}],"predecessor-version":[{"id":43340,"href":"https:\/\/www.munimacul.cl\/portalnv\/index.php\/wp-json\/wp\/v2\/pages\/29728\/revisions\/43340"}],"wp:attachment":[{"href":"https:\/\/www.munimacul.cl\/portalnv\/index.php\/wp-json\/wp\/v2\/media?parent=29728"}],"curies":[{"name":"wp","href":"https:\/\/api.w.org\/{rel}","templated":true}]}}