{"id":30338,"date":"2023-04-03T15:32:25","date_gmt":"2023-04-03T19:32:25","guid":{"rendered":"https:\/\/www.munimacul.cl\/portalnv\/?page_id=30338"},"modified":"2023-08-16T18:44:16","modified_gmt":"2023-08-16T22:44:16","slug":"quiero-mi-barrio-voces-barriales","status":"publish","type":"page","link":"https:\/\/www.munimacul.cl\/portalnv\/index.php\/quiero-mi-barrio-voces-barriales\/","title":{"rendered":"Quiero Mi Barrio &#8211; Voces Barriales"},"content":{"rendered":"\t\t<div data-elementor-type=\"wp-page\" data-elementor-id=\"30338\" class=\"elementor elementor-30338\" data-elementor-post-type=\"page\">\n\t\t\t\t\t\t<section class=\"has_eae_slider elementor-section elementor-top-section elementor-element elementor-element-ec525f5 elementor-section-full_width elementor-section-height-default elementor-section-height-default\" data-eae-slider=\"73354\" data-id=\"ec525f5\" data-element_type=\"section\" data-e-type=\"section\" data-settings=\"{&quot;background_background&quot;:&quot;classic&quot;}\">\n\t\t\t\t\t\t\t<div class=\"elementor-background-overlay\"><\/div>\n\t\t\t\t\t\t\t<div class=\"elementor-container elementor-column-gap-default\">\n\t\t\t\t\t<div class=\"has_eae_slider elementor-column elementor-col-33 elementor-top-column elementor-element elementor-element-90928b0\" data-eae-slider=\"17106\" data-id=\"90928b0\" data-element_type=\"column\" data-e-type=\"column\">\n\t\t\t<div class=\"elementor-widget-wrap\">\n\t\t\t\t\t\t\t<\/div>\n\t\t<\/div>\n\t\t\t\t<div class=\"has_eae_slider elementor-column elementor-col-33 elementor-top-column elementor-element elementor-element-3ca22de\" data-eae-slider=\"43584\" data-id=\"3ca22de\" data-element_type=\"column\" data-e-type=\"column\">\n\t\t\t<div class=\"elementor-widget-wrap elementor-element-populated\">\n\t\t\t\t\t\t<div class=\"elementor-element elementor-element-a2e7f6e elementor-widget elementor-widget-image\" data-id=\"a2e7f6e\" data-element_type=\"widget\" data-e-type=\"widget\" data-widget_type=\"image.default\">\n\t\t\t\t<div class=\"elementor-widget-container\">\n\t\t\t\t\t\t\t\t\t\t\t\t\t\t\t<img loading=\"lazy\" decoding=\"async\" width=\"1920\" height=\"250\" src=\"https:\/\/www.munimacul.cl\/portalnv\/wp-content\/uploads\/2023\/04\/FORMATO-BANNER-HOME-PNG.png\" class=\"attachment-full size-full wp-image-30527\" alt=\"\" srcset=\"https:\/\/www.munimacul.cl\/portalnv\/wp-content\/uploads\/2023\/04\/FORMATO-BANNER-HOME-PNG.png 1920w, https:\/\/www.munimacul.cl\/portalnv\/wp-content\/uploads\/2023\/04\/FORMATO-BANNER-HOME-PNG-300x39.png 300w, https:\/\/www.munimacul.cl\/portalnv\/wp-content\/uploads\/2023\/04\/FORMATO-BANNER-HOME-PNG-1024x133.png 1024w, https:\/\/www.munimacul.cl\/portalnv\/wp-content\/uploads\/2023\/04\/FORMATO-BANNER-HOME-PNG-768x100.png 768w, https:\/\/www.munimacul.cl\/portalnv\/wp-content\/uploads\/2023\/04\/FORMATO-BANNER-HOME-PNG-1536x200.png 1536w\" sizes=\"auto, (max-width: 1920px) 100vw, 1920px\" \/>\t\t\t\t\t\t\t\t\t\t\t\t\t\t\t<\/div>\n\t\t\t\t<\/div>\n\t\t\t\t\t<\/div>\n\t\t<\/div>\n\t\t\t\t<div class=\"has_eae_slider elementor-column elementor-col-33 elementor-top-column elementor-element elementor-element-aa96612\" data-eae-slider=\"28198\" data-id=\"aa96612\" data-element_type=\"column\" data-e-type=\"column\">\n\t\t\t<div class=\"elementor-widget-wrap\">\n\t\t\t\t\t\t\t<\/div>\n\t\t<\/div>\n\t\t\t\t\t<\/div>\n\t\t<\/section>\n\t\t\t\t<section class=\"has_eae_slider elementor-section elementor-top-section elementor-element elementor-element-11ba2fc elementor-section-full_width elementor-section-height-default elementor-section-height-default\" data-eae-slider=\"77518\" data-id=\"11ba2fc\" data-element_type=\"section\" data-e-type=\"section\" data-settings=\"{&quot;background_background&quot;:&quot;classic&quot;}\">\n\t\t\t\t\t\t<div class=\"elementor-container elementor-column-gap-default\">\n\t\t\t\t\t<div class=\"has_eae_slider elementor-column elementor-col-100 elementor-top-column elementor-element elementor-element-c8bb903\" data-eae-slider=\"94199\" data-id=\"c8bb903\" data-element_type=\"column\" data-e-type=\"column\">\n\t\t\t<div class=\"elementor-widget-wrap elementor-element-populated\">\n\t\t\t\t\t\t<div class=\"elementor-element elementor-element-9b42572 elementor-widget elementor-widget-heading\" data-id=\"9b42572\" data-element_type=\"widget\" data-e-type=\"widget\" data-widget_type=\"heading.default\">\n\t\t\t\t<div class=\"elementor-widget-container\">\n\t\t\t\t\t<h2 class=\"elementor-heading-title elementor-size-default\"><b>PROGRAMA QUIERO MI BARRIO \/ VILLA CAUPOLIC\u00c1N  - LAS TORRES<\/b><\/h2>\t\t\t\t<\/div>\n\t\t\t\t<\/div>\n\t\t\t\t\t<\/div>\n\t\t<\/div>\n\t\t\t\t\t<\/div>\n\t\t<\/section>\n\t\t\t\t<section class=\"has_eae_slider elementor-section elementor-top-section elementor-element elementor-element-15805bc elementor-section-full_width elementor-section-height-default elementor-section-height-default\" data-eae-slider=\"7292\" data-id=\"15805bc\" data-element_type=\"section\" data-e-type=\"section\" data-settings=\"{&quot;background_background&quot;:&quot;classic&quot;}\">\n\t\t\t\t\t\t<div class=\"elementor-container elementor-column-gap-default\">\n\t\t\t\t\t<div class=\"has_eae_slider elementor-column elementor-col-25 elementor-top-column elementor-element elementor-element-52f863d\" data-eae-slider=\"43080\" data-id=\"52f863d\" data-element_type=\"column\" data-e-type=\"column\">\n\t\t\t<div class=\"elementor-widget-wrap\">\n\t\t\t\t\t\t\t<\/div>\n\t\t<\/div>\n\t\t\t\t<div class=\"has_eae_slider elementor-column elementor-col-25 elementor-top-column elementor-element elementor-element-98cbffb\" data-eae-slider=\"32474\" data-id=\"98cbffb\" data-element_type=\"column\" data-e-type=\"column\">\n\t\t\t<div class=\"elementor-widget-wrap\">\n\t\t\t\t\t\t\t<\/div>\n\t\t<\/div>\n\t\t\t\t<div class=\"has_eae_slider elementor-column elementor-col-25 elementor-top-column elementor-element elementor-element-829225a\" data-eae-slider=\"73535\" data-id=\"829225a\" data-element_type=\"column\" data-e-type=\"column\">\n\t\t\t<div class=\"elementor-widget-wrap elementor-element-populated\">\n\t\t\t\t\t\t<div class=\"elementor-element elementor-element-5f1be43 elementor-search-form--skin-classic elementor-search-form--button-type-icon elementor-search-form--icon-search elementor-widget elementor-widget-search-form\" data-id=\"5f1be43\" data-element_type=\"widget\" data-e-type=\"widget\" data-settings=\"{&quot;skin&quot;:&quot;classic&quot;}\" data-widget_type=\"search-form.default\">\n\t\t\t\t<div class=\"elementor-widget-container\">\n\t\t\t\t\t\t\t<search role=\"search\">\n\t\t\t<form class=\"elementor-search-form\" action=\"https:\/\/www.munimacul.cl\/portalnv\" method=\"get\">\n\t\t\t\t\t\t\t\t\t\t\t\t<div class=\"elementor-search-form__container\">\n\t\t\t\t\t<label class=\"elementor-screen-only\" for=\"elementor-search-form-5f1be43\">Buscar<\/label>\n\n\t\t\t\t\t\n\t\t\t\t\t<input id=\"elementor-search-form-5f1be43\" placeholder=\"Buscar...\" class=\"elementor-search-form__input\" type=\"search\" name=\"s\" value=\"\">\n\t\t\t\t\t\n\t\t\t\t\t\t\t\t\t\t\t<button class=\"elementor-search-form__submit\" type=\"submit\" aria-label=\"Buscar\">\n\t\t\t\t\t\t\t\t\t\t\t\t\t\t\t<i aria-hidden=\"true\" class=\"fas fa-search\"><\/i>\t\t\t\t\t\t\t\t\t\t\t\t\t<\/button>\n\t\t\t\t\t\n\t\t\t\t\t\t\t\t\t<\/div>\n\t\t\t<\/form>\n\t\t<\/search>\n\t\t\t\t\t\t<\/div>\n\t\t\t\t<\/div>\n\t\t\t\t\t<\/div>\n\t\t<\/div>\n\t\t\t\t<div class=\"has_eae_slider elementor-column elementor-col-25 elementor-top-column elementor-element elementor-element-9b96cbb\" data-eae-slider=\"42278\" data-id=\"9b96cbb\" data-element_type=\"column\" data-e-type=\"column\">\n\t\t\t<div class=\"elementor-widget-wrap\">\n\t\t\t\t\t\t\t<\/div>\n\t\t<\/div>\n\t\t\t\t\t<\/div>\n\t\t<\/section>\n\t\t\t\t<section class=\"has_eae_slider elementor-section elementor-top-section elementor-element elementor-element-c2c30b9 elementor-section-full_width elementor-section-height-default elementor-section-height-default\" data-eae-slider=\"66829\" data-id=\"c2c30b9\" data-element_type=\"section\" data-e-type=\"section\" data-settings=\"{&quot;background_background&quot;:&quot;classic&quot;}\">\n\t\t\t\t\t\t<div class=\"elementor-container elementor-column-gap-default\">\n\t\t\t\t\t<div class=\"has_eae_slider elementor-column elementor-col-100 elementor-top-column elementor-element elementor-element-9cf4b93\" data-eae-slider=\"89824\" data-id=\"9cf4b93\" data-element_type=\"column\" data-e-type=\"column\">\n\t\t\t<div class=\"elementor-widget-wrap elementor-element-populated\">\n\t\t\t\t\t\t<div class=\"elementor-element elementor-element-caa4960 elementor-nav-menu__align-center elementor-nav-menu--dropdown-tablet elementor-nav-menu__text-align-aside elementor-nav-menu--toggle elementor-nav-menu--burger elementor-widget elementor-widget-nav-menu\" data-id=\"caa4960\" data-element_type=\"widget\" data-e-type=\"widget\" data-settings=\"{&quot;layout&quot;:&quot;horizontal&quot;,&quot;submenu_icon&quot;:{&quot;value&quot;:&quot;&lt;i class=\\&quot;fas fa-caret-down\\&quot; aria-hidden=\\&quot;true\\&quot;&gt;&lt;\\\/i&gt;&quot;,&quot;library&quot;:&quot;fa-solid&quot;},&quot;toggle&quot;:&quot;burger&quot;}\" data-widget_type=\"nav-menu.default\">\n\t\t\t\t<div class=\"elementor-widget-container\">\n\t\t\t\t\t\t\t\t<nav aria-label=\"Men\u00fa\" class=\"elementor-nav-menu--main elementor-nav-menu__container elementor-nav-menu--layout-horizontal e--pointer-underline e--animation-fade\">\n\t\t\t\t<ul id=\"menu-1-caa4960\" class=\"elementor-nav-menu\"><li class=\"menu-item menu-item-type-custom menu-item-object-custom menu-item-30546\"><a href=\"https:\/\/www.munimacul.cl\/portalnv\/index.php\/quiero-mi-barrio\/\" class=\"elementor-item\">Inicio<\/a><\/li>\n<li class=\"menu-item menu-item-type-post_type menu-item-object-page menu-item-30670\"><a href=\"https:\/\/www.munimacul.cl\/portalnv\/index.php\/quiero-mi-barrio-quienes-somos\/\" class=\"elementor-item\">Quienes Somos<\/a><\/li>\n<li class=\"menu-item menu-item-type-custom menu-item-object-custom menu-item-29287\"><a href=\"https:\/\/www.munimacul.cl\/portalnv\/index.php\/quiero-mi-barrio-programa\/\" class=\"elementor-item\">El Programa<\/a><\/li>\n<li class=\"menu-item menu-item-type-custom menu-item-object-custom menu-item-30399\"><a href=\"https:\/\/www.munimacul.cl\/portalnv\/?page_id=30400\" class=\"elementor-item\">Nuestros Proyectos<\/a><\/li>\n<li class=\"menu-item menu-item-type-custom menu-item-object-custom menu-item-29292\"><a href=\"https:\/\/www.munimacul.cl\/portalnv\/index.php\/quiero-mi-barrio-voces-barriales\/\" class=\"elementor-item\">Voces Barriales<\/a><\/li>\n<li class=\"menu-item menu-item-type-custom menu-item-object-custom menu-item-29293\"><a href=\"https:\/\/www.munimacul.cl\/portalnv\/index.php\/quiero-mi-barrio-memoria\/\" class=\"elementor-item\">Memoria<\/a><\/li>\n<li class=\"menu-item menu-item-type-post_type menu-item-object-page menu-item-36833\"><a href=\"https:\/\/www.munimacul.cl\/portalnv\/index.php\/quiero-mi-barrio-info-barrio\/\" class=\"elementor-item\">Info Barrio<\/a><\/li>\n<\/ul>\t\t\t<\/nav>\n\t\t\t\t\t<div class=\"elementor-menu-toggle\" role=\"button\" tabindex=\"0\" aria-label=\"Alternar men\u00fa\" aria-expanded=\"false\">\n\t\t\t<i aria-hidden=\"true\" role=\"presentation\" class=\"elementor-menu-toggle__icon--open eicon-menu-bar\"><\/i><i aria-hidden=\"true\" role=\"presentation\" class=\"elementor-menu-toggle__icon--close eicon-close\"><\/i>\t\t<\/div>\n\t\t\t\t\t<nav class=\"elementor-nav-menu--dropdown elementor-nav-menu__container\" aria-hidden=\"true\">\n\t\t\t\t<ul id=\"menu-2-caa4960\" class=\"elementor-nav-menu\"><li class=\"menu-item menu-item-type-custom menu-item-object-custom menu-item-30546\"><a href=\"https:\/\/www.munimacul.cl\/portalnv\/index.php\/quiero-mi-barrio\/\" class=\"elementor-item\" tabindex=\"-1\">Inicio<\/a><\/li>\n<li class=\"menu-item menu-item-type-post_type menu-item-object-page menu-item-30670\"><a href=\"https:\/\/www.munimacul.cl\/portalnv\/index.php\/quiero-mi-barrio-quienes-somos\/\" class=\"elementor-item\" tabindex=\"-1\">Quienes Somos<\/a><\/li>\n<li class=\"menu-item menu-item-type-custom menu-item-object-custom menu-item-29287\"><a href=\"https:\/\/www.munimacul.cl\/portalnv\/index.php\/quiero-mi-barrio-programa\/\" class=\"elementor-item\" tabindex=\"-1\">El Programa<\/a><\/li>\n<li class=\"menu-item menu-item-type-custom menu-item-object-custom menu-item-30399\"><a href=\"https:\/\/www.munimacul.cl\/portalnv\/?page_id=30400\" class=\"elementor-item\" tabindex=\"-1\">Nuestros Proyectos<\/a><\/li>\n<li class=\"menu-item menu-item-type-custom menu-item-object-custom menu-item-29292\"><a href=\"https:\/\/www.munimacul.cl\/portalnv\/index.php\/quiero-mi-barrio-voces-barriales\/\" class=\"elementor-item\" tabindex=\"-1\">Voces Barriales<\/a><\/li>\n<li class=\"menu-item menu-item-type-custom menu-item-object-custom menu-item-29293\"><a href=\"https:\/\/www.munimacul.cl\/portalnv\/index.php\/quiero-mi-barrio-memoria\/\" class=\"elementor-item\" tabindex=\"-1\">Memoria<\/a><\/li>\n<li class=\"menu-item menu-item-type-post_type menu-item-object-page menu-item-36833\"><a href=\"https:\/\/www.munimacul.cl\/portalnv\/index.php\/quiero-mi-barrio-info-barrio\/\" class=\"elementor-item\" tabindex=\"-1\">Info Barrio<\/a><\/li>\n<\/ul>\t\t\t<\/nav>\n\t\t\t\t\t\t<\/div>\n\t\t\t\t<\/div>\n\t\t\t\t\t<\/div>\n\t\t<\/div>\n\t\t\t\t\t<\/div>\n\t\t<\/section>\n\t\t\t\t<section class=\"has_eae_slider elementor-section elementor-top-section elementor-element elementor-element-a85f97c elementor-section-full_width elementor-section-height-default elementor-section-height-default\" data-eae-slider=\"88965\" data-id=\"a85f97c\" data-element_type=\"section\" data-e-type=\"section\" data-settings=\"{&quot;background_background&quot;:&quot;classic&quot;}\">\n\t\t\t\t\t\t<div class=\"elementor-container elementor-column-gap-default\">\n\t\t\t\t\t<div class=\"has_eae_slider elementor-column elementor-col-33 elementor-top-column elementor-element elementor-element-c0c9d6e\" data-eae-slider=\"61360\" data-id=\"c0c9d6e\" data-element_type=\"column\" data-e-type=\"column\">\n\t\t\t<div class=\"elementor-widget-wrap\">\n\t\t\t\t\t\t\t<\/div>\n\t\t<\/div>\n\t\t\t\t<div class=\"has_eae_slider elementor-column elementor-col-33 elementor-top-column elementor-element elementor-element-17d7c8f\" data-eae-slider=\"19029\" data-id=\"17d7c8f\" data-element_type=\"column\" data-e-type=\"column\">\n\t\t\t<div class=\"elementor-widget-wrap elementor-element-populated\">\n\t\t\t\t\t\t<div class=\"elementor-element elementor-element-b1265ac elementor-widget elementor-widget-heading\" data-id=\"b1265ac\" data-element_type=\"widget\" data-e-type=\"widget\" data-widget_type=\"heading.default\">\n\t\t\t\t<div class=\"elementor-widget-container\">\n\t\t\t\t\t<h2 class=\"elementor-heading-title elementor-size-default\"><b>VOCES BARRIALES<\/b><\/h2>\t\t\t\t<\/div>\n\t\t\t\t<\/div>\n\t\t\t\t\t<\/div>\n\t\t<\/div>\n\t\t\t\t<div class=\"has_eae_slider elementor-column elementor-col-33 elementor-top-column elementor-element elementor-element-0c4d015\" data-eae-slider=\"56861\" data-id=\"0c4d015\" data-element_type=\"column\" data-e-type=\"column\">\n\t\t\t<div class=\"elementor-widget-wrap\">\n\t\t\t\t\t\t\t<\/div>\n\t\t<\/div>\n\t\t\t\t\t<\/div>\n\t\t<\/section>\n\t\t\t\t<section class=\"has_eae_slider elementor-section elementor-top-section elementor-element elementor-element-d4005fd elementor-section-full_width elementor-section-height-default elementor-section-height-default\" data-eae-slider=\"29684\" data-id=\"d4005fd\" data-element_type=\"section\" data-e-type=\"section\" data-settings=\"{&quot;background_background&quot;:&quot;classic&quot;}\">\n\t\t\t\t\t\t<div class=\"elementor-container elementor-column-gap-default\">\n\t\t\t\t\t<div class=\"has_eae_slider elementor-column elementor-col-33 elementor-top-column elementor-element elementor-element-f010e95\" data-eae-slider=\"11173\" data-id=\"f010e95\" data-element_type=\"column\" data-e-type=\"column\">\n\t\t\t<div class=\"elementor-widget-wrap\">\n\t\t\t\t\t\t\t<\/div>\n\t\t<\/div>\n\t\t\t\t<div class=\"has_eae_slider elementor-column elementor-col-33 elementor-top-column elementor-element elementor-element-61176f8\" data-eae-slider=\"76390\" data-id=\"61176f8\" data-element_type=\"column\" data-e-type=\"column\">\n\t\t\t<div class=\"elementor-widget-wrap elementor-element-populated\">\n\t\t\t\t\t\t<div class=\"elementor-element elementor-element-ba900e3 elementor-widget elementor-widget-text-editor\" data-id=\"ba900e3\" data-element_type=\"widget\" data-e-type=\"widget\" data-widget_type=\"text-editor.default\">\n\t\t\t\t<div class=\"elementor-widget-container\">\n\t\t\t\t\t\t\t\t\t<p>Es un espacio de conversaci\u00f3n y entrevistas a vecin@s del barrio, con distintas tem\u00e1ticas, para dar a conocer sus testimonios y relevar la importancia de sus visiones.<\/p>\t\t\t\t\t\t\t\t<\/div>\n\t\t\t\t<\/div>\n\t\t\t\t<div class=\"elementor-element elementor-element-fe89eb6 elementor-widget elementor-widget-image\" data-id=\"fe89eb6\" data-element_type=\"widget\" data-e-type=\"widget\" data-widget_type=\"image.default\">\n\t\t\t\t<div class=\"elementor-widget-container\">\n\t\t\t\t\t\t\t\t\t\t\t\t\t\t\t<img loading=\"lazy\" decoding=\"async\" width=\"500\" height=\"500\" src=\"https:\/\/www.munimacul.cl\/portalnv\/wp-content\/uploads\/2023\/04\/Logo-Voces-Barriales.png\" class=\"attachment-large size-large wp-image-30342\" alt=\"\" srcset=\"https:\/\/www.munimacul.cl\/portalnv\/wp-content\/uploads\/2023\/04\/Logo-Voces-Barriales.png 500w, https:\/\/www.munimacul.cl\/portalnv\/wp-content\/uploads\/2023\/04\/Logo-Voces-Barriales-300x300.png 300w, https:\/\/www.munimacul.cl\/portalnv\/wp-content\/uploads\/2023\/04\/Logo-Voces-Barriales-150x150.png 150w\" sizes=\"auto, (max-width: 500px) 100vw, 500px\" \/>\t\t\t\t\t\t\t\t\t\t\t\t\t\t\t<\/div>\n\t\t\t\t<\/div>\n\t\t\t\t\t<\/div>\n\t\t<\/div>\n\t\t\t\t<div class=\"has_eae_slider elementor-column elementor-col-33 elementor-top-column elementor-element elementor-element-cc83002\" data-eae-slider=\"78083\" data-id=\"cc83002\" data-element_type=\"column\" data-e-type=\"column\">\n\t\t\t<div class=\"elementor-widget-wrap\">\n\t\t\t\t\t\t\t<\/div>\n\t\t<\/div>\n\t\t\t\t\t<\/div>\n\t\t<\/section>\n\t\t\t\t<section class=\"has_eae_slider elementor-section elementor-top-section elementor-element elementor-element-231dd84 elementor-section-full_width elementor-section-height-default elementor-section-height-default\" data-eae-slider=\"48798\" data-id=\"231dd84\" data-element_type=\"section\" data-e-type=\"section\" data-settings=\"{&quot;background_background&quot;:&quot;classic&quot;}\">\n\t\t\t\t\t\t<div class=\"elementor-container elementor-column-gap-default\">\n\t\t\t\t\t<div class=\"has_eae_slider elementor-column elementor-col-33 elementor-top-column elementor-element elementor-element-83441b2\" data-eae-slider=\"81287\" data-id=\"83441b2\" data-element_type=\"column\" data-e-type=\"column\">\n\t\t\t<div class=\"elementor-widget-wrap\">\n\t\t\t\t\t\t\t<\/div>\n\t\t<\/div>\n\t\t\t\t<div class=\"has_eae_slider elementor-column elementor-col-33 elementor-top-column elementor-element elementor-element-4372ebe\" data-eae-slider=\"31953\" data-id=\"4372ebe\" data-element_type=\"column\" data-e-type=\"column\">\n\t\t\t<div class=\"elementor-widget-wrap elementor-element-populated\">\n\t\t\t\t\t\t<section class=\"has_eae_slider elementor-section elementor-inner-section elementor-element elementor-element-ac0a167 elementor-section-boxed elementor-section-height-default elementor-section-height-default\" data-eae-slider=\"66134\" data-id=\"ac0a167\" data-element_type=\"section\" data-e-type=\"section\">\n\t\t\t\t\t\t<div class=\"elementor-container elementor-column-gap-default\">\n\t\t\t\t\t<div class=\"has_eae_slider elementor-column elementor-col-50 elementor-inner-column elementor-element elementor-element-00537e4\" data-eae-slider=\"4381\" data-id=\"00537e4\" data-element_type=\"column\" data-e-type=\"column\">\n\t\t\t<div class=\"elementor-widget-wrap elementor-element-populated\">\n\t\t\t\t\t\t<div class=\"elementor-element elementor-element-6bbe3b7 elementor-widget elementor-widget-video\" data-id=\"6bbe3b7\" data-element_type=\"widget\" data-e-type=\"widget\" data-settings=\"{&quot;video_type&quot;:&quot;hosted&quot;,&quot;controls&quot;:&quot;yes&quot;}\" data-widget_type=\"video.default\">\n\t\t\t\t<div class=\"elementor-widget-container\">\n\t\t\t\t\t\t\t<div class=\"e-hosted-video elementor-wrapper elementor-open-inline\">\n\t\t\t\t\t<video class=\"elementor-video\" src=\"https:\/\/www.munimacul.cl\/portalnv\/wp-content\/uploads\/2023\/08\/Maria_VocesBarrialesWEB_1.mp4\" controls=\"\" preload=\"metadata\" controlsList=\"nodownload\"><\/video>\n\t\t\t\t<\/div>\n\t\t\t\t\t\t<\/div>\n\t\t\t\t<\/div>\n\t\t\t\t<div class=\"elementor-element elementor-element-b4e3dda elementor-widget elementor-widget-heading\" data-id=\"b4e3dda\" data-element_type=\"widget\" data-e-type=\"widget\" data-widget_type=\"heading.default\">\n\t\t\t\t<div class=\"elementor-widget-container\">\n\t\t\t\t\t<h2 class=\"elementor-heading-title elementor-size-default\">MAR\u00cdA RIVEROS: SER DIRIGENTA A TIEMPO COMPLETO<\/h2>\t\t\t\t<\/div>\n\t\t\t\t<\/div>\n\t\t\t\t<div class=\"elementor-element elementor-element-132f6c8 elementor-widget elementor-widget-text-editor\" data-id=\"132f6c8\" data-element_type=\"widget\" data-e-type=\"widget\" data-widget_type=\"text-editor.default\">\n\t\t\t\t<div class=\"elementor-widget-container\">\n\t\t\t\t\t\t\t\t\t<p>Su puerta siempre est\u00e1 abierta para recibir a las y los vecinos de la Villa Caupolic\u00e1n. Ella lleva 23 a\u00f1os como dirigenta en donde constantemente apota a la comunidad con colectas, les orienta para postular a beneficios, otorga los certificados de residencia, entre muchas otras labores que diariamente realiza. La se\u00f1ora Mar\u00eda, como la conocen en el barrio, es la presidenta de la Junta de Vecinos, actividad que realiza con mucho cari\u00f1o y dedicaci\u00f3n.<\/p><p>Ella comenta que <b><i>\u00aba m\u00ed me gusta lo que yo hago, me encanta ayudar a mis vecinos\u00bb<\/i><\/b>, por esta raz\u00f3n, siempre recibe a las personas en su casa, con mucha paciencia. Se levanta temprano, realiza las labores dom\u00e9sticas de su casa y luego se hace el tiempo para recibir a quien llegue. Dentro de su labor como presidenta de la JJVV, destacan las gestiones para mejorar las plazas del barrio, adem\u00e1s de la fundaci\u00f3n de un jard\u00edn infantil, ella recuerda que cuando recibi\u00f3 la poblaci\u00f3n hab\u00edan muchos basurales, pero hoy en d\u00eda, es posible disfrutar de \u00e1reas verdes.<\/p><p>Mar\u00eda comenta que est\u00e1 muy orgullosa de sus vecinos, porque, por ejemplo, cuando alguien fallece en la Villa, se organizan colectas para la familia afectada y as\u00ed poder ayudarla econ\u00f3micamente, cueseti\u00f3n que refleja la solidaridad que caracteriza a la comunidad del barrio Caupolic\u00e1n &#8211; Las Torres. Para finalizar, la dirigenta se\u00f1ala <b><i>\u00abquiero agradecer a todos mis vecinos, por el apoyo que he tenido, porque tengo un apoyo inmenso, tambi\u00e9n a la gente del municipio que nos ayuda y al Quiero Mi Barrio, porque cuando necesitamos algo, mutuamente nos ayudamos\u00bb<\/i><\/b>.<\/p>\t\t\t\t\t\t\t\t<\/div>\n\t\t\t\t<\/div>\n\t\t\t\t\t<\/div>\n\t\t<\/div>\n\t\t\t\t<div class=\"has_eae_slider elementor-column elementor-col-50 elementor-inner-column elementor-element elementor-element-f6d4bdc\" data-eae-slider=\"29781\" data-id=\"f6d4bdc\" data-element_type=\"column\" data-e-type=\"column\">\n\t\t\t<div class=\"elementor-widget-wrap elementor-element-populated\">\n\t\t\t\t\t\t<div class=\"elementor-element elementor-element-2357785 elementor-widget elementor-widget-video\" data-id=\"2357785\" data-element_type=\"widget\" data-e-type=\"widget\" data-settings=\"{&quot;video_type&quot;:&quot;hosted&quot;,&quot;controls&quot;:&quot;yes&quot;}\" data-widget_type=\"video.default\">\n\t\t\t\t<div class=\"elementor-widget-container\">\n\t\t\t\t\t\t\t<div class=\"e-hosted-video elementor-wrapper elementor-open-inline\">\n\t\t\t\t\t<video class=\"elementor-video\" src=\"https:\/\/www.munimacul.cl\/portalnv\/wp-content\/uploads\/2023\/06\/Huerto-web-.mp4\" controls=\"\" preload=\"metadata\" controlsList=\"nodownload\" poster=\"https:\/\/www.munimacul.cl\/portalnv\/wp-content\/uploads\/2023\/06\/Captura-de-pantalla-2023-06-27-014615.png\"><\/video>\n\t\t\t\t<\/div>\n\t\t\t\t\t\t<\/div>\n\t\t\t\t<\/div>\n\t\t\t\t<div class=\"elementor-element elementor-element-0002a9d elementor-widget elementor-widget-heading\" data-id=\"0002a9d\" data-element_type=\"widget\" data-e-type=\"widget\" data-widget_type=\"heading.default\">\n\t\t\t\t<div class=\"elementor-widget-container\">\n\t\t\t\t\t<h2 class=\"elementor-heading-title elementor-size-default\">EL HUERTO FAMILIAR QUE DA VIDA A LA <br>CALLE PRINCIPAL DE LA VILLA CAUPOLIC\u00c1N<\/h2>\t\t\t\t<\/div>\n\t\t\t\t<\/div>\n\t\t\t\t<div class=\"elementor-element elementor-element-06a8aa4 elementor-widget elementor-widget-text-editor\" data-id=\"06a8aa4\" data-element_type=\"widget\" data-e-type=\"widget\" data-widget_type=\"text-editor.default\">\n\t\t\t\t<div class=\"elementor-widget-container\">\n\t\t\t\t\t\t\t\t\t<p>Zapallos, lechugas, tomates, hierbas medicinales e incluso sand\u00edas, son algunas de las especies que han crecido en el huerto urbano que cuidan la vecina Marilyn Paillalef, su esposo Pablo Ram\u00edrez y la hija de ambos. Esta familia ha construido con mucho esfuerzo este espacio verde, que llena de plantas la Calle 1, que es la arteria principal del barrio.<\/p><p>Todo comenz\u00f3 en el 2009, cuando el padre de Pablo se enferm\u00f3 de c\u00e1ncer, fue cuando decidieron transformar el micro basural que hab\u00eda\u00a0 en ese espacio, en un huerto con plantas comestibles y medicinales, en donde el abuelo de la familia pudo encontrarse con la tierra y as\u00ed sentirse mejor en relaci\u00f3n a su enfermedad. Varios a\u00f1os despu\u00e9s, en medio de la pandemia, la hija de la pareja pas\u00f3 por un proceso malo de salud mental y trabajar la tierra le ayud\u00f3 much\u00edsimo.<\/p><p>Marilyn se\u00f1ala que \u00ab<strong><em>as\u00ed como vemos que los animales nos ayudan, que es terap\u00e9utico, las plantas tambi\u00e9n<\/em><\/strong>\u00ab, a lo que Pablo complemente que \u00ab<em><strong>en el cuerpo hay varios minerales que est\u00e1n en la tierra, entonces tu le acercas a la tierra y te conectas<\/strong><\/em>\u00ab, se\u00f1alando, de esta forma, que es recomendable tocar especies cuando est\u00e1s pasando por un periodo de estr\u00e9s. Este huerto familiar en medio de la Calle 1, es un espacio verde que le otorga vida y ox\u00edgeno al barrio, una iniciativa, sin duda, positiva y enriquecedora.<\/p>\t\t\t\t\t\t\t\t<\/div>\n\t\t\t\t<\/div>\n\t\t\t\t\t<\/div>\n\t\t<\/div>\n\t\t\t\t\t<\/div>\n\t\t<\/section>\n\t\t\t\t<section class=\"has_eae_slider elementor-section elementor-inner-section elementor-element elementor-element-c215eda elementor-section-boxed elementor-section-height-default elementor-section-height-default\" data-eae-slider=\"47726\" data-id=\"c215eda\" data-element_type=\"section\" data-e-type=\"section\">\n\t\t\t\t\t\t<div class=\"elementor-container elementor-column-gap-default\">\n\t\t\t\t\t<div class=\"has_eae_slider elementor-column elementor-col-50 elementor-inner-column elementor-element elementor-element-cc3efdb\" data-eae-slider=\"79726\" data-id=\"cc3efdb\" data-element_type=\"column\" data-e-type=\"column\">\n\t\t\t<div class=\"elementor-widget-wrap elementor-element-populated\">\n\t\t\t\t\t\t<div class=\"elementor-element elementor-element-20e2c99 elementor-widget elementor-widget-video\" data-id=\"20e2c99\" data-element_type=\"widget\" data-e-type=\"widget\" data-settings=\"{&quot;video_type&quot;:&quot;hosted&quot;,&quot;controls&quot;:&quot;yes&quot;}\" data-widget_type=\"video.default\">\n\t\t\t\t<div class=\"elementor-widget-container\">\n\t\t\t\t\t\t\t<div class=\"e-hosted-video elementor-wrapper elementor-open-inline\">\n\t\t\t\t\t<video class=\"elementor-video\" src=\"https:\/\/www.munimacul.cl\/portalnv\/wp-content\/uploads\/2023\/04\/Gloria-Pozo-final-pag-web.mp4\" controls=\"\" preload=\"metadata\" controlsList=\"nodownload\" poster=\"https:\/\/www.munimacul.cl\/portalnv\/wp-content\/uploads\/2023\/04\/portada-gloria-pozo.jpg\"><\/video>\n\t\t\t\t<\/div>\n\t\t\t\t\t\t<\/div>\n\t\t\t\t<\/div>\n\t\t\t\t<div class=\"elementor-element elementor-element-63e4167 elementor-widget elementor-widget-heading\" data-id=\"63e4167\" data-element_type=\"widget\" data-e-type=\"widget\" data-widget_type=\"heading.default\">\n\t\t\t\t<div class=\"elementor-widget-container\">\n\t\t\t\t\t<h2 class=\"elementor-heading-title elementor-size-default\">GLORIA POZO, UNA DIRIGENTA HIST\u00d3RICA<br>DE LA VILLA CAUPOLIC\u00c1N<\/h2>\t\t\t\t<\/div>\n\t\t\t\t<\/div>\n\t\t\t\t<div class=\"elementor-element elementor-element-bcc045c elementor-widget elementor-widget-text-editor\" data-id=\"bcc045c\" data-element_type=\"widget\" data-e-type=\"widget\" data-widget_type=\"text-editor.default\">\n\t\t\t\t<div class=\"elementor-widget-container\">\n\t\t\t\t\t\t\t\t\t<p><span style=\"color: var( --e-global-color-text );\">Cuando se formaron los comit\u00e9s de vivienda, que derivaron en la toma de lo que es hoy la\u00a0<\/span><span style=\"color: var( --e-global-color-text );\">Villa Caupolic\u00e1n, Gloria ya participaba como dirigenta, cuando viv\u00eda en la Poblaci\u00f3n Santa\u00a0<\/span><span style=\"color: var( --e-global-color-text );\">Julia. All\u00ed comenz\u00f3 su trabajo comunitario. A\u00f1os m\u00e1s tardes, cuando ya estaba asentada en\u00a0<\/span><span style=\"color: var( --e-global-color-text );\">el barrio, form\u00f3 el centro de madres \u201cCarmencita\u201d y ha sido su presidenta durante todo este\u00a0<\/span><span style=\"color: var( --e-global-color-text );\">periodo, que seg\u00fan se\u00f1ala <i><b>\u201cha sido una experiencia bonita, enriquecedora, porque me ha\u00a0<\/b><\/i><\/span><span style=\"color: var( --e-global-color-text );\"><i><b>gustado mucho\u201d<\/b><\/i>. Su labor es reconocida dentro de la Villa Caupolic\u00e1n, ya que ha logrado\u00a0<\/span><span style=\"color: var( --e-global-color-text );\">organizar a muchas mujeres que antes no sal\u00edan de sus casas.\u00a0<\/span><\/p><p><span style=\"color: var( --e-global-color-text );\">Gloria comenta que <i><b>\u201cles voy a contar una an\u00e9cdota de una de mis socias, que ella no sal\u00eda\u00a0<\/b><\/i><\/span><i><b><span style=\"color: var( --e-global-color-text );\">ni a la puerta de la calle, porque el marido no la dejaba. Tuve dos socias que ellas no sal\u00edan\u00a0<\/span><span style=\"color: var( --e-global-color-text );\">y yo las empec\u00e9 a invitar a participar y nosotras con las platitas que junt\u00e1bamos durante el\u00a0<\/span><span style=\"color: var( --e-global-color-text );\">periodo, nosotras hac\u00edamos paseos, nos \u00edbamos a la playa, empezamos a ir tres d\u00edas y aqu\u00ed\u00a0<\/span><\/b><\/i><span style=\"color: var( --e-global-color-text );\"><i><b>eran \u201coh, tres d\u00edas\u201d, \u201cc\u00f3mo va a salir de la casa tres d\u00edas\u201d, llegamos a 15 d\u00edas\u201d<\/b><\/i>. Cuenta con\u00a0<\/span><span style=\"color: var( --e-global-color-text );\">orgullo que, gracias al Centro de Madres, muchas mujeres pudieron saber lo que era estar\u00a0<\/span><span style=\"color: var( --e-global-color-text );\">de vacaciones. Actualmente, Gloria tambi\u00e9n es tesorera del Consejo Vecinal de Desarrollo\u00a0<\/span><span style=\"color: var( --e-global-color-text );\">(CVD) y se\u00f1ala que \u201clo m\u00e1s importante es que haya respeto entre la gente, que haya uni\u00f3n,\u00a0<\/span><span style=\"color: var( --e-global-color-text );\">que participen, a las mujeres sobre todo, que participen, que salgan de su casa, porque es\u00a0<\/span><span style=\"color: var( --e-global-color-text );\">tan lindo compartir con los dem\u00e1s\u201d.<\/span><\/p>\t\t\t\t\t\t\t\t<\/div>\n\t\t\t\t<\/div>\n\t\t\t\t\t<\/div>\n\t\t<\/div>\n\t\t\t\t<div class=\"has_eae_slider elementor-column elementor-col-50 elementor-inner-column elementor-element elementor-element-c3d3983\" data-eae-slider=\"15905\" data-id=\"c3d3983\" data-element_type=\"column\" data-e-type=\"column\">\n\t\t\t<div class=\"elementor-widget-wrap elementor-element-populated\">\n\t\t\t\t\t\t<div class=\"elementor-element elementor-element-cbfe748 elementor-widget elementor-widget-video\" data-id=\"cbfe748\" data-element_type=\"widget\" data-e-type=\"widget\" data-settings=\"{&quot;video_type&quot;:&quot;hosted&quot;,&quot;controls&quot;:&quot;yes&quot;}\" data-widget_type=\"video.default\">\n\t\t\t\t<div class=\"elementor-widget-container\">\n\t\t\t\t\t\t\t<div class=\"e-hosted-video elementor-wrapper elementor-open-inline\">\n\t\t\t\t\t<video class=\"elementor-video\" src=\"https:\/\/www.munimacul.cl\/portalnv\/wp-content\/uploads\/2023\/08\/Maria_VocesBarrialesWEB_1.mp4\" controls=\"\" preload=\"metadata\" controlsList=\"nodownload\" poster=\"https:\/\/www.munimacul.cl\/portalnv\/wp-content\/uploads\/2023\/04\/portada-sonia-nova.jpg\"><\/video>\n\t\t\t\t<\/div>\n\t\t\t\t\t\t<\/div>\n\t\t\t\t<\/div>\n\t\t\t\t<div class=\"elementor-element elementor-element-1942022 elementor-widget elementor-widget-heading\" data-id=\"1942022\" data-element_type=\"widget\" data-e-type=\"widget\" data-widget_type=\"heading.default\">\n\t\t\t\t<div class=\"elementor-widget-container\">\n\t\t\t\t\t<h2 class=\"elementor-heading-title elementor-size-default\">SONIA NOVA Y LA IMPORTANCIA<br>DE RECICLAR<\/h2>\t\t\t\t<\/div>\n\t\t\t\t<\/div>\n\t\t\t\t<div class=\"elementor-element elementor-element-dd0c581 elementor-widget elementor-widget-text-editor\" data-id=\"dd0c581\" data-element_type=\"widget\" data-e-type=\"widget\" data-widget_type=\"text-editor.default\">\n\t\t\t\t<div class=\"elementor-widget-container\">\n\t\t\t\t\t\t\t\t\t<p><span style=\"color: var( --e-global-color-text );\">Al entrar a la casa de Sonia, es posible ver c\u00f3mo ordena las botellas pl\u00e1sticas para reducirlas y luego reciclarlas. Tambi\u00e9n destacan sus plantas, verdes, grandes y hermosas, que ella cuida con mucho cari\u00f1o y que, seg\u00fan comenta, est\u00e1n as\u00ed porque las alimenta con el compost que ella misma hace de manera artesanal. Esta vecina de la Villa Caupolic\u00e1n lleva por lo menos 5 a\u00f1os separando la basura. Todo parti\u00f3 como una iniciativa personal, pero luego se transform\u00f3 en una labor social para ayudar a un vecino y mantener limpio el lugar en donde vive.<\/span><\/p><p><i><b>\u00abA m\u00ed la basura en el sector no me gusta, as\u00ed que yo siempre me dediqu\u00e9 a estar recogiendo\u00bb<\/b><\/i>, cuenta Sonia, agregando que la persona que ella ayuda recolecta el reciclaje para llevarlo a los centros de acopio\u00a0 y as\u00ed ganar una comisi\u00f3n para educar a sus nietos. Eso para Sonia es una de las razones que le dieron el impulso para transformar su casa en un lugar donde comenz\u00f3 a recibir el reciclaje de sus vecinos, clasificar y separar por categor\u00edas, como pl\u00e1sticos, latas y cartones.<\/p><p>Sin duda, el trabajo de esta vecina ser\u00e1 vital para que el nuevo punto verde que comenzar\u00e1 a operar en la oficina del barrio ubicada en Calle 1 # 4986 y as\u00ed seguir la senda para tener un barrio m\u00e1s limpio. <i><b>\u00abHay que cooperar y hay que limpiar, porque as\u00ed vamos a ser mejores personas. Si nosotros ayudamos, tenemos un mejor pa\u00eds y creo que eso es importante\u00bb<\/b><\/i>, es el mensaje de la vecina Sonia.<\/p>\t\t\t\t\t\t\t\t<\/div>\n\t\t\t\t<\/div>\n\t\t\t\t\t<\/div>\n\t\t<\/div>\n\t\t\t\t\t<\/div>\n\t\t<\/section>\n\t\t\t\t\t<\/div>\n\t\t<\/div>\n\t\t\t\t<div class=\"has_eae_slider elementor-column elementor-col-33 elementor-top-column elementor-element elementor-element-2ffe58a\" data-eae-slider=\"83317\" data-id=\"2ffe58a\" data-element_type=\"column\" data-e-type=\"column\" data-settings=\"{&quot;background_background&quot;:&quot;classic&quot;}\">\n\t\t\t<div class=\"elementor-widget-wrap\">\n\t\t\t\t\t\t\t<\/div>\n\t\t<\/div>\n\t\t\t\t\t<\/div>\n\t\t<\/section>\n\t\t\t\t<\/div>\n\t\t","protected":false},"excerpt":{"rendered":"<p>PROGRAMA QUIERO MI BARRIO \/ VILLA CAUPOLIC\u00c1N &#8211; LAS TORRES VOCES BARRIALES Es un espacio de conversaci\u00f3n y entrevistas a vecin@s del barrio, con distintas tem\u00e1ticas, para dar a conocer sus testimonios y relevar la importancia de sus visiones. https:\/\/www.munimacul.cl\/portalnv\/wp-content\/uploads\/2023\/08\/Maria_VocesBarrialesWEB_1.mp4 MAR\u00cdA RIVEROS: SER DIRIGENTA A TIEMPO COMPLETO Su puerta siempre est\u00e1 abierta para recibir a &#8230; <\/p>\n<p class=\"read-more-container\"><a title=\"Quiero Mi Barrio &#8211; Voces Barriales\" class=\"read-more button\" href=\"https:\/\/www.munimacul.cl\/portalnv\/index.php\/quiero-mi-barrio-voces-barriales\/#more-30338\" aria-label=\"Leer m\u00e1s sobre Quiero Mi Barrio &#8211; Voces Barriales\">Read more<\/a><\/p>\n","protected":false},"author":1,"featured_media":0,"parent":0,"menu_order":0,"comment_status":"closed","ping_status":"closed","template":"elementor_header_footer","meta":{"footnotes":""},"class_list":["post-30338","page","type-page","status-publish"],"_links":{"self":[{"href":"https:\/\/www.munimacul.cl\/portalnv\/index.php\/wp-json\/wp\/v2\/pages\/30338","targetHints":{"allow":["GET"]}}],"collection":[{"href":"https:\/\/www.munimacul.cl\/portalnv\/index.php\/wp-json\/wp\/v2\/pages"}],"about":[{"href":"https:\/\/www.munimacul.cl\/portalnv\/index.php\/wp-json\/wp\/v2\/types\/page"}],"author":[{"embeddable":true,"href":"https:\/\/www.munimacul.cl\/portalnv\/index.php\/wp-json\/wp\/v2\/users\/1"}],"replies":[{"embeddable":true,"href":"https:\/\/www.munimacul.cl\/portalnv\/index.php\/wp-json\/wp\/v2\/comments?post=30338"}],"version-history":[{"count":79,"href":"https:\/\/www.munimacul.cl\/portalnv\/index.php\/wp-json\/wp\/v2\/pages\/30338\/revisions"}],"predecessor-version":[{"id":32841,"href":"https:\/\/www.munimacul.cl\/portalnv\/index.php\/wp-json\/wp\/v2\/pages\/30338\/revisions\/32841"}],"wp:attachment":[{"href":"https:\/\/www.munimacul.cl\/portalnv\/index.php\/wp-json\/wp\/v2\/media?parent=30338"}],"curies":[{"name":"wp","href":"https:\/\/api.w.org\/{rel}","templated":true}]}}