{"id":30400,"date":"2023-04-03T16:17:47","date_gmt":"2023-04-03T20:17:47","guid":{"rendered":"https:\/\/www.munimacul.cl\/portalnv\/?page_id=30400"},"modified":"2024-06-21T22:40:45","modified_gmt":"2024-06-22T02:40:45","slug":"quiero-mi-barrio-nuestros-proyectos","status":"publish","type":"page","link":"https:\/\/www.munimacul.cl\/portalnv\/index.php\/quiero-mi-barrio-nuestros-proyectos\/","title":{"rendered":"Quiero Mi Barrio &#8211; Nuestros Proyectos"},"content":{"rendered":"\t\t<div data-elementor-type=\"wp-page\" data-elementor-id=\"30400\" class=\"elementor elementor-30400\" data-elementor-post-type=\"page\">\n\t\t\t\t\t\t<section class=\"has_eae_slider elementor-section elementor-top-section elementor-element elementor-element-ec525f5 elementor-section-full_width elementor-section-height-default elementor-section-height-default\" data-eae-slider=\"46929\" data-id=\"ec525f5\" data-element_type=\"section\" data-e-type=\"section\">\n\t\t\t\t\t\t\t<div class=\"elementor-background-overlay\"><\/div>\n\t\t\t\t\t\t\t<div class=\"elementor-container elementor-column-gap-default\">\n\t\t\t\t\t<div class=\"has_eae_slider elementor-column elementor-col-33 elementor-top-column elementor-element elementor-element-90928b0\" data-eae-slider=\"57291\" data-id=\"90928b0\" data-element_type=\"column\" data-e-type=\"column\">\n\t\t\t<div class=\"elementor-widget-wrap\">\n\t\t\t\t\t\t\t<\/div>\n\t\t<\/div>\n\t\t\t\t<div class=\"has_eae_slider elementor-column elementor-col-33 elementor-top-column elementor-element elementor-element-3ca22de\" data-eae-slider=\"23742\" data-id=\"3ca22de\" data-element_type=\"column\" data-e-type=\"column\">\n\t\t\t<div class=\"elementor-widget-wrap elementor-element-populated\">\n\t\t\t\t\t\t<div class=\"elementor-element elementor-element-a2e7f6e elementor-widget elementor-widget-image\" data-id=\"a2e7f6e\" data-element_type=\"widget\" data-e-type=\"widget\" data-widget_type=\"image.default\">\n\t\t\t\t<div class=\"elementor-widget-container\">\n\t\t\t\t\t\t\t\t\t\t\t\t\t\t\t<img loading=\"lazy\" decoding=\"async\" width=\"1920\" height=\"250\" src=\"https:\/\/www.munimacul.cl\/portalnv\/wp-content\/uploads\/2023\/04\/FORMATO-BANNER-HOME-PNG.png\" class=\"attachment-full size-full wp-image-30527\" alt=\"\" srcset=\"https:\/\/www.munimacul.cl\/portalnv\/wp-content\/uploads\/2023\/04\/FORMATO-BANNER-HOME-PNG.png 1920w, https:\/\/www.munimacul.cl\/portalnv\/wp-content\/uploads\/2023\/04\/FORMATO-BANNER-HOME-PNG-300x39.png 300w, https:\/\/www.munimacul.cl\/portalnv\/wp-content\/uploads\/2023\/04\/FORMATO-BANNER-HOME-PNG-1024x133.png 1024w, https:\/\/www.munimacul.cl\/portalnv\/wp-content\/uploads\/2023\/04\/FORMATO-BANNER-HOME-PNG-768x100.png 768w, https:\/\/www.munimacul.cl\/portalnv\/wp-content\/uploads\/2023\/04\/FORMATO-BANNER-HOME-PNG-1536x200.png 1536w\" sizes=\"auto, (max-width: 1920px) 100vw, 1920px\" \/>\t\t\t\t\t\t\t\t\t\t\t\t\t\t\t<\/div>\n\t\t\t\t<\/div>\n\t\t\t\t\t<\/div>\n\t\t<\/div>\n\t\t\t\t<div class=\"has_eae_slider elementor-column elementor-col-33 elementor-top-column elementor-element elementor-element-aa96612\" data-eae-slider=\"32309\" data-id=\"aa96612\" data-element_type=\"column\" data-e-type=\"column\">\n\t\t\t<div class=\"elementor-widget-wrap\">\n\t\t\t\t\t\t\t<\/div>\n\t\t<\/div>\n\t\t\t\t\t<\/div>\n\t\t<\/section>\n\t\t\t\t<section class=\"has_eae_slider elementor-section elementor-top-section elementor-element elementor-element-11ba2fc elementor-section-full_width elementor-section-height-default elementor-section-height-default\" data-eae-slider=\"92906\" data-id=\"11ba2fc\" data-element_type=\"section\" data-e-type=\"section\" data-settings=\"{&quot;background_background&quot;:&quot;classic&quot;}\">\n\t\t\t\t\t\t<div class=\"elementor-container elementor-column-gap-default\">\n\t\t\t\t\t<div class=\"has_eae_slider elementor-column elementor-col-100 elementor-top-column elementor-element elementor-element-c8bb903\" data-eae-slider=\"31746\" data-id=\"c8bb903\" data-element_type=\"column\" data-e-type=\"column\">\n\t\t\t<div class=\"elementor-widget-wrap elementor-element-populated\">\n\t\t\t\t\t\t<div class=\"elementor-element elementor-element-9b42572 elementor-widget elementor-widget-heading\" data-id=\"9b42572\" data-element_type=\"widget\" data-e-type=\"widget\" data-widget_type=\"heading.default\">\n\t\t\t\t<div class=\"elementor-widget-container\">\n\t\t\t\t\t<h2 class=\"elementor-heading-title elementor-size-default\"><b>PROGRAMA QUIERO MI BARRIO \/ VILLA CAUPOLIC\u00c1N  - LAS TORRES<\/b><\/h2>\t\t\t\t<\/div>\n\t\t\t\t<\/div>\n\t\t\t\t\t<\/div>\n\t\t<\/div>\n\t\t\t\t\t<\/div>\n\t\t<\/section>\n\t\t\t\t<section class=\"has_eae_slider elementor-section elementor-top-section elementor-element elementor-element-15805bc elementor-section-full_width elementor-section-height-default elementor-section-height-default\" data-eae-slider=\"3328\" data-id=\"15805bc\" data-element_type=\"section\" data-e-type=\"section\" data-settings=\"{&quot;background_background&quot;:&quot;classic&quot;}\">\n\t\t\t\t\t\t<div class=\"elementor-container elementor-column-gap-default\">\n\t\t\t\t\t<div class=\"has_eae_slider elementor-column elementor-col-25 elementor-top-column elementor-element elementor-element-52f863d\" data-eae-slider=\"39971\" data-id=\"52f863d\" data-element_type=\"column\" data-e-type=\"column\">\n\t\t\t<div class=\"elementor-widget-wrap\">\n\t\t\t\t\t\t\t<\/div>\n\t\t<\/div>\n\t\t\t\t<div class=\"has_eae_slider elementor-column elementor-col-25 elementor-top-column elementor-element elementor-element-98cbffb\" data-eae-slider=\"35640\" data-id=\"98cbffb\" data-element_type=\"column\" data-e-type=\"column\">\n\t\t\t<div class=\"elementor-widget-wrap\">\n\t\t\t\t\t\t\t<\/div>\n\t\t<\/div>\n\t\t\t\t<div class=\"has_eae_slider elementor-column elementor-col-25 elementor-top-column elementor-element elementor-element-829225a\" data-eae-slider=\"56187\" data-id=\"829225a\" data-element_type=\"column\" data-e-type=\"column\">\n\t\t\t<div class=\"elementor-widget-wrap elementor-element-populated\">\n\t\t\t\t\t\t<div class=\"elementor-element elementor-element-5f1be43 elementor-search-form--skin-classic elementor-search-form--button-type-icon elementor-search-form--icon-search elementor-widget elementor-widget-search-form\" data-id=\"5f1be43\" data-element_type=\"widget\" data-e-type=\"widget\" data-settings=\"{&quot;skin&quot;:&quot;classic&quot;}\" data-widget_type=\"search-form.default\">\n\t\t\t\t<div class=\"elementor-widget-container\">\n\t\t\t\t\t\t\t<search role=\"search\">\n\t\t\t<form class=\"elementor-search-form\" action=\"https:\/\/www.munimacul.cl\/portalnv\" method=\"get\">\n\t\t\t\t\t\t\t\t\t\t\t\t<div class=\"elementor-search-form__container\">\n\t\t\t\t\t<label class=\"elementor-screen-only\" for=\"elementor-search-form-5f1be43\">Buscar<\/label>\n\n\t\t\t\t\t\n\t\t\t\t\t<input id=\"elementor-search-form-5f1be43\" placeholder=\"Buscar...\" class=\"elementor-search-form__input\" type=\"search\" name=\"s\" value=\"\">\n\t\t\t\t\t\n\t\t\t\t\t\t\t\t\t\t\t<button class=\"elementor-search-form__submit\" type=\"submit\" aria-label=\"Buscar\">\n\t\t\t\t\t\t\t\t\t\t\t\t\t\t\t<i aria-hidden=\"true\" class=\"fas fa-search\"><\/i>\t\t\t\t\t\t\t\t\t\t\t\t\t<\/button>\n\t\t\t\t\t\n\t\t\t\t\t\t\t\t\t<\/div>\n\t\t\t<\/form>\n\t\t<\/search>\n\t\t\t\t\t\t<\/div>\n\t\t\t\t<\/div>\n\t\t\t\t\t<\/div>\n\t\t<\/div>\n\t\t\t\t<div class=\"has_eae_slider elementor-column elementor-col-25 elementor-top-column elementor-element elementor-element-9b96cbb\" data-eae-slider=\"16170\" data-id=\"9b96cbb\" data-element_type=\"column\" data-e-type=\"column\">\n\t\t\t<div class=\"elementor-widget-wrap\">\n\t\t\t\t\t\t\t<\/div>\n\t\t<\/div>\n\t\t\t\t\t<\/div>\n\t\t<\/section>\n\t\t\t\t<section class=\"has_eae_slider elementor-section elementor-top-section elementor-element elementor-element-c2c30b9 elementor-section-full_width elementor-section-height-default elementor-section-height-default\" data-eae-slider=\"71802\" data-id=\"c2c30b9\" data-element_type=\"section\" data-e-type=\"section\" data-settings=\"{&quot;background_background&quot;:&quot;classic&quot;}\">\n\t\t\t\t\t\t<div class=\"elementor-container elementor-column-gap-default\">\n\t\t\t\t\t<div class=\"has_eae_slider elementor-column elementor-col-100 elementor-top-column elementor-element elementor-element-9cf4b93\" data-eae-slider=\"31631\" data-id=\"9cf4b93\" data-element_type=\"column\" data-e-type=\"column\">\n\t\t\t<div class=\"elementor-widget-wrap elementor-element-populated\">\n\t\t\t\t\t\t<div class=\"elementor-element elementor-element-caa4960 elementor-nav-menu__align-center elementor-nav-menu--dropdown-tablet elementor-nav-menu__text-align-aside elementor-nav-menu--toggle elementor-nav-menu--burger elementor-widget elementor-widget-nav-menu\" data-id=\"caa4960\" data-element_type=\"widget\" data-e-type=\"widget\" data-settings=\"{&quot;layout&quot;:&quot;horizontal&quot;,&quot;submenu_icon&quot;:{&quot;value&quot;:&quot;&lt;i class=\\&quot;fas fa-caret-down\\&quot; aria-hidden=\\&quot;true\\&quot;&gt;&lt;\\\/i&gt;&quot;,&quot;library&quot;:&quot;fa-solid&quot;},&quot;toggle&quot;:&quot;burger&quot;}\" data-widget_type=\"nav-menu.default\">\n\t\t\t\t<div class=\"elementor-widget-container\">\n\t\t\t\t\t\t\t\t<nav aria-label=\"Men\u00fa\" class=\"elementor-nav-menu--main elementor-nav-menu__container elementor-nav-menu--layout-horizontal e--pointer-underline e--animation-fade\">\n\t\t\t\t<ul id=\"menu-1-caa4960\" class=\"elementor-nav-menu\"><li class=\"menu-item menu-item-type-custom menu-item-object-custom menu-item-30546\"><a href=\"https:\/\/www.munimacul.cl\/portalnv\/index.php\/quiero-mi-barrio\/\" class=\"elementor-item\">Inicio<\/a><\/li>\n<li class=\"menu-item menu-item-type-post_type menu-item-object-page menu-item-30670\"><a href=\"https:\/\/www.munimacul.cl\/portalnv\/index.php\/quiero-mi-barrio-quienes-somos\/\" class=\"elementor-item\">Quienes Somos<\/a><\/li>\n<li class=\"menu-item menu-item-type-custom menu-item-object-custom menu-item-29287\"><a href=\"https:\/\/www.munimacul.cl\/portalnv\/index.php\/quiero-mi-barrio-programa\/\" class=\"elementor-item\">El Programa<\/a><\/li>\n<li class=\"menu-item menu-item-type-custom menu-item-object-custom menu-item-30399\"><a href=\"https:\/\/www.munimacul.cl\/portalnv\/?page_id=30400\" class=\"elementor-item\">Nuestros Proyectos<\/a><\/li>\n<li class=\"menu-item menu-item-type-custom menu-item-object-custom menu-item-29292\"><a href=\"https:\/\/www.munimacul.cl\/portalnv\/index.php\/quiero-mi-barrio-voces-barriales\/\" class=\"elementor-item\">Voces Barriales<\/a><\/li>\n<li class=\"menu-item menu-item-type-custom menu-item-object-custom menu-item-29293\"><a href=\"https:\/\/www.munimacul.cl\/portalnv\/index.php\/quiero-mi-barrio-memoria\/\" class=\"elementor-item\">Memoria<\/a><\/li>\n<li class=\"menu-item menu-item-type-post_type menu-item-object-page menu-item-36833\"><a href=\"https:\/\/www.munimacul.cl\/portalnv\/index.php\/quiero-mi-barrio-info-barrio\/\" class=\"elementor-item\">Info Barrio<\/a><\/li>\n<\/ul>\t\t\t<\/nav>\n\t\t\t\t\t<div class=\"elementor-menu-toggle\" role=\"button\" tabindex=\"0\" aria-label=\"Alternar men\u00fa\" aria-expanded=\"false\">\n\t\t\t<i aria-hidden=\"true\" role=\"presentation\" class=\"elementor-menu-toggle__icon--open eicon-menu-bar\"><\/i><i aria-hidden=\"true\" role=\"presentation\" class=\"elementor-menu-toggle__icon--close eicon-close\"><\/i>\t\t<\/div>\n\t\t\t\t\t<nav class=\"elementor-nav-menu--dropdown elementor-nav-menu__container\" aria-hidden=\"true\">\n\t\t\t\t<ul id=\"menu-2-caa4960\" class=\"elementor-nav-menu\"><li class=\"menu-item menu-item-type-custom menu-item-object-custom menu-item-30546\"><a href=\"https:\/\/www.munimacul.cl\/portalnv\/index.php\/quiero-mi-barrio\/\" class=\"elementor-item\" tabindex=\"-1\">Inicio<\/a><\/li>\n<li class=\"menu-item menu-item-type-post_type menu-item-object-page menu-item-30670\"><a href=\"https:\/\/www.munimacul.cl\/portalnv\/index.php\/quiero-mi-barrio-quienes-somos\/\" class=\"elementor-item\" tabindex=\"-1\">Quienes Somos<\/a><\/li>\n<li class=\"menu-item menu-item-type-custom menu-item-object-custom menu-item-29287\"><a href=\"https:\/\/www.munimacul.cl\/portalnv\/index.php\/quiero-mi-barrio-programa\/\" class=\"elementor-item\" tabindex=\"-1\">El Programa<\/a><\/li>\n<li class=\"menu-item menu-item-type-custom menu-item-object-custom menu-item-30399\"><a href=\"https:\/\/www.munimacul.cl\/portalnv\/?page_id=30400\" class=\"elementor-item\" tabindex=\"-1\">Nuestros Proyectos<\/a><\/li>\n<li class=\"menu-item menu-item-type-custom menu-item-object-custom menu-item-29292\"><a href=\"https:\/\/www.munimacul.cl\/portalnv\/index.php\/quiero-mi-barrio-voces-barriales\/\" class=\"elementor-item\" tabindex=\"-1\">Voces Barriales<\/a><\/li>\n<li class=\"menu-item menu-item-type-custom menu-item-object-custom menu-item-29293\"><a href=\"https:\/\/www.munimacul.cl\/portalnv\/index.php\/quiero-mi-barrio-memoria\/\" class=\"elementor-item\" tabindex=\"-1\">Memoria<\/a><\/li>\n<li class=\"menu-item menu-item-type-post_type menu-item-object-page menu-item-36833\"><a href=\"https:\/\/www.munimacul.cl\/portalnv\/index.php\/quiero-mi-barrio-info-barrio\/\" class=\"elementor-item\" tabindex=\"-1\">Info Barrio<\/a><\/li>\n<\/ul>\t\t\t<\/nav>\n\t\t\t\t\t\t<\/div>\n\t\t\t\t<\/div>\n\t\t\t\t\t<\/div>\n\t\t<\/div>\n\t\t\t\t\t<\/div>\n\t\t<\/section>\n\t\t\t\t<section class=\"has_eae_slider elementor-section elementor-top-section elementor-element elementor-element-a85f97c elementor-section-full_width elementor-section-height-default elementor-section-height-default\" data-eae-slider=\"64860\" data-id=\"a85f97c\" data-element_type=\"section\" data-e-type=\"section\" data-settings=\"{&quot;background_background&quot;:&quot;classic&quot;}\">\n\t\t\t\t\t\t<div class=\"elementor-container elementor-column-gap-default\">\n\t\t\t\t\t<div class=\"has_eae_slider elementor-column elementor-col-33 elementor-top-column elementor-element elementor-element-c0c9d6e\" data-eae-slider=\"3850\" data-id=\"c0c9d6e\" data-element_type=\"column\" data-e-type=\"column\">\n\t\t\t<div class=\"elementor-widget-wrap\">\n\t\t\t\t\t\t\t<\/div>\n\t\t<\/div>\n\t\t\t\t<div class=\"has_eae_slider elementor-column elementor-col-33 elementor-top-column elementor-element elementor-element-17d7c8f\" data-eae-slider=\"66983\" data-id=\"17d7c8f\" data-element_type=\"column\" data-e-type=\"column\">\n\t\t\t<div class=\"elementor-widget-wrap elementor-element-populated\">\n\t\t\t\t\t\t<div class=\"elementor-element elementor-element-b1265ac elementor-widget elementor-widget-heading\" data-id=\"b1265ac\" data-element_type=\"widget\" data-e-type=\"widget\" data-widget_type=\"heading.default\">\n\t\t\t\t<div class=\"elementor-widget-container\">\n\t\t\t\t\t<h2 class=\"elementor-heading-title elementor-size-default\"><b>NUESTROS PROYECTOS<\/b><\/h2>\t\t\t\t<\/div>\n\t\t\t\t<\/div>\n\t\t\t\t\t<\/div>\n\t\t<\/div>\n\t\t\t\t<div class=\"has_eae_slider elementor-column elementor-col-33 elementor-top-column elementor-element elementor-element-0c4d015\" data-eae-slider=\"19312\" data-id=\"0c4d015\" data-element_type=\"column\" data-e-type=\"column\">\n\t\t\t<div class=\"elementor-widget-wrap\">\n\t\t\t\t\t\t\t<\/div>\n\t\t<\/div>\n\t\t\t\t\t<\/div>\n\t\t<\/section>\n\t\t\t\t<section class=\"has_eae_slider elementor-section elementor-top-section elementor-element elementor-element-231dd84 elementor-section-full_width elementor-section-height-default elementor-section-height-default\" data-eae-slider=\"92049\" data-id=\"231dd84\" data-element_type=\"section\" data-e-type=\"section\" data-settings=\"{&quot;background_background&quot;:&quot;classic&quot;}\">\n\t\t\t\t\t\t<div class=\"elementor-container elementor-column-gap-default\">\n\t\t\t\t\t<div class=\"has_eae_slider elementor-column elementor-col-33 elementor-top-column elementor-element elementor-element-83441b2\" data-eae-slider=\"50600\" data-id=\"83441b2\" data-element_type=\"column\" data-e-type=\"column\">\n\t\t\t<div class=\"elementor-widget-wrap\">\n\t\t\t\t\t\t\t<\/div>\n\t\t<\/div>\n\t\t\t\t<div class=\"has_eae_slider elementor-column elementor-col-33 elementor-top-column elementor-element elementor-element-4372ebe\" data-eae-slider=\"5868\" data-id=\"4372ebe\" data-element_type=\"column\" data-e-type=\"column\">\n\t\t\t<div class=\"elementor-widget-wrap elementor-element-populated\">\n\t\t\t\t\t\t<div class=\"elementor-element elementor-element-4d006d9 elementor-widget elementor-widget-heading\" data-id=\"4d006d9\" data-element_type=\"widget\" data-e-type=\"widget\" data-widget_type=\"heading.default\">\n\t\t\t\t<div class=\"elementor-widget-container\">\n\t\t\t\t\t<h2 class=\"elementor-heading-title elementor-size-default\">Plan Maestro<\/h2>\t\t\t\t<\/div>\n\t\t\t\t<\/div>\n\t\t\t\t<div class=\"elementor-element elementor-element-e9eb3f1 elementor-widget elementor-widget-image\" data-id=\"e9eb3f1\" data-element_type=\"widget\" data-e-type=\"widget\" data-widget_type=\"image.default\">\n\t\t\t\t<div class=\"elementor-widget-container\">\n\t\t\t\t\t\t\t\t\t\t\t\t\t\t\t<img loading=\"lazy\" decoding=\"async\" width=\"1500\" height=\"1749\" src=\"https:\/\/www.munimacul.cl\/portalnv\/wp-content\/uploads\/2023\/04\/PLANO-PLAN-MAESTRO-ACTUALIZADO-ABRIL-2023-1.jpg\" class=\"attachment-full size-full wp-image-30885\" alt=\"\" srcset=\"https:\/\/www.munimacul.cl\/portalnv\/wp-content\/uploads\/2023\/04\/PLANO-PLAN-MAESTRO-ACTUALIZADO-ABRIL-2023-1.jpg 1500w, https:\/\/www.munimacul.cl\/portalnv\/wp-content\/uploads\/2023\/04\/PLANO-PLAN-MAESTRO-ACTUALIZADO-ABRIL-2023-1-257x300.jpg 257w, https:\/\/www.munimacul.cl\/portalnv\/wp-content\/uploads\/2023\/04\/PLANO-PLAN-MAESTRO-ACTUALIZADO-ABRIL-2023-1-878x1024.jpg 878w, https:\/\/www.munimacul.cl\/portalnv\/wp-content\/uploads\/2023\/04\/PLANO-PLAN-MAESTRO-ACTUALIZADO-ABRIL-2023-1-768x895.jpg 768w, https:\/\/www.munimacul.cl\/portalnv\/wp-content\/uploads\/2023\/04\/PLANO-PLAN-MAESTRO-ACTUALIZADO-ABRIL-2023-1-1317x1536.jpg 1317w\" sizes=\"auto, (max-width: 1500px) 100vw, 1500px\" \/>\t\t\t\t\t\t\t\t\t\t\t\t\t\t\t<\/div>\n\t\t\t\t<\/div>\n\t\t\t\t<div class=\"elementor-element elementor-element-ba900e3 elementor-widget elementor-widget-text-editor\" data-id=\"ba900e3\" data-element_type=\"widget\" data-e-type=\"widget\" data-widget_type=\"text-editor.default\">\n\t\t\t\t<div class=\"elementor-widget-container\">\n\t\t\t\t\t\t\t\t\t<p>El Plan Maestro es un instrumento socio-urbano que otorga una serie de pautas, con objetivos e hitos, que se desarrollan en un determinado espacio y tiempo. Este organiza el trabajo y la acci\u00f3n del programa en el barrio, adem\u00e1s de generar una agenda futura para cuando este haya terminado. Se construy\u00f3 en la fase 1 a trav\u00e9s de un diagn\u00f3stico t\u00e9cnico por parte del equipo y un diagn\u00f3stico compartido con l@s vecin@s a partir de din\u00e1micas participativas, derivando en un documento que incluye todos los proyectos que se pretenden ejecutar en la Villa Caupolic\u00e1n. De este\u00a0 derivan el Plan de Gesti\u00f3n de Obras (PGO) y el Plan de Gesti\u00f3n Social (PGS), cuyas especificaciones y planes, se detallan a continuaci\u00f3n.<\/p>\t\t\t\t\t\t\t\t<\/div>\n\t\t\t\t<\/div>\n\t\t\t\t<div class=\"elementor-element elementor-element-8e220ed elementor-widget elementor-widget-heading\" data-id=\"8e220ed\" data-element_type=\"widget\" data-e-type=\"widget\" data-widget_type=\"heading.default\">\n\t\t\t\t<div class=\"elementor-widget-container\">\n\t\t\t\t\t<h2 class=\"elementor-heading-title elementor-size-default\">Plan de Gesti\u00f3n de Obras (PGO)<\/h2>\t\t\t\t<\/div>\n\t\t\t\t<\/div>\n\t\t\t\t<div class=\"elementor-element elementor-element-b7be290 elementor-widget elementor-widget-text-editor\" data-id=\"b7be290\" data-element_type=\"widget\" data-e-type=\"widget\" data-widget_type=\"text-editor.default\">\n\t\t\t\t<div class=\"elementor-widget-container\">\n\t\t\t\t\t\t\t\t\t<p><b><i>Proyectos:<\/i><\/b><\/p><p><b>Calle 1 &#8211; Reposici\u00f3n Acera Oriente <span style=\"text-decoration: underline;\"><em>(en proceso de Licitaci\u00f3n P\u00fablica)<\/em><\/span><\/b><\/p><p>Se plantea la renovaci\u00f3n de la platabanda del lado oriente de Calle 1, ya que se encuentra actualmente en condiciones de deterioro y ocupaci\u00f3n, principalmente por estacionamientos informales. La idea es renovar todos los pavimentos y \u00e1reas verdes incorporando un nuevo paisajismo, luminarias, mobiliario urbano y en cuanto a circulaci\u00f3n mejorar la vereda con accesibilidad universal y rebajes de soleras peatonales y vehiculares.<\/p><p><img loading=\"lazy\" decoding=\"async\" class=\"alignnone wp-image-32359 size-full\" src=\"https:\/\/www.munimacul.cl\/portalnv\/wp-content\/uploads\/2023\/06\/Calle-1_Laminas-Proyectos-PGO_page-0001-scaled.jpg\" alt=\"\" width=\"731\" height=\"2560\" srcset=\"https:\/\/www.munimacul.cl\/portalnv\/wp-content\/uploads\/2023\/06\/Calle-1_Laminas-Proyectos-PGO_page-0001-scaled.jpg 731w, https:\/\/www.munimacul.cl\/portalnv\/wp-content\/uploads\/2023\/06\/Calle-1_Laminas-Proyectos-PGO_page-0001-86x300.jpg 86w, https:\/\/www.munimacul.cl\/portalnv\/wp-content\/uploads\/2023\/06\/Calle-1_Laminas-Proyectos-PGO_page-0001-768x2688.jpg 768w, https:\/\/www.munimacul.cl\/portalnv\/wp-content\/uploads\/2023\/06\/Calle-1_Laminas-Proyectos-PGO_page-0001-439x1536.jpg 439w, https:\/\/www.munimacul.cl\/portalnv\/wp-content\/uploads\/2023\/06\/Calle-1_Laminas-Proyectos-PGO_page-0001-585x2048.jpg 585w\" sizes=\"auto, (max-width: 731px) 100vw, 731px\" \/><\/p><p><b>Pasaje 9 &#8211; Habilitaci\u00f3n Circuito Recreativo<\/b><\/p><p>La idea es renovar cada una de las tres plazas que se encuentran en el Pasaje 9, otorgando espacios recreativos y deportivos para todas las edades. De esta manera la plaza donde se encuentra la multicancha estar\u00e1 dotada de elementos deportivos como calistenia y m\u00e1quinas de ejercicio para personas mayores. En la segunda plaza se potenciar\u00e1n los juegos infantiles y finalmente la plaza m\u00e1s peque\u00f1a tendr\u00e1 tambi\u00e9n juegos para los m\u00e1s peque\u00f1os. Adem\u00e1s, existir\u00e1 nuevo mobiliario urbano como asientos, basureros, luminarias y mejoramiento de las \u00e1reas verdes en cada una de ellas.<\/p><p><img loading=\"lazy\" decoding=\"async\" class=\"alignnone wp-image-32360 size-full\" src=\"https:\/\/www.munimacul.cl\/portalnv\/wp-content\/uploads\/2023\/06\/Pasaje-9_Laminas-Proyectos-PGO-_page-0001-scaled.jpg\" alt=\"\" width=\"853\" height=\"2560\" srcset=\"https:\/\/www.munimacul.cl\/portalnv\/wp-content\/uploads\/2023\/06\/Pasaje-9_Laminas-Proyectos-PGO-_page-0001-scaled.jpg 853w, https:\/\/www.munimacul.cl\/portalnv\/wp-content\/uploads\/2023\/06\/Pasaje-9_Laminas-Proyectos-PGO-_page-0001-100x300.jpg 100w, https:\/\/www.munimacul.cl\/portalnv\/wp-content\/uploads\/2023\/06\/Pasaje-9_Laminas-Proyectos-PGO-_page-0001-341x1024.jpg 341w, https:\/\/www.munimacul.cl\/portalnv\/wp-content\/uploads\/2023\/06\/Pasaje-9_Laminas-Proyectos-PGO-_page-0001-768x2305.jpg 768w, https:\/\/www.munimacul.cl\/portalnv\/wp-content\/uploads\/2023\/06\/Pasaje-9_Laminas-Proyectos-PGO-_page-0001-512x1536.jpg 512w, https:\/\/www.munimacul.cl\/portalnv\/wp-content\/uploads\/2023\/06\/Pasaje-9_Laminas-Proyectos-PGO-_page-0001-682x2048.jpg 682w\" sizes=\"auto, (max-width: 853px) 100vw, 853px\" \/><\/p><p><b>Pasaje 8 &#8211; Habilitaci\u00f3n Plaza<\/b><\/p><p>Se trata de habilitar un \u00e1rea verde que se encuentra con poco uso, para ello se definir\u00e1n bien las \u00e1reas que ser\u00e1n para la recreaci\u00f3n y esparcimiento con nuevos juegos infantiles y paisajismo, adem\u00e1s de mobiliario urbano, como bancas, luminarias y sombreadero, entre otras cosas. Ser\u00e1 un espacio de encuentro y extensi\u00f3n del Jard\u00edn Infantil. Tambi\u00e9n se mejorar\u00e1n las veredas de circulaci\u00f3n peatonal, que llegar\u00e1n incluso hasta el paradero de buses por la calle San Vicente de Paul.<\/p><p><img loading=\"lazy\" decoding=\"async\" class=\"alignnone wp-image-32361 size-full\" src=\"https:\/\/www.munimacul.cl\/portalnv\/wp-content\/uploads\/2023\/06\/Pasaje-8_Laminas-Proyectos-PGO_page-0001-scaled.jpg\" alt=\"\" width=\"2560\" height=\"1707\" srcset=\"https:\/\/www.munimacul.cl\/portalnv\/wp-content\/uploads\/2023\/06\/Pasaje-8_Laminas-Proyectos-PGO_page-0001-scaled.jpg 2560w, https:\/\/www.munimacul.cl\/portalnv\/wp-content\/uploads\/2023\/06\/Pasaje-8_Laminas-Proyectos-PGO_page-0001-300x200.jpg 300w, https:\/\/www.munimacul.cl\/portalnv\/wp-content\/uploads\/2023\/06\/Pasaje-8_Laminas-Proyectos-PGO_page-0001-1024x683.jpg 1024w, https:\/\/www.munimacul.cl\/portalnv\/wp-content\/uploads\/2023\/06\/Pasaje-8_Laminas-Proyectos-PGO_page-0001-768x512.jpg 768w, https:\/\/www.munimacul.cl\/portalnv\/wp-content\/uploads\/2023\/06\/Pasaje-8_Laminas-Proyectos-PGO_page-0001-1536x1024.jpg 1536w, https:\/\/www.munimacul.cl\/portalnv\/wp-content\/uploads\/2023\/06\/Pasaje-8_Laminas-Proyectos-PGO_page-0001-2048x1365.jpg 2048w\" sizes=\"auto, (max-width: 2560px) 100vw, 2560px\" \/><\/p>\t\t\t\t\t\t\t\t<\/div>\n\t\t\t\t<\/div>\n\t\t\t\t<div class=\"elementor-element elementor-element-d9c4225 elementor-widget elementor-widget-heading\" data-id=\"d9c4225\" data-element_type=\"widget\" data-e-type=\"widget\" data-widget_type=\"heading.default\">\n\t\t\t\t<div class=\"elementor-widget-container\">\n\t\t\t\t\t<h2 class=\"elementor-heading-title elementor-size-default\">Plan de Gesti\u00f3n Social (PGS)<\/h2>\t\t\t\t<\/div>\n\t\t\t\t<\/div>\n\t\t\t\t<div class=\"elementor-element elementor-element-d93a1d8 elementor-widget elementor-widget-text-editor\" data-id=\"d93a1d8\" data-element_type=\"widget\" data-e-type=\"widget\" data-widget_type=\"text-editor.default\">\n\t\t\t\t<div class=\"elementor-widget-container\">\n\t\t\t\t\t\t\t\t\t<p><b style=\"color: var( --e-global-color-text );\"><i>Revalorizaci\u00f3n Ambiental<\/i><\/b><\/p><p>Este proyecto busca promover y desarrollar mayores niveles de conciencia ambiental, instalando las problem\u00e1ticas que afectan nuestro medio ambiente en la agenda comunitaria y en el quehacer de vecin@s de la villa. Para esto se busca incentivar acciones de reciclaje, cuidado de huertos urbanos y poner en valor las acciones y organizaci\u00f3n vecinal a trav\u00e9s de una ruta ecol\u00f3gica que recorra todo el barrio.<\/p>\t\t\t\t\t\t\t\t<\/div>\n\t\t\t\t<\/div>\n\t\t\t\t<div class=\"elementor-element elementor-element-505f17b elementor-widget elementor-widget-image\" data-id=\"505f17b\" data-element_type=\"widget\" data-e-type=\"widget\" data-widget_type=\"image.default\">\n\t\t\t\t<div class=\"elementor-widget-container\">\n\t\t\t\t\t\t\t\t\t\t\t\t\t\t\t<img loading=\"lazy\" decoding=\"async\" width=\"1726\" height=\"1148\" src=\"https:\/\/www.munimacul.cl\/portalnv\/wp-content\/uploads\/2023\/04\/Nuestros-proyectos-PGS-Revalorizacion-ambiental.png\" class=\"attachment-full size-full wp-image-30431\" alt=\"\" srcset=\"https:\/\/www.munimacul.cl\/portalnv\/wp-content\/uploads\/2023\/04\/Nuestros-proyectos-PGS-Revalorizacion-ambiental.png 1726w, https:\/\/www.munimacul.cl\/portalnv\/wp-content\/uploads\/2023\/04\/Nuestros-proyectos-PGS-Revalorizacion-ambiental-300x200.png 300w, https:\/\/www.munimacul.cl\/portalnv\/wp-content\/uploads\/2023\/04\/Nuestros-proyectos-PGS-Revalorizacion-ambiental-1024x681.png 1024w, https:\/\/www.munimacul.cl\/portalnv\/wp-content\/uploads\/2023\/04\/Nuestros-proyectos-PGS-Revalorizacion-ambiental-768x511.png 768w, https:\/\/www.munimacul.cl\/portalnv\/wp-content\/uploads\/2023\/04\/Nuestros-proyectos-PGS-Revalorizacion-ambiental-1536x1022.png 1536w\" sizes=\"auto, (max-width: 1726px) 100vw, 1726px\" \/>\t\t\t\t\t\t\t\t\t\t\t\t\t\t\t<\/div>\n\t\t\t\t<\/div>\n\t\t\t\t<div class=\"elementor-element elementor-element-6156bdc elementor-widget elementor-widget-text-editor\" data-id=\"6156bdc\" data-element_type=\"widget\" data-e-type=\"widget\" data-widget_type=\"text-editor.default\">\n\t\t\t\t<div class=\"elementor-widget-container\">\n\t\t\t\t\t\t\t\t\t<p><b style=\"color: var( --e-global-color-text );\"><i>Rescate del patrimonio hist\u00f3rico<\/i><\/b><\/p><p>Se pretende poner en valor y visibilizar el esfuerzo y la solidaridad que caracteriza a la historia de la Villa Caupolic\u00e1n desde sus or\u00edgenes, haciendo \u00e9nfasis en las pr\u00e1cticas solidarias y en todo el trabajo desplegado para levantar la villa y hacerla habitable para sus residentes. Para esto desarrollaremos una serie de acciones, desde el levantamiento y registro de la memoria de barrio (a trav\u00e9s del relato de sus propios protagonistas, es decir l@s vecin@s), la celebraci\u00f3n del aniversario de la villa, la habilitaci\u00f3n de un cat\u00e1logo fotogr\u00e1fico que d\u00e9 cuenta de la evoluci\u00f3n del barrio, adem\u00e1s de una ruta patrimonial que considera intervenciones en el espacio p\u00fablico como murales.<\/p>\t\t\t\t\t\t\t\t<\/div>\n\t\t\t\t<\/div>\n\t\t\t\t<div class=\"elementor-element elementor-element-6f5b818 elementor-widget elementor-widget-image\" data-id=\"6f5b818\" data-element_type=\"widget\" data-e-type=\"widget\" data-widget_type=\"image.default\">\n\t\t\t\t<div class=\"elementor-widget-container\">\n\t\t\t\t\t\t\t\t\t\t\t\t\t\t\t<img loading=\"lazy\" decoding=\"async\" width=\"1762\" height=\"1041\" src=\"https:\/\/www.munimacul.cl\/portalnv\/wp-content\/uploads\/2023\/04\/Nuestros-proyectos-PGS-Rescate-patrimonio-historicio.png\" class=\"attachment-full size-full wp-image-30433\" alt=\"\" srcset=\"https:\/\/www.munimacul.cl\/portalnv\/wp-content\/uploads\/2023\/04\/Nuestros-proyectos-PGS-Rescate-patrimonio-historicio.png 1762w, https:\/\/www.munimacul.cl\/portalnv\/wp-content\/uploads\/2023\/04\/Nuestros-proyectos-PGS-Rescate-patrimonio-historicio-300x177.png 300w, https:\/\/www.munimacul.cl\/portalnv\/wp-content\/uploads\/2023\/04\/Nuestros-proyectos-PGS-Rescate-patrimonio-historicio-1024x605.png 1024w, https:\/\/www.munimacul.cl\/portalnv\/wp-content\/uploads\/2023\/04\/Nuestros-proyectos-PGS-Rescate-patrimonio-historicio-768x454.png 768w, https:\/\/www.munimacul.cl\/portalnv\/wp-content\/uploads\/2023\/04\/Nuestros-proyectos-PGS-Rescate-patrimonio-historicio-1536x907.png 1536w\" sizes=\"auto, (max-width: 1762px) 100vw, 1762px\" \/>\t\t\t\t\t\t\t\t\t\t\t\t\t\t\t<\/div>\n\t\t\t\t<\/div>\n\t\t\t\t<div class=\"elementor-element elementor-element-6dabc92 elementor-widget elementor-widget-text-editor\" data-id=\"6dabc92\" data-element_type=\"widget\" data-e-type=\"widget\" data-widget_type=\"text-editor.default\">\n\t\t\t\t<div class=\"elementor-widget-container\">\n\t\t\t\t\t\t\t\t\t<p><b style=\"color: var( --e-global-color-text );\"><i>Gesti\u00f3n integral de equipamientos y espacios comunitarios<\/i><\/b><\/p><p>Este proyecto busca potenciar la inmensa disponibilidad de equipamientos comunitarios que existen al interior del barrio (3 sedes sociales y 1 multicancha) entregando herramientas de gesti\u00f3n de los equipamientos para ampliar y democratizar su uso, as\u00ed como a trav\u00e9s del desarrollo de actividades de inter\u00e9s vecinal, que ser\u00e1n levantadas a trav\u00e9s de encuestas y puerta a puerta.<\/p>\t\t\t\t\t\t\t\t<\/div>\n\t\t\t\t<\/div>\n\t\t\t\t<div class=\"elementor-element elementor-element-1542267 elementor-widget elementor-widget-image\" data-id=\"1542267\" data-element_type=\"widget\" data-e-type=\"widget\" data-widget_type=\"image.default\">\n\t\t\t\t<div class=\"elementor-widget-container\">\n\t\t\t\t\t\t\t\t\t\t\t\t\t\t\t<img loading=\"lazy\" decoding=\"async\" width=\"1738\" height=\"1055\" src=\"https:\/\/www.munimacul.cl\/portalnv\/wp-content\/uploads\/2023\/04\/Nuestros-proyectos-PGS-Gestion-integral-de-equipamientos-comunitarios.png\" class=\"attachment-full size-full wp-image-30434\" alt=\"\" srcset=\"https:\/\/www.munimacul.cl\/portalnv\/wp-content\/uploads\/2023\/04\/Nuestros-proyectos-PGS-Gestion-integral-de-equipamientos-comunitarios.png 1738w, https:\/\/www.munimacul.cl\/portalnv\/wp-content\/uploads\/2023\/04\/Nuestros-proyectos-PGS-Gestion-integral-de-equipamientos-comunitarios-300x182.png 300w, https:\/\/www.munimacul.cl\/portalnv\/wp-content\/uploads\/2023\/04\/Nuestros-proyectos-PGS-Gestion-integral-de-equipamientos-comunitarios-1024x622.png 1024w, https:\/\/www.munimacul.cl\/portalnv\/wp-content\/uploads\/2023\/04\/Nuestros-proyectos-PGS-Gestion-integral-de-equipamientos-comunitarios-768x466.png 768w, https:\/\/www.munimacul.cl\/portalnv\/wp-content\/uploads\/2023\/04\/Nuestros-proyectos-PGS-Gestion-integral-de-equipamientos-comunitarios-1536x932.png 1536w\" sizes=\"auto, (max-width: 1738px) 100vw, 1738px\" \/>\t\t\t\t\t\t\t\t\t\t\t\t\t\t\t<\/div>\n\t\t\t\t<\/div>\n\t\t\t\t<div class=\"elementor-element elementor-element-f555c2c elementor-widget elementor-widget-text-editor\" data-id=\"f555c2c\" data-element_type=\"widget\" data-e-type=\"widget\" data-widget_type=\"text-editor.default\">\n\t\t\t\t<div class=\"elementor-widget-container\">\n\t\t\t\t\t\t\t\t\t<p><b style=\"color: var( --e-global-color-text );\"><i>Estrategia de colaboraci\u00f3n territorial<\/i><\/b><\/p><p>La idea es entregar las herramientas t\u00e9cnicas para que l@s dirigentes del barrio puedan formular, evaluar y presentar proyectos sociales y de mejoramiento ante entidades p\u00fablicas o privadas, potenciando las competencias y habilidades para acceder a beneficios y recursos disponibles. Para eso se har\u00e1n talleres para l@s l\u00edderes sociales y comunidad en general, promoviendo la autogesti\u00f3n y el acceso a nuevos recursos disponibles.<\/p>\t\t\t\t\t\t\t\t<\/div>\n\t\t\t\t<\/div>\n\t\t\t\t<div class=\"elementor-element elementor-element-07e58e4 elementor-widget elementor-widget-heading\" data-id=\"07e58e4\" data-element_type=\"widget\" data-e-type=\"widget\" data-widget_type=\"heading.default\">\n\t\t\t\t<div class=\"elementor-widget-container\">\n\t\t\t\t\t<h2 class=\"elementor-heading-title elementor-size-default\">Multisectorialidad (Proyectos en estudio para su formulaci\u00f3n durante el 2023)<\/h2>\t\t\t\t<\/div>\n\t\t\t\t<\/div>\n\t\t\t\t<div class=\"elementor-element elementor-element-bf09666 elementor-widget elementor-widget-text-editor\" data-id=\"bf09666\" data-element_type=\"widget\" data-e-type=\"widget\" data-widget_type=\"text-editor.default\">\n\t\t\t\t<div class=\"elementor-widget-container\">\n\t\t\t\t\t\t\t\t\t<p><b style=\"color: var( --e-global-color-text );\"><i>DS-27 Sede social centro comunitario<\/i><\/b><\/p><p>Este proyecto surge de la necesidad de contar con mejores espacios comunitarios en la Villa Caupolic\u00e1n. Se pretende fusionar las dos sedes vecinales, que se encuentran en la Calle 1, con el objetivo de construir un centro que le sirva a todas las organizaciones comunitarias del barrio, como un espacio de encuentro. Esta edificaci\u00f3n contar\u00eda con dos salones grandes, adem\u00e1s de salas de reuniones, con paneles m\u00f3viles que permitir\u00edan una versatilidad del espacio, adecu\u00e1ndose en funci\u00f3n de los requerimientos de las actividades que se realicen. Por otro lado, es importante mencionar que es un proyecto sustentable, en donde se incorporar\u00eda energ\u00eda solar a trav\u00e9s de paneles fotovoltaicos, generando un ahorro energ\u00e9tico. En esa misma l\u00ednea se plantea la reutilizaci\u00f3n de aguas grises para el riego de las \u00e1reas verdes, adem\u00e1s de considerar la utilizaci\u00f3n de materiales con atributos sustentables para su construcci\u00f3n y la aislaci\u00f3n t\u00e9rmica. Este proyecto actualmente est\u00e1 siendo postulado a trav\u00e9s del Decreto Supremo 27 cap\u00edtulo 1 del Ministerio de Vivienda y Urbanismo y se espera que durante el a\u00f1o el barrio pueda ser beneficiado con la aprobaci\u00f3n de esta segunda postulaci\u00f3n. Es relevante se\u00f1alar que esta propuesta se construy\u00f3 en conjunto con la comunidad de la villa.<\/p>\t\t\t\t\t\t\t\t<\/div>\n\t\t\t\t<\/div>\n\t\t\t\t<div class=\"elementor-element elementor-element-c1ab6a7 elementor-widget elementor-widget-video\" data-id=\"c1ab6a7\" data-element_type=\"widget\" data-e-type=\"widget\" data-settings=\"{&quot;video_type&quot;:&quot;hosted&quot;,&quot;show_image_overlay&quot;:&quot;yes&quot;,&quot;image_overlay&quot;:{&quot;url&quot;:&quot;https:\\\/\\\/www.munimacul.cl\\\/portalnv\\\/wp-content\\\/uploads\\\/2023\\\/04\\\/Portada-Video-Sede.jpg&quot;,&quot;id&quot;:30854,&quot;size&quot;:&quot;&quot;,&quot;alt&quot;:&quot;&quot;,&quot;source&quot;:&quot;library&quot;},&quot;controls&quot;:&quot;yes&quot;}\" data-widget_type=\"video.default\">\n\t\t\t\t<div class=\"elementor-widget-container\">\n\t\t\t\t\t\t\t<div class=\"e-hosted-video elementor-wrapper elementor-open-inline\">\n\t\t\t\t\t<video class=\"elementor-video\" src=\"https:\/\/www.munimacul.cl\/portalnv\/wp-content\/uploads\/2023\/04\/VIDEO-SEDE-SOCIAL_REV01.mp4\" controls=\"\" preload=\"metadata\" controlsList=\"nodownload\"><\/video>\n\t\t\t\t\t\t<div class=\"elementor-custom-embed-image-overlay\" style=\"background-image: url(https:\/\/www.munimacul.cl\/portalnv\/wp-content\/uploads\/2023\/04\/Portada-Video-Sede.jpg);\">\n\t\t\t\t\t\t\t\t\t\t\t\t\t\t\t\t<div class=\"elementor-custom-embed-play\" role=\"button\" aria-label=\"Reproducir v\u00eddeo\" tabindex=\"0\">\n\t\t\t\t\t\t\t<i aria-hidden=\"true\" class=\"eicon-play\"><\/i>\t\t\t\t\t\t<\/div>\n\t\t\t\t\t\t\t\t\t<\/div>\n\t\t\t\t\t<\/div>\n\t\t\t\t\t\t<\/div>\n\t\t\t\t<\/div>\n\t\t\t\t<div class=\"elementor-element elementor-element-8d90b3d elementor-widget elementor-widget-text-editor\" data-id=\"8d90b3d\" data-element_type=\"widget\" data-e-type=\"widget\" data-widget_type=\"text-editor.default\">\n\t\t\t\t<div class=\"elementor-widget-container\">\n\t\t\t\t\t\t\t\t\t<p><b style=\"color: var( --e-global-color-text );\"><i>DS-49 Micro Radicaci\u00f3n<\/i><\/b><\/p><p>El equipo, junto al Ministerio de Vivienda y Urbanismo, adem\u00e1s de la Municipalidad de Macul, est\u00e1n evaluando la factibilidad de postular a proyectos de micro radicaci\u00f3n que comprenden la construcci\u00f3n en sitio propio y peque\u00f1o condominio, esto como estrategia para subsanar el hacinamiento, adem\u00e1s de mejorar las viviendas.<\/p>\t\t\t\t\t\t\t\t<\/div>\n\t\t\t\t<\/div>\n\t\t\t\t<div class=\"elementor-element elementor-element-25461bd elementor-widget elementor-widget-heading\" data-id=\"25461bd\" data-element_type=\"widget\" data-e-type=\"widget\" data-widget_type=\"heading.default\">\n\t\t\t\t<div class=\"elementor-widget-container\">\n\t\t\t\t\t<h2 class=\"elementor-heading-title elementor-size-default\">Agenda Futura<\/h2>\t\t\t\t<\/div>\n\t\t\t\t<\/div>\n\t\t\t\t<div class=\"elementor-element elementor-element-4a563f3 elementor-widget elementor-widget-text-editor\" data-id=\"4a563f3\" data-element_type=\"widget\" data-e-type=\"widget\" data-widget_type=\"text-editor.default\">\n\t\t\t\t<div class=\"elementor-widget-container\">\n\t\t\t\t\t\t\t\t\t<p><span style=\"color: var( --e-global-color-text );\"><b><i>Proyecto Calle 2 &#8211; Reposici\u00f3n Acera Norte<\/i><\/b><\/span><\/p><p>Se plantea la renovaci\u00f3n de la acera norte de Calle 2, la idea es dar un orden espacial y arm\u00f3nico dotando de zonas que promuevan el buen uso del espacio p\u00fablico, de esta manera se propone implementar una nueva vereda y acceso vehicular a las viviendas que lo requieren, adem\u00e1s de estacionamientos dentro de la platabanda para despejar la calle. Por otro lado, la creaci\u00f3n de \u00e1reas de encuentro rodeadas de paisajismo.<\/p>\t\t\t\t\t\t\t\t<\/div>\n\t\t\t\t<\/div>\n\t\t\t\t\t<\/div>\n\t\t<\/div>\n\t\t\t\t<div class=\"has_eae_slider elementor-column elementor-col-33 elementor-top-column elementor-element elementor-element-2ffe58a\" data-eae-slider=\"96349\" data-id=\"2ffe58a\" data-element_type=\"column\" data-e-type=\"column\" data-settings=\"{&quot;background_background&quot;:&quot;classic&quot;}\">\n\t\t\t<div class=\"elementor-widget-wrap\">\n\t\t\t\t\t\t\t<\/div>\n\t\t<\/div>\n\t\t\t\t\t<\/div>\n\t\t<\/section>\n\t\t\t\t<\/div>\n\t\t","protected":false},"excerpt":{"rendered":"<p>PROGRAMA QUIERO MI BARRIO \/ VILLA CAUPOLIC\u00c1N &#8211; LAS TORRES NUESTROS PROYECTOS Plan Maestro El Plan Maestro es un instrumento socio-urbano que otorga una serie de pautas, con objetivos e hitos, que se desarrollan en un determinado espacio y tiempo. Este organiza el trabajo y la acci\u00f3n del programa en el barrio, adem\u00e1s de generar &#8230; <\/p>\n<p class=\"read-more-container\"><a title=\"Quiero Mi Barrio &#8211; Nuestros Proyectos\" class=\"read-more button\" href=\"https:\/\/www.munimacul.cl\/portalnv\/index.php\/quiero-mi-barrio-nuestros-proyectos\/#more-30400\" aria-label=\"Leer m\u00e1s sobre Quiero Mi Barrio &#8211; Nuestros Proyectos\">Read more<\/a><\/p>\n","protected":false},"author":1,"featured_media":0,"parent":0,"menu_order":0,"comment_status":"closed","ping_status":"closed","template":"elementor_header_footer","meta":{"footnotes":""},"class_list":["post-30400","page","type-page","status-publish"],"_links":{"self":[{"href":"https:\/\/www.munimacul.cl\/portalnv\/index.php\/wp-json\/wp\/v2\/pages\/30400","targetHints":{"allow":["GET"]}}],"collection":[{"href":"https:\/\/www.munimacul.cl\/portalnv\/index.php\/wp-json\/wp\/v2\/pages"}],"about":[{"href":"https:\/\/www.munimacul.cl\/portalnv\/index.php\/wp-json\/wp\/v2\/types\/page"}],"author":[{"embeddable":true,"href":"https:\/\/www.munimacul.cl\/portalnv\/index.php\/wp-json\/wp\/v2\/users\/1"}],"replies":[{"embeddable":true,"href":"https:\/\/www.munimacul.cl\/portalnv\/index.php\/wp-json\/wp\/v2\/comments?post=30400"}],"version-history":[{"count":109,"href":"https:\/\/www.munimacul.cl\/portalnv\/index.php\/wp-json\/wp\/v2\/pages\/30400\/revisions"}],"predecessor-version":[{"id":36821,"href":"https:\/\/www.munimacul.cl\/portalnv\/index.php\/wp-json\/wp\/v2\/pages\/30400\/revisions\/36821"}],"wp:attachment":[{"href":"https:\/\/www.munimacul.cl\/portalnv\/index.php\/wp-json\/wp\/v2\/media?parent=30400"}],"curies":[{"name":"wp","href":"https:\/\/api.w.org\/{rel}","templated":true}]}}